{"id":213,"date":"2024-05-14T12:03:18","date_gmt":"2024-05-14T10:03:18","guid":{"rendered":"https:\/\/www.gmkunstraum.de\/rg\/?page_id=213"},"modified":"2024-11-28T08:37:50","modified_gmt":"2024-11-28T07:37:50","slug":"veroeffentlichungen","status":"publish","type":"page","link":"https:\/\/www.gmkunstraum.de\/rg\/veroeffentlichungen\/","title":{"rendered":"Ver\u00f6ffentlichungen"},"content":{"rendered":"\t\t<div data-elementor-type=\"wp-page\" data-elementor-id=\"213\" class=\"elementor elementor-213\">\n\t\t\t\t<div class=\"elementor-element elementor-element-79ffde2 e-flex e-con-boxed wpr-particle-no wpr-jarallax-no wpr-parallax-no wpr-sticky-section-no e-con e-parent\" data-id=\"79ffde2\" data-element_type=\"container\">\n\t\t\t\t\t<div class=\"e-con-inner\">\n\t\t\t\t<div class=\"elementor-element elementor-element-5082137 elementor-widget elementor-widget-heading\" data-id=\"5082137\" data-element_type=\"widget\" data-widget_type=\"heading.default\">\n\t\t\t\t<div class=\"elementor-widget-container\">\n\t\t\t\t\t<h2 class=\"elementor-heading-title elementor-size-default\">Ver\u00f6ffentlichungen und Rezensionen<\/h2>\t\t\t\t<\/div>\n\t\t\t\t<\/div>\n\t\t\t\t\t<\/div>\n\t\t\t\t<\/div>\n\t\t<div class=\"elementor-element elementor-element-14172a5 e-flex e-con-boxed wpr-particle-no wpr-jarallax-no wpr-parallax-no wpr-sticky-section-no e-con e-parent\" data-id=\"14172a5\" data-element_type=\"container\">\n\t\t\t\t\t<div class=\"e-con-inner\">\n\t\t<div class=\"elementor-element elementor-element-c6b22fd e-con-full e-flex wpr-particle-no wpr-jarallax-no wpr-parallax-no wpr-sticky-section-no e-con e-child\" data-id=\"c6b22fd\" data-element_type=\"container\" data-settings=\"{&quot;background_background&quot;:&quot;classic&quot;}\">\n\t\t<div class=\"elementor-element elementor-element-72d35e2 e-con-full e-flex wpr-particle-no wpr-jarallax-no wpr-parallax-no wpr-sticky-section-no e-con e-child\" data-id=\"72d35e2\" data-element_type=\"container\">\n\t\t\t\t<div class=\"elementor-element elementor-element-8a17b1b elementor-widget elementor-widget-image\" data-id=\"8a17b1b\" data-element_type=\"widget\" data-widget_type=\"image.default\">\n\t\t\t\t<div class=\"elementor-widget-container\">\n\t\t\t\t\t\t\t\t\t\t\t\t\t\t\t<img fetchpriority=\"high\" decoding=\"async\" width=\"701\" height=\"1024\" src=\"https:\/\/www.gmkunstraum.de\/rg\/wp-content\/uploads\/2024\/11\/tanzenwolke-701x1024.jpg\" class=\"attachment-large size-large wp-image-1179\" alt=\"\" srcset=\"https:\/\/www.gmkunstraum.de\/rg\/wp-content\/uploads\/2024\/11\/tanzenwolke-701x1024.jpg 701w, https:\/\/www.gmkunstraum.de\/rg\/wp-content\/uploads\/2024\/11\/tanzenwolke-205x300.jpg 205w, https:\/\/www.gmkunstraum.de\/rg\/wp-content\/uploads\/2024\/11\/tanzenwolke-768x1122.jpg 768w, https:\/\/www.gmkunstraum.de\/rg\/wp-content\/uploads\/2024\/11\/tanzenwolke-1052x1536.jpg 1052w, https:\/\/www.gmkunstraum.de\/rg\/wp-content\/uploads\/2024\/11\/tanzenwolke.jpg 1116w\" sizes=\"(max-width: 701px) 100vw, 701px\" \/>\t\t\t\t\t\t\t\t\t\t\t\t\t\t\t<\/div>\n\t\t\t\t<\/div>\n\t\t\t\t<div class=\"elementor-element elementor-element-567e4d8 elementor-widget elementor-widget-text-editor\" data-id=\"567e4d8\" data-element_type=\"widget\" data-widget_type=\"text-editor.default\">\n\t\t\t\t<div class=\"elementor-widget-container\">\n\t\t\t\t\t\t\t\t\t<p><strong><em>K\u00f6nnen Improvisatoren tanzen?<br \/><\/em><\/strong><\/p>\t\t\t\t\t\t\t\t<\/div>\n\t\t\t\t<\/div>\n\t\t\t\t<\/div>\n\t\t<div class=\"elementor-element elementor-element-f5811d6 e-con-full e-flex wpr-particle-no wpr-jarallax-no wpr-parallax-no wpr-sticky-section-no e-con e-child\" data-id=\"f5811d6\" data-element_type=\"container\">\n\t\t\t\t<div class=\"elementor-element elementor-element-df13bf0 elementor-widget elementor-widget-text-editor\" data-id=\"df13bf0\" data-element_type=\"widget\" data-widget_type=\"text-editor.default\">\n\t\t\t\t<div class=\"elementor-widget-container\">\n\t\t\t\t\t\t\t\t\t<p>Gagel, Reinhard \/ Joachim Zoepf (Hg.)<\/p><p><strong>K\u00f6nnen Improvisatoren tanzen?<br \/><\/strong>mit CD<\/p><p>Rubrik: B\u00fccher<br \/>Verlag: Wolke, Hofheim 2003<\/p><p>Was trennt und was verbindet die improvisierte Musik mit der komponierten Musik? Welchen Platz hat die sie in der zeitgen\u00f6ssischen Kunstpraxis? Mit welchen k\u00fcnstlerischen Strategien improvisieren die Musikerinnen und Musiker?<\/p><p><a href=\"https:\/\/www.gmkunstraum.de\/rg\/wp-content\/uploads\/2024\/11\/rezension_Tanzen.pdf\" target=\"_blank\" rel=\"noopener\">Rezension (pdf)<\/a><\/p>\t\t\t\t\t\t\t\t<\/div>\n\t\t\t\t<\/div>\n\t\t\t\t<\/div>\n\t\t\t\t<\/div>\n\t\t\t\t\t<\/div>\n\t\t\t\t<\/div>\n\t\t<div class=\"elementor-element elementor-element-6c890c4 e-flex e-con-boxed wpr-particle-no wpr-jarallax-no wpr-parallax-no wpr-sticky-section-no e-con e-parent\" data-id=\"6c890c4\" data-element_type=\"container\">\n\t\t\t\t\t<div class=\"e-con-inner\">\n\t\t<div class=\"elementor-element elementor-element-08dd6ab e-con-full e-flex wpr-particle-no wpr-jarallax-no wpr-parallax-no wpr-sticky-section-no e-con e-child\" data-id=\"08dd6ab\" data-element_type=\"container\">\n\t\t<div class=\"elementor-element elementor-element-571d4ce e-con-full e-flex wpr-particle-no wpr-jarallax-no wpr-parallax-no wpr-sticky-section-no e-con e-child\" data-id=\"571d4ce\" data-element_type=\"container\">\n\t\t\t\t<div class=\"elementor-element elementor-element-d9189dd elementor-widget elementor-widget-image\" data-id=\"d9189dd\" data-element_type=\"widget\" data-widget_type=\"image.default\">\n\t\t\t\t<div class=\"elementor-widget-container\">\n\t\t\t\t\t\t\t\t\t\t\t\t\t\t\t<img decoding=\"async\" width=\"704\" height=\"993\" src=\"https:\/\/www.gmkunstraum.de\/rg\/wp-content\/uploads\/2024\/11\/Improvisation_als_soziale_kunst_b72.png\" class=\"attachment-large size-large wp-image-1205\" alt=\"\" srcset=\"https:\/\/www.gmkunstraum.de\/rg\/wp-content\/uploads\/2024\/11\/Improvisation_als_soziale_kunst_b72.png 704w, https:\/\/www.gmkunstraum.de\/rg\/wp-content\/uploads\/2024\/11\/Improvisation_als_soziale_kunst_b72-213x300.png 213w\" sizes=\"(max-width: 704px) 100vw, 704px\" \/>\t\t\t\t\t\t\t\t\t\t\t\t\t\t\t<\/div>\n\t\t\t\t<\/div>\n\t\t\t\t<div class=\"elementor-element elementor-element-ac7b115 elementor-widget elementor-widget-text-editor\" data-id=\"ac7b115\" data-element_type=\"widget\" data-widget_type=\"text-editor.default\">\n\t\t\t\t<div class=\"elementor-widget-container\">\n\t\t\t\t\t\t\t\t\t<p><strong><em>Improvisation als soziale Kunst<br \/><\/em><\/strong><\/p>\t\t\t\t\t\t\t\t<\/div>\n\t\t\t\t<\/div>\n\t\t\t\t<\/div>\n\t\t<div class=\"elementor-element elementor-element-3d17077 e-con-full e-flex wpr-particle-no wpr-jarallax-no wpr-parallax-no wpr-sticky-section-no e-con e-child\" data-id=\"3d17077\" data-element_type=\"container\">\n\t\t\t\t<div class=\"elementor-element elementor-element-4115e66 elementor-widget elementor-widget-text-editor\" data-id=\"4115e66\" data-element_type=\"widget\" data-widget_type=\"text-editor.default\">\n\t\t\t\t<div class=\"elementor-widget-container\">\n\t\t\t\t\t\t\t\t\t<p>Gagel, Reinhard<\/p><p><strong>Improvisation als soziale Kunst<br \/><\/strong>\u00dcberlegungen zum k\u00fcnstlerischen und didaktischen Umgang mit improvisatorischer Kreativit\u00e4t<\/p><p>Rubrik: B\u00fccher<br \/>Verlag: Schott, Mainz 2010<\/p><p>Musikdidaktische Forschung. Warum funktioniert Ensemble-Improvisieren? Beschrieben wird Ensembleimprovisation aus allgemeiner Sicht\u00a0 und mit systemischem Ansatz: Themen sind u.a. musikalische Kommunikation, Selbstorganisation; Emergenz ( es tauchen Figuren aus dem Nichts auf), Unterrichtsmodelle, didaktische \u00dcberlegungen, kulturelle Modelle. Grundlegendes Buch f\u00fcr die Besch\u00e4ftigung mit Improvisieren und dem improvisierenden Unterrichten.<\/p><p><a href=\"https:\/\/www.gmkunstraum.de\/rg\/wp-content\/uploads\/2024\/11\/Rezension_Improvisation_als_soziale_Kunst.pdf\" target=\"_blank\" rel=\"noopener\">Rezension (pdf)<\/a><\/p>\t\t\t\t\t\t\t\t<\/div>\n\t\t\t\t<\/div>\n\t\t\t\t<\/div>\n\t\t\t\t<\/div>\n\t\t\t\t\t<\/div>\n\t\t\t\t<\/div>\n\t\t<div class=\"elementor-element elementor-element-835875b e-flex e-con-boxed wpr-particle-no wpr-jarallax-no wpr-parallax-no wpr-sticky-section-no e-con e-parent\" data-id=\"835875b\" data-element_type=\"container\">\n\t\t\t\t\t<div class=\"e-con-inner\">\n\t\t<div class=\"elementor-element elementor-element-fde7174 e-con-full e-flex wpr-particle-no wpr-jarallax-no wpr-parallax-no wpr-sticky-section-no e-con e-child\" data-id=\"fde7174\" data-element_type=\"container\">\n\t\t<div class=\"elementor-element elementor-element-6b4fbfe e-con-full e-flex wpr-particle-no wpr-jarallax-no wpr-parallax-no wpr-sticky-section-no e-con e-child\" data-id=\"6b4fbfe\" data-element_type=\"container\" data-settings=\"{&quot;background_background&quot;:&quot;classic&quot;}\">\n\t\t<div class=\"elementor-element elementor-element-d1149a2 e-con-full e-flex wpr-particle-no wpr-jarallax-no wpr-parallax-no wpr-sticky-section-no e-con e-child\" data-id=\"d1149a2\" data-element_type=\"container\">\n\t\t\t\t<div class=\"elementor-element elementor-element-5709302 elementor-widget elementor-widget-image\" data-id=\"5709302\" data-element_type=\"widget\" data-widget_type=\"image.default\">\n\t\t\t\t<div class=\"elementor-widget-container\">\n\t\t\t\t\t\t\t\t\t\t\t\t\t\t\t<img decoding=\"async\" width=\"658\" height=\"1024\" src=\"https:\/\/www.gmkunstraum.de\/rg\/wp-content\/uploads\/2024\/11\/Scanimproforschentranskript-658x1024.jpg\" class=\"attachment-large size-large wp-image-1181\" alt=\"\" srcset=\"https:\/\/www.gmkunstraum.de\/rg\/wp-content\/uploads\/2024\/11\/Scanimproforschentranskript-658x1024.jpg 658w, https:\/\/www.gmkunstraum.de\/rg\/wp-content\/uploads\/2024\/11\/Scanimproforschentranskript-193x300.jpg 193w, https:\/\/www.gmkunstraum.de\/rg\/wp-content\/uploads\/2024\/11\/Scanimproforschentranskript-768x1196.jpg 768w, https:\/\/www.gmkunstraum.de\/rg\/wp-content\/uploads\/2024\/11\/Scanimproforschentranskript-987x1536.jpg 987w, https:\/\/www.gmkunstraum.de\/rg\/wp-content\/uploads\/2024\/11\/Scanimproforschentranskript.jpg 1128w\" sizes=\"(max-width: 658px) 100vw, 658px\" \/>\t\t\t\t\t\t\t\t\t\t\t\t\t\t\t<\/div>\n\t\t\t\t<\/div>\n\t\t\t\t<div class=\"elementor-element elementor-element-1272f93 elementor-widget elementor-widget-text-editor\" data-id=\"1272f93\" data-element_type=\"widget\" data-widget_type=\"text-editor.default\">\n\t\t\t\t<div class=\"elementor-widget-container\">\n\t\t\t\t\t\t\t\t\t<p><strong><em>Improvisation erforschen &#8211; improvisierend forschen<br \/><\/em><\/strong><\/p>\t\t\t\t\t\t\t\t<\/div>\n\t\t\t\t<\/div>\n\t\t\t\t<\/div>\n\t\t<div class=\"elementor-element elementor-element-d28b8ff e-con-full e-flex wpr-particle-no wpr-jarallax-no wpr-parallax-no wpr-sticky-section-no e-con e-child\" data-id=\"d28b8ff\" data-element_type=\"container\">\n\t\t\t\t<div class=\"elementor-element elementor-element-1823190 elementor-widget elementor-widget-text-editor\" data-id=\"1823190\" data-element_type=\"widget\" data-widget_type=\"text-editor.default\">\n\t\t\t\t<div class=\"elementor-widget-container\">\n\t\t\t\t\t\t\t\t\t<p><em>Reinhard Gagel \/ Matthias Schwabe (Hg.\/eds.)<\/em><\/p><p><strong><em>Improvisation erforschen \u2013 improvisierend forschen<br \/><\/em><em>Researching<\/em><em> Improvisation \u2013 <\/em><em>Researching<\/em> <em>by<\/em><em> Improvisation.<br \/><\/em><\/strong><em>Beitr\u00e4ge zur Exploration musikalischer Improvisation \/ <br \/><\/em><em>Essays About <\/em><em>the<\/em><em> Exploration <\/em><em>of<\/em><em> Musical Improvisation.<\/em><\/p><p>Transcript Verlag Bielefeld 2016.<\/p><p>Forschungsbericht des Symposium 2014 im Exploratorium Berlin.<\/p>\t\t\t\t\t\t\t\t<\/div>\n\t\t\t\t<\/div>\n\t\t\t\t<\/div>\n\t\t\t\t<\/div>\n\t\t\t\t<\/div>\n\t\t\t\t\t<\/div>\n\t\t\t\t<\/div>\n\t\t<div class=\"elementor-element elementor-element-1cea46a e-flex e-con-boxed wpr-particle-no wpr-jarallax-no wpr-parallax-no wpr-sticky-section-no e-con e-parent\" data-id=\"1cea46a\" data-element_type=\"container\">\n\t\t\t\t\t<div class=\"e-con-inner\">\n\t\t<div class=\"elementor-element elementor-element-2464e10 e-con-full e-flex wpr-particle-no wpr-jarallax-no wpr-parallax-no wpr-sticky-section-no e-con e-child\" data-id=\"2464e10\" data-element_type=\"container\">\n\t\t<div class=\"elementor-element elementor-element-128c57e e-con-full e-flex wpr-particle-no wpr-jarallax-no wpr-parallax-no wpr-sticky-section-no e-con e-child\" data-id=\"128c57e\" data-element_type=\"container\">\n\t\t<div class=\"elementor-element elementor-element-836e8f3 e-con-full e-flex wpr-particle-no wpr-jarallax-no wpr-parallax-no wpr-sticky-section-no e-con e-child\" data-id=\"836e8f3\" data-element_type=\"container\">\n\t\t\t\t<div class=\"elementor-element elementor-element-8719b5a elementor-widget elementor-widget-image\" data-id=\"8719b5a\" data-element_type=\"widget\" data-widget_type=\"image.default\">\n\t\t\t\t<div class=\"elementor-widget-container\">\n\t\t\t\t\t\t\t\t\t\t\t\t\t\t\t<img loading=\"lazy\" decoding=\"async\" width=\"744\" height=\"1024\" src=\"https:\/\/www.gmkunstraum.de\/rg\/wp-content\/uploads\/2024\/11\/nachtmahreschott-744x1024.jpg\" class=\"attachment-large size-large wp-image-1180\" alt=\"\" srcset=\"https:\/\/www.gmkunstraum.de\/rg\/wp-content\/uploads\/2024\/11\/nachtmahreschott-744x1024.jpg 744w, https:\/\/www.gmkunstraum.de\/rg\/wp-content\/uploads\/2024\/11\/nachtmahreschott-218x300.jpg 218w, https:\/\/www.gmkunstraum.de\/rg\/wp-content\/uploads\/2024\/11\/nachtmahreschott-768x1057.jpg 768w, https:\/\/www.gmkunstraum.de\/rg\/wp-content\/uploads\/2024\/11\/nachtmahreschott-1116x1536.jpg 1116w, https:\/\/www.gmkunstraum.de\/rg\/wp-content\/uploads\/2024\/11\/nachtmahreschott-1487x2048.jpg 1487w, https:\/\/www.gmkunstraum.de\/rg\/wp-content\/uploads\/2024\/11\/nachtmahreschott.jpg 1698w\" sizes=\"(max-width: 744px) 100vw, 744px\" \/>\t\t\t\t\t\t\t\t\t\t\t\t\t\t\t<\/div>\n\t\t\t\t<\/div>\n\t\t\t\t<div class=\"elementor-element elementor-element-6382b9b elementor-widget elementor-widget-text-editor\" data-id=\"6382b9b\" data-element_type=\"widget\" data-widget_type=\"text-editor.default\">\n\t\t\t\t<div class=\"elementor-widget-container\">\n\t\t\t\t\t\t\t\t\t<p><strong><em>Tagtr\u00e4ume und Nachmahre<br \/><\/em><\/strong><\/p>\t\t\t\t\t\t\t\t<\/div>\n\t\t\t\t<\/div>\n\t\t\t\t<\/div>\n\t\t<div class=\"elementor-element elementor-element-4025511 e-con-full e-flex wpr-particle-no wpr-jarallax-no wpr-parallax-no wpr-sticky-section-no e-con e-child\" data-id=\"4025511\" data-element_type=\"container\">\n\t\t\t\t<div class=\"elementor-element elementor-element-82328d5 elementor-widget elementor-widget-text-editor\" data-id=\"82328d5\" data-element_type=\"widget\" data-widget_type=\"text-editor.default\">\n\t\t\t\t<div class=\"elementor-widget-container\">\n\t\t\t\t\t\t\t\t\t<p>Gagel, Reinhard<\/p><p><strong>Tagtr\u00e4ume und Nachtmahre<br \/><\/strong>Neun Klangbilder f\u00fcr Klavier mit Materialien zum Improvi\u00adsieren.<br \/>mit CD<\/p><p>Rubrik: Noten<br \/>Verlag: Breitkopf &amp; H\u00e4rtel, Wiesbaden 2011<\/p><p>\u00a0Klavierst\u00fccke und Improvisationen. Leichte bis mittelschwere Klavier-St\u00fccke und Improvisationsvorschl\u00e4ge.<\/p><p><em>Tagtr\u00e4ume und Nachtmahre<\/em> ist ein ungew\u00f6hnliches Klavierbuch. Man kann es so nehmen, wie es ist &#8211; dann spielt man sch\u00f6ne St\u00fccke. Aber es kann auch anders sein: pl\u00f6tzlich werden die St\u00fccke mit eigenen Improvisationen, mit tr\u00e4umerischen und aufregenden Kl\u00e4ngen angef\u00fcllt.<\/p><p><a href=\"https:\/\/www.gmkunstraum.de\/rg\/wp-content\/uploads\/2024\/11\/rezension_nachtmahr.pdf\" target=\"_blank\" rel=\"noopener\">Rezension (pdf)<\/a><\/p>\t\t\t\t\t\t\t\t<\/div>\n\t\t\t\t<\/div>\n\t\t\t\t<\/div>\n\t\t\t\t<\/div>\n\t\t\t\t<\/div>\n\t\t\t\t\t<\/div>\n\t\t\t\t<\/div>\n\t\t\t\t<\/div>\n\t\t","protected":false},"excerpt":{"rendered":"<p>Ver\u00f6ffentlichungen und Rezensionen K\u00f6nnen Improvisatoren tanzen? Gagel, Reinhard \/ Joachim Zoepf (Hg.) K\u00f6nnen Improvisatoren tanzen?mit CD Rubrik: B\u00fccherVerlag: Wolke, Hofheim 2003 Was trennt und was verbindet die improvisierte Musik mit der komponierten Musik? Welchen Platz hat die sie in der zeitgen\u00f6ssischen Kunstpraxis? Mit welchen k\u00fcnstlerischen Strategien improvisieren die Musikerinnen und Musiker? Rezension (pdf) Improvisation als soziale Kunst Gagel, Reinhard Improvisation als soziale Kunst\u00dcberlegungen zum k\u00fcnstlerischen und didaktischen Umgang mit improvisatorischer Kreativit\u00e4t Rubrik: B\u00fccherVerlag: Schott, Mainz 2010 Musikdidaktische Forschung. Warum funktioniert Ensemble-Improvisieren? Beschrieben wird Ensembleimprovisation aus allgemeiner Sicht\u00a0 und mit systemischem Ansatz: Themen sind u.a. musikalische Kommunikation, Selbstorganisation; Emergenz ( es tauchen Figuren aus dem Nichts auf), Unterrichtsmodelle, didaktische \u00dcberlegungen, kulturelle Modelle. Grundlegendes Buch f\u00fcr die Besch\u00e4ftigung mit Improvisieren und dem improvisierenden Unterrichten. Rezension (pdf) Improvisation erforschen &#8211; improvisierend forschen Reinhard Gagel \/ Matthias Schwabe (Hg.\/eds.) Improvisation erforschen \u2013 improvisierend forschenResearching Improvisation \u2013 Researching by Improvisation.Beitr\u00e4ge zur Exploration musikalischer Improvisation \/ Essays About the Exploration of Musical Improvisation. Transcript Verlag Bielefeld 2016. Forschungsbericht des Symposium 2014 im Exploratorium Berlin. Tagtr\u00e4ume und Nachmahre Gagel, Reinhard Tagtr\u00e4ume und NachtmahreNeun Klangbilder f\u00fcr Klavier mit Materialien zum Improvi\u00adsieren.mit CD Rubrik: NotenVerlag: Breitkopf &amp; H\u00e4rtel, Wiesbaden 2011 \u00a0Klavierst\u00fccke und Improvisationen. Leichte bis mittelschwere Klavier-St\u00fccke und Improvisationsvorschl\u00e4ge. Tagtr\u00e4ume und Nachtmahre ist ein ungew\u00f6hnliches Klavierbuch. Man kann es so nehmen, wie es ist &#8211; dann spielt man sch\u00f6ne St\u00fccke. Aber es kann auch anders sein: pl\u00f6tzlich werden die St\u00fccke mit eigenen Improvisationen, mit tr\u00e4umerischen und aufregenden Kl\u00e4ngen angef\u00fcllt. Rezension (pdf)<\/p>\n","protected":false},"author":1,"featured_media":0,"parent":0,"menu_order":0,"comment_status":"closed","ping_status":"closed","template":"","meta":{"ocean_post_layout":"","ocean_both_sidebars_style":"","ocean_both_sidebars_content_width":0,"ocean_both_sidebars_sidebars_width":0,"ocean_sidebar":"0","ocean_second_sidebar":"0","ocean_disable_margins":"enable","ocean_add_body_class":"","ocean_shortcode_before_top_bar":"","ocean_shortcode_after_top_bar":"","ocean_shortcode_before_header":"","ocean_shortcode_after_header":"","ocean_has_shortcode":"","ocean_shortcode_after_title":"","ocean_shortcode_before_footer_widgets":"","ocean_shortcode_after_footer_widgets":"","ocean_shortcode_before_footer_bottom":"","ocean_shortcode_after_footer_bottom":"","ocean_display_top_bar":"default","ocean_display_header":"default","ocean_header_style":"","ocean_center_header_left_menu":"0","ocean_custom_header_template":"0","ocean_custom_logo":0,"ocean_custom_retina_logo":0,"ocean_custom_logo_max_width":0,"ocean_custom_logo_tablet_max_width":0,"ocean_custom_logo_mobile_max_width":0,"ocean_custom_logo_max_height":0,"ocean_custom_logo_tablet_max_height":0,"ocean_custom_logo_mobile_max_height":0,"ocean_header_custom_menu":"0","ocean_menu_typo_font_family":"0","ocean_menu_typo_font_subset":"","ocean_menu_typo_font_size":0,"ocean_menu_typo_font_size_tablet":0,"ocean_menu_typo_font_size_mobile":0,"ocean_menu_typo_font_size_unit":"px","ocean_menu_typo_font_weight":"","ocean_menu_typo_font_weight_tablet":"","ocean_menu_typo_font_weight_mobile":"","ocean_menu_typo_transform":"","ocean_menu_typo_transform_tablet":"","ocean_menu_typo_transform_mobile":"","ocean_menu_typo_line_height":0,"ocean_menu_typo_line_height_tablet":0,"ocean_menu_typo_line_height_mobile":0,"ocean_menu_typo_line_height_unit":"","ocean_menu_typo_spacing":0,"ocean_menu_typo_spacing_tablet":0,"ocean_menu_typo_spacing_mobile":0,"ocean_menu_typo_spacing_unit":"","ocean_menu_link_color":"","ocean_menu_link_color_hover":"","ocean_menu_link_color_active":"","ocean_menu_link_background":"","ocean_menu_link_hover_background":"","ocean_menu_link_active_background":"","ocean_menu_social_links_bg":"","ocean_menu_social_hover_links_bg":"","ocean_menu_social_links_color":"","ocean_menu_social_hover_links_color":"","ocean_disable_title":"default","ocean_disable_heading":"default","ocean_post_title":"","ocean_post_subheading":"","ocean_post_title_style":"","ocean_post_title_background_color":"","ocean_post_title_background":0,"ocean_post_title_bg_image_position":"","ocean_post_title_bg_image_attachment":"","ocean_post_title_bg_image_repeat":"","ocean_post_title_bg_image_size":"","ocean_post_title_height":0,"ocean_post_title_bg_overlay":0.5,"ocean_post_title_bg_overlay_color":"","ocean_disable_breadcrumbs":"default","ocean_breadcrumbs_color":"","ocean_breadcrumbs_separator_color":"","ocean_breadcrumbs_links_color":"","ocean_breadcrumbs_links_hover_color":"","ocean_display_footer_widgets":"default","ocean_display_footer_bottom":"default","ocean_custom_footer_template":"0","footnotes":""},"class_list":["post-213","page","type-page","status-publish","hentry","entry"],"_links":{"self":[{"href":"https:\/\/www.gmkunstraum.de\/rg\/wp-json\/wp\/v2\/pages\/213","targetHints":{"allow":["GET"]}}],"collection":[{"href":"https:\/\/www.gmkunstraum.de\/rg\/wp-json\/wp\/v2\/pages"}],"about":[{"href":"https:\/\/www.gmkunstraum.de\/rg\/wp-json\/wp\/v2\/types\/page"}],"author":[{"embeddable":true,"href":"https:\/\/www.gmkunstraum.de\/rg\/wp-json\/wp\/v2\/users\/1"}],"replies":[{"embeddable":true,"href":"https:\/\/www.gmkunstraum.de\/rg\/wp-json\/wp\/v2\/comments?post=213"}],"version-history":[{"count":72,"href":"https:\/\/www.gmkunstraum.de\/rg\/wp-json\/wp\/v2\/pages\/213\/revisions"}],"predecessor-version":[{"id":1251,"href":"https:\/\/www.gmkunstraum.de\/rg\/wp-json\/wp\/v2\/pages\/213\/revisions\/1251"}],"wp:attachment":[{"href":"https:\/\/www.gmkunstraum.de\/rg\/wp-json\/wp\/v2\/media?parent=213"}],"curies":[{"name":"wp","href":"https:\/\/api.w.org\/{rel}","templated":true}]}}