{"id":141,"date":"2024-05-14T09:02:56","date_gmt":"2024-05-14T07:02:56","guid":{"rendered":"https:\/\/www.gmkunstraum.de\/rg\/?page_id=141"},"modified":"2024-09-02T08:34:56","modified_gmt":"2024-09-02T06:34:56","slug":"malerei","status":"publish","type":"page","link":"https:\/\/www.gmkunstraum.de\/rg\/malerei\/","title":{"rendered":"Bilder"},"content":{"rendered":"\t\t<div data-elementor-type=\"wp-page\" data-elementor-id=\"141\" class=\"elementor elementor-141\">\n\t\t\t\t<div class=\"elementor-element elementor-element-a7ac918 e-flex e-con-boxed wpr-particle-no wpr-jarallax-no wpr-parallax-no wpr-sticky-section-no e-con e-parent\" data-id=\"a7ac918\" data-element_type=\"container\">\n\t\t\t\t\t<div class=\"e-con-inner\">\n\t\t\t\t<div class=\"elementor-element elementor-element-521df60 elementor-widget elementor-widget-heading\" data-id=\"521df60\" data-element_type=\"widget\" data-widget_type=\"heading.default\">\n\t\t\t\t<div class=\"elementor-widget-container\">\n\t\t\t\t\t<h2 class=\"elementor-heading-title elementor-size-default\">Topografien - Ausstellungsprojekt 2023<\/h2>\t\t\t\t<\/div>\n\t\t\t\t<\/div>\n\t\t\t\t\t<\/div>\n\t\t\t\t<\/div>\n\t\t<div class=\"elementor-element elementor-element-f6d7fbe e-flex e-con-boxed wpr-particle-no wpr-jarallax-no wpr-parallax-no wpr-sticky-section-no e-con e-parent\" data-id=\"f6d7fbe\" data-element_type=\"container\">\n\t\t\t\t\t<div class=\"e-con-inner\">\n\t\t\t\t<div class=\"elementor-element elementor-element-1161b1a elementor-widget elementor-widget-video\" data-id=\"1161b1a\" data-element_type=\"widget\" data-settings=\"{&quot;youtube_url&quot;:&quot;https:\\\/\\\/youtu.be\\\/dkrCc60Zays&quot;,&quot;video_type&quot;:&quot;youtube&quot;,&quot;controls&quot;:&quot;yes&quot;}\" data-widget_type=\"video.default\">\n\t\t\t\t<div class=\"elementor-widget-container\">\n\t\t\t\t\t\t\t<div class=\"elementor-wrapper elementor-open-inline\">\n\t\t\t<div class=\"elementor-video\"><\/div>\t\t<\/div>\n\t\t\t\t\t\t<\/div>\n\t\t\t\t<\/div>\n\t\t\t\t<div class=\"elementor-element elementor-element-9e9d40a elementor-widget elementor-widget-text-editor\" data-id=\"9e9d40a\" data-element_type=\"widget\" data-widget_type=\"text-editor.default\">\n\t\t\t\t<div class=\"elementor-widget-container\">\n\t\t\t\t\t\t\t\t\t<p><strong>Ausstellungsfilm Topografien<br \/><\/strong>Reinhard Gagel<br \/>Bilder, digitale Grafik und Videos.<\/p><p>Ausstellung in RWN ART Kunst.<br \/>Am Hafen Neubrandenburg.<br \/>1.10. &#8211; 7.10.2023<\/p><p>Als Topografien bezeichnet Reinhard Gagel die bildnerischen Werken, in denen Vielschichtigkeit durch \u00dcberlagerung, \u00dcbermalungen und \u00dcberblendung verschiedener Materialien und Bildebenen wesentliches Gestaltungsmerkmal ist. Die zeigt werden gro\u00dfformatige Bilder auf Leinwand, Objekte, digitale Grafik und Film arbeiten.<\/p>\t\t\t\t\t\t\t\t<\/div>\n\t\t\t\t<\/div>\n\t\t\t\t<div class=\"elementor-element elementor-element-69f3cdd elementor-widget elementor-widget-heading\" data-id=\"69f3cdd\" data-element_type=\"widget\" data-widget_type=\"heading.default\">\n\t\t\t\t<div class=\"elementor-widget-container\">\n\t\t\t\t\t<h2 class=\"elementor-heading-title elementor-size-default\">Unschreiben\neine Ausstellung im K-Salon Kreuzberg vom 17.12.21 bis 9.1.22<\/h2>\t\t\t\t<\/div>\n\t\t\t\t<\/div>\n\t\t\t\t\t<\/div>\n\t\t\t\t<\/div>\n\t\t<div class=\"elementor-element elementor-element-acb5e4a e-flex e-con-boxed wpr-particle-no wpr-jarallax-no wpr-parallax-no wpr-sticky-section-no e-con e-parent\" data-id=\"acb5e4a\" data-element_type=\"container\">\n\t\t\t\t\t<div class=\"e-con-inner\">\n\t\t<div class=\"elementor-element elementor-element-b00efb2 e-grid e-con-boxed wpr-particle-no wpr-jarallax-no wpr-parallax-no wpr-sticky-section-no e-con e-child\" data-id=\"b00efb2\" data-element_type=\"container\">\n\t\t\t\t\t<div class=\"e-con-inner\">\n\t\t\t\t<div class=\"elementor-element elementor-element-e064b37 elementor-widget elementor-widget-image\" data-id=\"e064b37\" data-element_type=\"widget\" data-widget_type=\"image.default\">\n\t\t\t\t<div class=\"elementor-widget-container\">\n\t\t\t\t\t\t\t\t\t\t\t\t\t\t\t<img fetchpriority=\"high\" decoding=\"async\" width=\"640\" height=\"480\" src=\"https:\/\/www.gmkunstraum.de\/rg\/wp-content\/uploads\/2024\/05\/IMG_4874.jpg\" class=\"attachment-large size-large wp-image-163\" alt=\"\" srcset=\"https:\/\/www.gmkunstraum.de\/rg\/wp-content\/uploads\/2024\/05\/IMG_4874.jpg 640w, https:\/\/www.gmkunstraum.de\/rg\/wp-content\/uploads\/2024\/05\/IMG_4874-300x225.jpg 300w\" sizes=\"(max-width: 640px) 100vw, 640px\" \/>\t\t\t\t\t\t\t\t\t\t\t\t\t\t\t<\/div>\n\t\t\t\t<\/div>\n\t\t\t\t<div class=\"elementor-element elementor-element-f29b718 elementor-widget elementor-widget-image\" data-id=\"f29b718\" data-element_type=\"widget\" data-widget_type=\"image.default\">\n\t\t\t\t<div class=\"elementor-widget-container\">\n\t\t\t\t\t\t\t\t\t\t\t\t\t\t\t<img decoding=\"async\" width=\"640\" height=\"480\" src=\"https:\/\/www.gmkunstraum.de\/rg\/wp-content\/uploads\/2024\/05\/IMG_4873.jpg\" class=\"attachment-large size-large wp-image-162\" alt=\"\" srcset=\"https:\/\/www.gmkunstraum.de\/rg\/wp-content\/uploads\/2024\/05\/IMG_4873.jpg 640w, https:\/\/www.gmkunstraum.de\/rg\/wp-content\/uploads\/2024\/05\/IMG_4873-300x225.jpg 300w\" sizes=\"(max-width: 640px) 100vw, 640px\" \/>\t\t\t\t\t\t\t\t\t\t\t\t\t\t\t<\/div>\n\t\t\t\t<\/div>\n\t\t\t\t<div class=\"elementor-element elementor-element-17790ad elementor-widget elementor-widget-image\" data-id=\"17790ad\" data-element_type=\"widget\" data-widget_type=\"image.default\">\n\t\t\t\t<div class=\"elementor-widget-container\">\n\t\t\t\t\t\t\t\t\t\t\t\t\t\t\t<img decoding=\"async\" width=\"640\" height=\"480\" src=\"https:\/\/www.gmkunstraum.de\/rg\/wp-content\/uploads\/2024\/05\/IMG_4872.jpg\" class=\"attachment-large size-large wp-image-161\" alt=\"\" srcset=\"https:\/\/www.gmkunstraum.de\/rg\/wp-content\/uploads\/2024\/05\/IMG_4872.jpg 640w, https:\/\/www.gmkunstraum.de\/rg\/wp-content\/uploads\/2024\/05\/IMG_4872-300x225.jpg 300w\" sizes=\"(max-width: 640px) 100vw, 640px\" \/>\t\t\t\t\t\t\t\t\t\t\t\t\t\t\t<\/div>\n\t\t\t\t<\/div>\n\t\t\t\t<div class=\"elementor-element elementor-element-6382db2 elementor-widget elementor-widget-image\" data-id=\"6382db2\" data-element_type=\"widget\" data-widget_type=\"image.default\">\n\t\t\t\t<div class=\"elementor-widget-container\">\n\t\t\t\t\t\t\t\t\t\t\t\t\t\t\t<img loading=\"lazy\" decoding=\"async\" width=\"640\" height=\"480\" src=\"https:\/\/www.gmkunstraum.de\/rg\/wp-content\/uploads\/2024\/05\/IMG_4871.jpg\" class=\"attachment-large size-large wp-image-160\" alt=\"\" srcset=\"https:\/\/www.gmkunstraum.de\/rg\/wp-content\/uploads\/2024\/05\/IMG_4871.jpg 640w, https:\/\/www.gmkunstraum.de\/rg\/wp-content\/uploads\/2024\/05\/IMG_4871-300x225.jpg 300w\" sizes=\"(max-width: 640px) 100vw, 640px\" \/>\t\t\t\t\t\t\t\t\t\t\t\t\t\t\t<\/div>\n\t\t\t\t<\/div>\n\t\t\t\t\t<\/div>\n\t\t\t\t<\/div>\n\t\t\t\t<div class=\"elementor-element elementor-element-9c44d32 elementor-widget elementor-widget-text-editor\" data-id=\"9c44d32\" data-element_type=\"widget\" data-widget_type=\"text-editor.default\">\n\t\t\t\t<div class=\"elementor-widget-container\">\n\t\t\t\t\t\t\t\t\t<p>Unschreiben ist eine Wortsch\u00f6pfung, die der K\u00fcnstler und Musiker Reinhard Gagel f\u00fcr sein k\u00fcnstlerisches Projekt \u00fcber das Schreiben erfunden hat. Es geht um ein Schreiben, das ausufert und verl\u00e4uft, in Wiederholungen kreist, durch eine St\u00f6rung defekt wird und so zwischen Bild und Text hin und her driftet.<\/p><p>Vernissage: 17.12.2021 um 18 Uhr<br \/>Er\u00f6ffnungsperformance: Conny Voss und Gudrun Doberenz, Stimme.<br \/>Finissage am 9.1.2022 um 16 Uhr<br \/>\u00d6ffnungszeiten:<br \/>18.\/19.12.2021, 11 &#8211; 17 Uhr 8.\/9.1.2022, 11 &#8211; 17 Uhr<br \/>Und nach Vereinbarung unter 0176 59974443<\/p><p>Projektraum K-Salon, Bergmannstr. 54, 10961 Berlin<br \/>Info unter: 017659974443<\/p>\t\t\t\t\t\t\t\t<\/div>\n\t\t\t\t<\/div>\n\t\t\t\t<div class=\"elementor-element elementor-element-d060ee0 elementor-widget elementor-widget-heading\" data-id=\"d060ee0\" data-element_type=\"widget\" data-widget_type=\"heading.default\">\n\t\t\t\t<div class=\"elementor-widget-container\">\n\t\t\t\t\t<h2 class=\"elementor-heading-title elementor-size-default\">Unschreiben - Ausstellungsfilm von Reinhard Gagel (Januar 2022)<\/h2>\t\t\t\t<\/div>\n\t\t\t\t<\/div>\n\t\t\t\t<div class=\"elementor-element elementor-element-5e69784 elementor-widget elementor-widget-video\" data-id=\"5e69784\" data-element_type=\"widget\" data-settings=\"{&quot;youtube_url&quot;:&quot;https:\\\/\\\/youtu.be\\\/9d2mVqS3LjI&quot;,&quot;video_type&quot;:&quot;youtube&quot;,&quot;controls&quot;:&quot;yes&quot;}\" data-widget_type=\"video.default\">\n\t\t\t\t<div class=\"elementor-widget-container\">\n\t\t\t\t\t\t\t<div class=\"elementor-wrapper elementor-open-inline\">\n\t\t\t<div class=\"elementor-video\"><\/div>\t\t<\/div>\n\t\t\t\t\t\t<\/div>\n\t\t\t\t<\/div>\n\t\t\t\t<div class=\"elementor-element elementor-element-e309595 elementor-widget elementor-widget-text-editor\" data-id=\"e309595\" data-element_type=\"widget\" data-widget_type=\"text-editor.default\">\n\t\t\t\t<div class=\"elementor-widget-container\">\n\t\t\t\t\t\t\t\t\t<p>Dieser Film zeigt und erl\u00e4utert die Ausstellung <em>Unschreiben<\/em>,<br \/>die vom 17.12.2021 bis 9.1.2022 in der K-Galerie in Berlin Kreuzberg gezeigt wurde.<\/p>\t\t\t\t\t\t\t\t<\/div>\n\t\t\t\t<\/div>\n\t\t\t\t<div class=\"elementor-element elementor-element-6477132 elementor-widget elementor-widget-heading\" data-id=\"6477132\" data-element_type=\"widget\" data-widget_type=\"heading.default\">\n\t\t\t\t<div class=\"elementor-widget-container\">\n\t\t\t\t\t<h2 class=\"elementor-heading-title elementor-size-default\">Unschreiben Stimmperformance<\/h2>\t\t\t\t<\/div>\n\t\t\t\t<\/div>\n\t\t\t\t<div class=\"elementor-element elementor-element-5d8cb18 elementor-widget elementor-widget-video\" data-id=\"5d8cb18\" data-element_type=\"widget\" data-settings=\"{&quot;youtube_url&quot;:&quot;https:\\\/\\\/youtu.be\\\/9T1ObE7DCTU&quot;,&quot;video_type&quot;:&quot;youtube&quot;,&quot;controls&quot;:&quot;yes&quot;}\" data-widget_type=\"video.default\">\n\t\t\t\t<div class=\"elementor-widget-container\">\n\t\t\t\t\t\t\t<div class=\"elementor-wrapper elementor-open-inline\">\n\t\t\t<div class=\"elementor-video\"><\/div>\t\t<\/div>\n\t\t\t\t\t\t<\/div>\n\t\t\t\t<\/div>\n\t\t\t\t<div class=\"elementor-element elementor-element-cb8f609 elementor-widget elementor-widget-text-editor\" data-id=\"cb8f609\" data-element_type=\"widget\" data-widget_type=\"text-editor.default\">\n\t\t\t\t<div class=\"elementor-widget-container\">\n\t\t\t\t\t\t\t\t\t<p><strong>Er\u00f6ffnung der Ausstellung Unschreiben von Reinhard Gagel am 17.12.21 in K-Salon Berlin Kreuzberg<\/strong><\/p><p>Gudrun Doberenz: Stimme<br \/>Tatjana Bielke: Stimme<br \/>Bilder von Reinhard Gagel<br \/>Handkamera: Reinhard Gagel<\/p>\t\t\t\t\t\t\t\t<\/div>\n\t\t\t\t<\/div>\n\t\t<div class=\"elementor-element elementor-element-a61c36b e-grid e-con-boxed wpr-particle-no wpr-jarallax-no wpr-parallax-no wpr-sticky-section-no e-con e-child\" data-id=\"a61c36b\" data-element_type=\"container\">\n\t\t\t\t\t<div class=\"e-con-inner\">\n\t\t\t\t<div class=\"elementor-element elementor-element-e43edb1 elementor-widget elementor-widget-image\" data-id=\"e43edb1\" data-element_type=\"widget\" data-widget_type=\"image.default\">\n\t\t\t\t<div class=\"elementor-widget-container\">\n\t\t\t\t\t\t\t\t\t\t\t\t<figure class=\"wp-caption\">\n\t\t\t\t\t\t\t\t\t\t<img loading=\"lazy\" decoding=\"async\" width=\"400\" height=\"565\" src=\"https:\/\/www.gmkunstraum.de\/rg\/wp-content\/uploads\/2024\/05\/unschreiben-K1-4-p_400.jpg\" class=\"attachment-large size-large wp-image-168\" alt=\"\" srcset=\"https:\/\/www.gmkunstraum.de\/rg\/wp-content\/uploads\/2024\/05\/unschreiben-K1-4-p_400.jpg 400w, https:\/\/www.gmkunstraum.de\/rg\/wp-content\/uploads\/2024\/05\/unschreiben-K1-4-p_400-212x300.jpg 212w\" sizes=\"(max-width: 400px) 100vw, 400px\" \/>\t\t\t\t\t\t\t\t\t\t\t<figcaption class=\"widget-image-caption wp-caption-text\">schreiben\/loslassen \u00d6lkreide\/Papier 60 x 40 cm 2021<\/figcaption>\n\t\t\t\t\t\t\t\t\t\t<\/figure>\n\t\t\t\t\t\t\t\t\t<\/div>\n\t\t\t\t<\/div>\n\t\t\t\t<div class=\"elementor-element elementor-element-94e3087 elementor-widget elementor-widget-image\" data-id=\"94e3087\" data-element_type=\"widget\" data-widget_type=\"image.default\">\n\t\t\t\t<div class=\"elementor-widget-container\">\n\t\t\t\t\t\t\t\t\t\t\t\t<figure class=\"wp-caption\">\n\t\t\t\t\t\t\t\t\t\t<img loading=\"lazy\" decoding=\"async\" width=\"318\" height=\"565\" src=\"https:\/\/www.gmkunstraum.de\/rg\/wp-content\/uploads\/2024\/05\/P1130364_565.jpg\" class=\"attachment-large size-large wp-image-167\" alt=\"\" srcset=\"https:\/\/www.gmkunstraum.de\/rg\/wp-content\/uploads\/2024\/05\/P1130364_565.jpg 318w, https:\/\/www.gmkunstraum.de\/rg\/wp-content\/uploads\/2024\/05\/P1130364_565-169x300.jpg 169w\" sizes=\"(max-width: 318px) 100vw, 318px\" \/>\t\t\t\t\t\t\t\t\t\t\t<figcaption class=\"widget-image-caption wp-caption-text\">2. Ebene \u00d6lkreide\/Papier 60 x 40 cm 2021<\/figcaption>\n\t\t\t\t\t\t\t\t\t\t<\/figure>\n\t\t\t\t\t\t\t\t\t<\/div>\n\t\t\t\t<\/div>\n\t\t\t\t\t<\/div>\n\t\t\t\t<\/div>\n\t\t\t\t\t<\/div>\n\t\t\t\t<\/div>\n\t\t<div class=\"elementor-element elementor-element-3eb6692 e-flex e-con-boxed wpr-particle-no wpr-jarallax-no wpr-parallax-no wpr-sticky-section-no e-con e-parent\" data-id=\"3eb6692\" data-element_type=\"container\">\n\t\t\t\t\t<div class=\"e-con-inner\">\n\t\t\t\t<div class=\"elementor-element elementor-element-1ba101d elementor-widget elementor-widget-heading\" data-id=\"1ba101d\" data-element_type=\"widget\" data-widget_type=\"heading.default\">\n\t\t\t\t<div class=\"elementor-widget-container\">\n\t\t\t\t\t<h2 class=\"elementor-heading-title elementor-size-default\">\u00dcbermalungen<\/h2>\t\t\t\t<\/div>\n\t\t\t\t<\/div>\n\t\t<div class=\"elementor-element elementor-element-3458af2 e-grid e-con-boxed wpr-particle-no wpr-jarallax-no wpr-parallax-no wpr-sticky-section-no e-con e-child\" data-id=\"3458af2\" data-element_type=\"container\">\n\t\t\t\t\t<div class=\"e-con-inner\">\n\t\t\t\t<div class=\"elementor-element elementor-element-a06cb59 elementor-widget elementor-widget-image\" data-id=\"a06cb59\" data-element_type=\"widget\" data-widget_type=\"image.default\">\n\t\t\t\t<div class=\"elementor-widget-container\">\n\t\t\t\t\t\t\t\t\t\t\t\t<figure class=\"wp-caption\">\n\t\t\t\t\t\t\t\t\t\t<img loading=\"lazy\" decoding=\"async\" width=\"763\" height=\"784\" src=\"https:\/\/www.gmkunstraum.de\/rg\/wp-content\/uploads\/2024\/05\/Reinhard-Gagel-Tresor_2005.jpg\" class=\"attachment-large size-large wp-image-182\" alt=\"\" srcset=\"https:\/\/www.gmkunstraum.de\/rg\/wp-content\/uploads\/2024\/05\/Reinhard-Gagel-Tresor_2005.jpg 763w, https:\/\/www.gmkunstraum.de\/rg\/wp-content\/uploads\/2024\/05\/Reinhard-Gagel-Tresor_2005-292x300.jpg 292w\" sizes=\"(max-width: 763px) 100vw, 763px\" \/>\t\t\t\t\t\t\t\t\t\t\t<figcaption class=\"widget-image-caption wp-caption-text\">Tresor (2005)<\/figcaption>\n\t\t\t\t\t\t\t\t\t\t<\/figure>\n\t\t\t\t\t\t\t\t\t<\/div>\n\t\t\t\t<\/div>\n\t\t\t\t<div class=\"elementor-element elementor-element-3667593 elementor-widget elementor-widget-image\" data-id=\"3667593\" data-element_type=\"widget\" data-widget_type=\"image.default\">\n\t\t\t\t<div class=\"elementor-widget-container\">\n\t\t\t\t\t\t\t\t\t\t\t\t<figure class=\"wp-caption\">\n\t\t\t\t\t\t\t\t\t\t<img loading=\"lazy\" decoding=\"async\" width=\"787\" height=\"784\" src=\"https:\/\/www.gmkunstraum.de\/rg\/wp-content\/uploads\/2024\/05\/Reinhard-Gagel-Sternchennudeln_2005.jpg\" class=\"attachment-large size-large wp-image-181\" alt=\"\" srcset=\"https:\/\/www.gmkunstraum.de\/rg\/wp-content\/uploads\/2024\/05\/Reinhard-Gagel-Sternchennudeln_2005.jpg 787w, https:\/\/www.gmkunstraum.de\/rg\/wp-content\/uploads\/2024\/05\/Reinhard-Gagel-Sternchennudeln_2005-300x300.jpg 300w, https:\/\/www.gmkunstraum.de\/rg\/wp-content\/uploads\/2024\/05\/Reinhard-Gagel-Sternchennudeln_2005-150x150.jpg 150w, https:\/\/www.gmkunstraum.de\/rg\/wp-content\/uploads\/2024\/05\/Reinhard-Gagel-Sternchennudeln_2005-768x765.jpg 768w\" sizes=\"(max-width: 787px) 100vw, 787px\" \/>\t\t\t\t\t\t\t\t\t\t\t<figcaption class=\"widget-image-caption wp-caption-text\">Sternchennudeln (2005)<\/figcaption>\n\t\t\t\t\t\t\t\t\t\t<\/figure>\n\t\t\t\t\t\t\t\t\t<\/div>\n\t\t\t\t<\/div>\n\t\t\t\t\t<\/div>\n\t\t\t\t<\/div>\n\t\t\t\t<div class=\"elementor-element elementor-element-1de5468 elementor-widget elementor-widget-text-editor\" data-id=\"1de5468\" data-element_type=\"widget\" data-widget_type=\"text-editor.default\">\n\t\t\t\t<div class=\"elementor-widget-container\">\n\t\t\t\t\t\t\t\t\t<p>Fotos werden durch \u00dcbermalen neu interpretiert. Sie werden durch gezielten Einsatz von Farben und Texturen einem neuen Blick ausgesetzt. Sie werden in die Bild &#8211; Fl\u00e4che erweitert und bekommen einen neuen Raumcharakter. Ausgangspunkt der Arbeiten sind Fotos, Pressefotos und Postkarten, oft zu pers\u00f6nlichen Themen in Serien gearbeitet. Zwei Herstellungsweisen: Acryl auf Papier oder Leinwand, digitale Bearbeitung und anschlie\u00dfender Druck. Alle Arbeiten sind im quadratischen Format 40 x 40 gearbeitet.<\/p>\t\t\t\t\t\t\t\t<\/div>\n\t\t\t\t<\/div>\n\t\t\t\t\t<\/div>\n\t\t\t\t<\/div>\n\t\t<div class=\"elementor-element elementor-element-da6e40f e-flex e-con-boxed wpr-particle-no wpr-jarallax-no wpr-parallax-no wpr-sticky-section-no e-con e-parent\" data-id=\"da6e40f\" data-element_type=\"container\">\n\t\t\t\t\t<div class=\"e-con-inner\">\n\t\t<div class=\"elementor-element elementor-element-1a5a458 e-grid e-con-boxed wpr-particle-no wpr-jarallax-no wpr-parallax-no wpr-sticky-section-no e-con e-child\" data-id=\"1a5a458\" data-element_type=\"container\">\n\t\t\t\t\t<div class=\"e-con-inner\">\n\t\t\t\t<div class=\"elementor-element elementor-element-16cb657 elementor-widget elementor-widget-image\" data-id=\"16cb657\" data-element_type=\"widget\" data-widget_type=\"image.default\">\n\t\t\t\t<div class=\"elementor-widget-container\">\n\t\t\t\t\t\t\t\t\t\t\t\t<figure class=\"wp-caption\">\n\t\t\t\t\t\t\t\t\t\t<img loading=\"lazy\" decoding=\"async\" width=\"784\" height=\"784\" src=\"https:\/\/www.gmkunstraum.de\/rg\/wp-content\/uploads\/2024\/05\/Reinhard-Gagel-Serie-Feuerstelle.jpg\" class=\"attachment-large size-large wp-image-278\" alt=\"\" srcset=\"https:\/\/www.gmkunstraum.de\/rg\/wp-content\/uploads\/2024\/05\/Reinhard-Gagel-Serie-Feuerstelle.jpg 784w, https:\/\/www.gmkunstraum.de\/rg\/wp-content\/uploads\/2024\/05\/Reinhard-Gagel-Serie-Feuerstelle-300x300.jpg 300w, https:\/\/www.gmkunstraum.de\/rg\/wp-content\/uploads\/2024\/05\/Reinhard-Gagel-Serie-Feuerstelle-150x150.jpg 150w, https:\/\/www.gmkunstraum.de\/rg\/wp-content\/uploads\/2024\/05\/Reinhard-Gagel-Serie-Feuerstelle-768x768.jpg 768w, https:\/\/www.gmkunstraum.de\/rg\/wp-content\/uploads\/2024\/05\/Reinhard-Gagel-Serie-Feuerstelle-600x600.jpg 600w\" sizes=\"(max-width: 784px) 100vw, 784px\" \/>\t\t\t\t\t\t\t\t\t\t\t<figcaption class=\"widget-image-caption wp-caption-text\">Serie: Feuerstelle\/Erinnerung<\/figcaption>\n\t\t\t\t\t\t\t\t\t\t<\/figure>\n\t\t\t\t\t\t\t\t\t<\/div>\n\t\t\t\t<\/div>\n\t\t\t\t<div class=\"elementor-element elementor-element-82f1ae2 elementor-widget elementor-widget-image\" data-id=\"82f1ae2\" data-element_type=\"widget\" data-widget_type=\"image.default\">\n\t\t\t\t<div class=\"elementor-widget-container\">\n\t\t\t\t\t\t\t\t\t\t\t\t<figure class=\"wp-caption\">\n\t\t\t\t\t\t\t\t\t\t<img loading=\"lazy\" decoding=\"async\" width=\"784\" height=\"784\" src=\"https:\/\/www.gmkunstraum.de\/rg\/wp-content\/uploads\/2024\/05\/Reinhard-Gagel-Serie-Bruno-Schulz.jpg\" class=\"attachment-large size-large wp-image-277\" alt=\"\" srcset=\"https:\/\/www.gmkunstraum.de\/rg\/wp-content\/uploads\/2024\/05\/Reinhard-Gagel-Serie-Bruno-Schulz.jpg 784w, https:\/\/www.gmkunstraum.de\/rg\/wp-content\/uploads\/2024\/05\/Reinhard-Gagel-Serie-Bruno-Schulz-300x300.jpg 300w, https:\/\/www.gmkunstraum.de\/rg\/wp-content\/uploads\/2024\/05\/Reinhard-Gagel-Serie-Bruno-Schulz-150x150.jpg 150w, https:\/\/www.gmkunstraum.de\/rg\/wp-content\/uploads\/2024\/05\/Reinhard-Gagel-Serie-Bruno-Schulz-768x768.jpg 768w, https:\/\/www.gmkunstraum.de\/rg\/wp-content\/uploads\/2024\/05\/Reinhard-Gagel-Serie-Bruno-Schulz-600x600.jpg 600w\" sizes=\"(max-width: 784px) 100vw, 784px\" \/>\t\t\t\t\t\t\t\t\t\t\t<figcaption class=\"widget-image-caption wp-caption-text\">Serie: Bruno Schulz<\/figcaption>\n\t\t\t\t\t\t\t\t\t\t<\/figure>\n\t\t\t\t\t\t\t\t\t<\/div>\n\t\t\t\t<\/div>\n\t\t\t\t<div class=\"elementor-element elementor-element-ebbf499 elementor-widget elementor-widget-image\" data-id=\"ebbf499\" data-element_type=\"widget\" data-widget_type=\"image.default\">\n\t\t\t\t<div class=\"elementor-widget-container\">\n\t\t\t\t\t\t\t\t\t\t\t\t<figure class=\"wp-caption\">\n\t\t\t\t\t\t\t\t\t\t<img loading=\"lazy\" decoding=\"async\" width=\"784\" height=\"784\" src=\"https:\/\/www.gmkunstraum.de\/rg\/wp-content\/uploads\/2024\/05\/Reinhard-Gagel-Enteignung_1.jpg\" class=\"attachment-large size-large wp-image-271\" alt=\"\" srcset=\"https:\/\/www.gmkunstraum.de\/rg\/wp-content\/uploads\/2024\/05\/Reinhard-Gagel-Enteignung_1.jpg 784w, https:\/\/www.gmkunstraum.de\/rg\/wp-content\/uploads\/2024\/05\/Reinhard-Gagel-Enteignung_1-300x300.jpg 300w, https:\/\/www.gmkunstraum.de\/rg\/wp-content\/uploads\/2024\/05\/Reinhard-Gagel-Enteignung_1-150x150.jpg 150w, https:\/\/www.gmkunstraum.de\/rg\/wp-content\/uploads\/2024\/05\/Reinhard-Gagel-Enteignung_1-768x768.jpg 768w, https:\/\/www.gmkunstraum.de\/rg\/wp-content\/uploads\/2024\/05\/Reinhard-Gagel-Enteignung_1-600x600.jpg 600w\" sizes=\"(max-width: 784px) 100vw, 784px\" \/>\t\t\t\t\t\t\t\t\t\t\t<figcaption class=\"widget-image-caption wp-caption-text\">Serie: Expropriation\/Enteignung (2005)<\/figcaption>\n\t\t\t\t\t\t\t\t\t\t<\/figure>\n\t\t\t\t\t\t\t\t\t<\/div>\n\t\t\t\t<\/div>\n\t\t\t\t<div class=\"elementor-element elementor-element-cec30f6 elementor-widget elementor-widget-image\" data-id=\"cec30f6\" data-element_type=\"widget\" data-widget_type=\"image.default\">\n\t\t\t\t<div class=\"elementor-widget-container\">\n\t\t\t\t\t\t\t\t\t\t\t\t\t\t\t<img loading=\"lazy\" decoding=\"async\" width=\"720\" height=\"720\" src=\"https:\/\/www.gmkunstraum.de\/rg\/wp-content\/uploads\/2024\/05\/Reinhard-Gagel-Enteignung_2.jpg\" class=\"attachment-large size-large wp-image-272\" alt=\"\" srcset=\"https:\/\/www.gmkunstraum.de\/rg\/wp-content\/uploads\/2024\/05\/Reinhard-Gagel-Enteignung_2.jpg 720w, https:\/\/www.gmkunstraum.de\/rg\/wp-content\/uploads\/2024\/05\/Reinhard-Gagel-Enteignung_2-300x300.jpg 300w, https:\/\/www.gmkunstraum.de\/rg\/wp-content\/uploads\/2024\/05\/Reinhard-Gagel-Enteignung_2-150x150.jpg 150w, https:\/\/www.gmkunstraum.de\/rg\/wp-content\/uploads\/2024\/05\/Reinhard-Gagel-Enteignung_2-600x600.jpg 600w\" sizes=\"(max-width: 720px) 100vw, 720px\" \/>\t\t\t\t\t\t\t\t\t\t\t\t\t\t\t<\/div>\n\t\t\t\t<\/div>\n\t\t\t\t<div class=\"elementor-element elementor-element-53109ed elementor-widget elementor-widget-image\" data-id=\"53109ed\" data-element_type=\"widget\" data-widget_type=\"image.default\">\n\t\t\t\t<div class=\"elementor-widget-container\">\n\t\t\t\t\t\t\t\t\t\t\t\t<figure class=\"wp-caption\">\n\t\t\t\t\t\t\t\t\t\t<img loading=\"lazy\" decoding=\"async\" width=\"784\" height=\"784\" src=\"https:\/\/www.gmkunstraum.de\/rg\/wp-content\/uploads\/2024\/05\/Reinhard-Gagel-Serie-Wald.jpg\" class=\"attachment-large size-large wp-image-281\" alt=\"\" srcset=\"https:\/\/www.gmkunstraum.de\/rg\/wp-content\/uploads\/2024\/05\/Reinhard-Gagel-Serie-Wald.jpg 784w, https:\/\/www.gmkunstraum.de\/rg\/wp-content\/uploads\/2024\/05\/Reinhard-Gagel-Serie-Wald-300x300.jpg 300w, https:\/\/www.gmkunstraum.de\/rg\/wp-content\/uploads\/2024\/05\/Reinhard-Gagel-Serie-Wald-150x150.jpg 150w, https:\/\/www.gmkunstraum.de\/rg\/wp-content\/uploads\/2024\/05\/Reinhard-Gagel-Serie-Wald-768x768.jpg 768w, https:\/\/www.gmkunstraum.de\/rg\/wp-content\/uploads\/2024\/05\/Reinhard-Gagel-Serie-Wald-600x600.jpg 600w\" sizes=\"(max-width: 784px) 100vw, 784px\" \/>\t\t\t\t\t\t\t\t\t\t\t<figcaption class=\"widget-image-caption wp-caption-text\">Serie: Wald<\/figcaption>\n\t\t\t\t\t\t\t\t\t\t<\/figure>\n\t\t\t\t\t\t\t\t\t<\/div>\n\t\t\t\t<\/div>\n\t\t\t\t<div class=\"elementor-element elementor-element-12ab146 elementor-widget elementor-widget-image\" data-id=\"12ab146\" data-element_type=\"widget\" data-widget_type=\"image.default\">\n\t\t\t\t<div class=\"elementor-widget-container\">\n\t\t\t\t\t\t\t\t\t\t\t\t<figure class=\"wp-caption\">\n\t\t\t\t\t\t\t\t\t\t<img loading=\"lazy\" decoding=\"async\" width=\"784\" height=\"784\" src=\"https:\/\/www.gmkunstraum.de\/rg\/wp-content\/uploads\/2024\/05\/Reinhard-Gagrel-Serie-Bei_Wagners_2017.jpg\" class=\"attachment-large size-large wp-image-284\" alt=\"\" srcset=\"https:\/\/www.gmkunstraum.de\/rg\/wp-content\/uploads\/2024\/05\/Reinhard-Gagrel-Serie-Bei_Wagners_2017.jpg 784w, https:\/\/www.gmkunstraum.de\/rg\/wp-content\/uploads\/2024\/05\/Reinhard-Gagrel-Serie-Bei_Wagners_2017-300x300.jpg 300w, https:\/\/www.gmkunstraum.de\/rg\/wp-content\/uploads\/2024\/05\/Reinhard-Gagrel-Serie-Bei_Wagners_2017-150x150.jpg 150w, https:\/\/www.gmkunstraum.de\/rg\/wp-content\/uploads\/2024\/05\/Reinhard-Gagrel-Serie-Bei_Wagners_2017-768x768.jpg 768w, https:\/\/www.gmkunstraum.de\/rg\/wp-content\/uploads\/2024\/05\/Reinhard-Gagrel-Serie-Bei_Wagners_2017-600x600.jpg 600w\" sizes=\"(max-width: 784px) 100vw, 784px\" \/>\t\t\t\t\t\t\t\t\t\t\t<figcaption class=\"widget-image-caption wp-caption-text\">Serie: Bei Wagners (2017)<\/figcaption>\n\t\t\t\t\t\t\t\t\t\t<\/figure>\n\t\t\t\t\t\t\t\t\t<\/div>\n\t\t\t\t<\/div>\n\t\t\t\t\t<\/div>\n\t\t\t\t<\/div>\n\t\t\t\t\t<\/div>\n\t\t\t\t<\/div>\n\t\t<div class=\"elementor-element elementor-element-e8b59fe e-flex e-con-boxed wpr-particle-no wpr-jarallax-no wpr-parallax-no wpr-sticky-section-no e-con e-parent\" data-id=\"e8b59fe\" data-element_type=\"container\">\n\t\t\t\t\t<div class=\"e-con-inner\">\n\t\t<div class=\"elementor-element elementor-element-1449df9 e-grid e-con-boxed wpr-particle-no wpr-jarallax-no wpr-parallax-no wpr-sticky-section-no e-con e-child\" data-id=\"1449df9\" data-element_type=\"container\">\n\t\t\t\t\t<div class=\"e-con-inner\">\n\t\t\t\t<div class=\"elementor-element elementor-element-69753b3 elementor-widget elementor-widget-image\" data-id=\"69753b3\" data-element_type=\"widget\" data-widget_type=\"image.default\">\n\t\t\t\t<div class=\"elementor-widget-container\">\n\t\t\t\t\t\t\t\t\t\t\t\t<figure class=\"wp-caption\">\n\t\t\t\t\t\t\t\t\t\t<img loading=\"lazy\" decoding=\"async\" width=\"784\" height=\"784\" src=\"https:\/\/www.gmkunstraum.de\/rg\/wp-content\/uploads\/2024\/05\/Reinhard-Gagel-Im-Visier_2015_1.jpg\" class=\"attachment-large size-large wp-image-274\" alt=\"\" srcset=\"https:\/\/www.gmkunstraum.de\/rg\/wp-content\/uploads\/2024\/05\/Reinhard-Gagel-Im-Visier_2015_1.jpg 784w, https:\/\/www.gmkunstraum.de\/rg\/wp-content\/uploads\/2024\/05\/Reinhard-Gagel-Im-Visier_2015_1-300x300.jpg 300w, https:\/\/www.gmkunstraum.de\/rg\/wp-content\/uploads\/2024\/05\/Reinhard-Gagel-Im-Visier_2015_1-150x150.jpg 150w, https:\/\/www.gmkunstraum.de\/rg\/wp-content\/uploads\/2024\/05\/Reinhard-Gagel-Im-Visier_2015_1-768x768.jpg 768w, https:\/\/www.gmkunstraum.de\/rg\/wp-content\/uploads\/2024\/05\/Reinhard-Gagel-Im-Visier_2015_1-600x600.jpg 600w\" sizes=\"(max-width: 784px) 100vw, 784px\" \/>\t\t\t\t\t\t\t\t\t\t\t<figcaption class=\"widget-image-caption wp-caption-text\">Serie: Im Visier (2015)<\/figcaption>\n\t\t\t\t\t\t\t\t\t\t<\/figure>\n\t\t\t\t\t\t\t\t\t<\/div>\n\t\t\t\t<\/div>\n\t\t\t\t<div class=\"elementor-element elementor-element-eca402e elementor-widget elementor-widget-image\" data-id=\"eca402e\" data-element_type=\"widget\" data-widget_type=\"image.default\">\n\t\t\t\t<div class=\"elementor-widget-container\">\n\t\t\t\t\t\t\t\t\t\t\t\t\t\t\t<img loading=\"lazy\" decoding=\"async\" width=\"784\" height=\"784\" src=\"https:\/\/www.gmkunstraum.de\/rg\/wp-content\/uploads\/2024\/05\/Reinhard-Gagel-Im-Visier_2015_2.jpg\" class=\"attachment-large size-large wp-image-275\" alt=\"\" srcset=\"https:\/\/www.gmkunstraum.de\/rg\/wp-content\/uploads\/2024\/05\/Reinhard-Gagel-Im-Visier_2015_2.jpg 784w, https:\/\/www.gmkunstraum.de\/rg\/wp-content\/uploads\/2024\/05\/Reinhard-Gagel-Im-Visier_2015_2-300x300.jpg 300w, https:\/\/www.gmkunstraum.de\/rg\/wp-content\/uploads\/2024\/05\/Reinhard-Gagel-Im-Visier_2015_2-150x150.jpg 150w, https:\/\/www.gmkunstraum.de\/rg\/wp-content\/uploads\/2024\/05\/Reinhard-Gagel-Im-Visier_2015_2-768x768.jpg 768w, https:\/\/www.gmkunstraum.de\/rg\/wp-content\/uploads\/2024\/05\/Reinhard-Gagel-Im-Visier_2015_2-600x600.jpg 600w\" sizes=\"(max-width: 784px) 100vw, 784px\" \/>\t\t\t\t\t\t\t\t\t\t\t\t\t\t\t<\/div>\n\t\t\t\t<\/div>\n\t\t\t\t<div class=\"elementor-element elementor-element-8fb079e elementor-widget elementor-widget-image\" data-id=\"8fb079e\" data-element_type=\"widget\" data-widget_type=\"image.default\">\n\t\t\t\t<div class=\"elementor-widget-container\">\n\t\t\t\t\t\t\t\t\t\t\t\t\t\t\t<img loading=\"lazy\" decoding=\"async\" width=\"784\" height=\"784\" src=\"https:\/\/www.gmkunstraum.de\/rg\/wp-content\/uploads\/2024\/05\/Reinhard-Gagel-Im-Visier_2015_3.jpg\" class=\"attachment-large size-large wp-image-276\" alt=\"\" srcset=\"https:\/\/www.gmkunstraum.de\/rg\/wp-content\/uploads\/2024\/05\/Reinhard-Gagel-Im-Visier_2015_3.jpg 784w, https:\/\/www.gmkunstraum.de\/rg\/wp-content\/uploads\/2024\/05\/Reinhard-Gagel-Im-Visier_2015_3-300x300.jpg 300w, https:\/\/www.gmkunstraum.de\/rg\/wp-content\/uploads\/2024\/05\/Reinhard-Gagel-Im-Visier_2015_3-150x150.jpg 150w, https:\/\/www.gmkunstraum.de\/rg\/wp-content\/uploads\/2024\/05\/Reinhard-Gagel-Im-Visier_2015_3-768x768.jpg 768w, https:\/\/www.gmkunstraum.de\/rg\/wp-content\/uploads\/2024\/05\/Reinhard-Gagel-Im-Visier_2015_3-600x600.jpg 600w\" sizes=\"(max-width: 784px) 100vw, 784px\" \/>\t\t\t\t\t\t\t\t\t\t\t\t\t\t\t<\/div>\n\t\t\t\t<\/div>\n\t\t\t\t\t<\/div>\n\t\t\t\t<\/div>\n\t\t\t\t\t<\/div>\n\t\t\t\t<\/div>\n\t\t<div class=\"elementor-element elementor-element-c3dc737 e-flex e-con-boxed wpr-particle-no wpr-jarallax-no wpr-parallax-no wpr-sticky-section-no e-con e-parent\" data-id=\"c3dc737\" data-element_type=\"container\">\n\t\t\t\t\t<div class=\"e-con-inner\">\n\t\t<div class=\"elementor-element elementor-element-62bb8e6 e-grid e-con-boxed wpr-particle-no wpr-jarallax-no wpr-parallax-no wpr-sticky-section-no e-con e-child\" data-id=\"62bb8e6\" data-element_type=\"container\">\n\t\t\t\t\t<div class=\"e-con-inner\">\n\t\t\t\t<div class=\"elementor-element elementor-element-70b21a4 elementor-widget elementor-widget-image\" data-id=\"70b21a4\" data-element_type=\"widget\" data-widget_type=\"image.default\">\n\t\t\t\t<div class=\"elementor-widget-container\">\n\t\t\t\t\t\t\t\t\t\t\t\t<figure class=\"wp-caption\">\n\t\t\t\t\t\t\t\t\t\t<img loading=\"lazy\" decoding=\"async\" width=\"784\" height=\"784\" src=\"https:\/\/www.gmkunstraum.de\/rg\/wp-content\/uploads\/2024\/05\/Reinhard-Gagel-Serie-Ruinen_1.jpg\" class=\"attachment-large size-large wp-image-279\" alt=\"\" srcset=\"https:\/\/www.gmkunstraum.de\/rg\/wp-content\/uploads\/2024\/05\/Reinhard-Gagel-Serie-Ruinen_1.jpg 784w, https:\/\/www.gmkunstraum.de\/rg\/wp-content\/uploads\/2024\/05\/Reinhard-Gagel-Serie-Ruinen_1-300x300.jpg 300w, https:\/\/www.gmkunstraum.de\/rg\/wp-content\/uploads\/2024\/05\/Reinhard-Gagel-Serie-Ruinen_1-150x150.jpg 150w, https:\/\/www.gmkunstraum.de\/rg\/wp-content\/uploads\/2024\/05\/Reinhard-Gagel-Serie-Ruinen_1-768x768.jpg 768w, https:\/\/www.gmkunstraum.de\/rg\/wp-content\/uploads\/2024\/05\/Reinhard-Gagel-Serie-Ruinen_1-600x600.jpg 600w\" sizes=\"(max-width: 784px) 100vw, 784px\" \/>\t\t\t\t\t\t\t\t\t\t\t<figcaption class=\"widget-image-caption wp-caption-text\">Serie: Ruinen<\/figcaption>\n\t\t\t\t\t\t\t\t\t\t<\/figure>\n\t\t\t\t\t\t\t\t\t<\/div>\n\t\t\t\t<\/div>\n\t\t\t\t<div class=\"elementor-element elementor-element-4e8ecfb elementor-widget elementor-widget-image\" data-id=\"4e8ecfb\" data-element_type=\"widget\" data-widget_type=\"image.default\">\n\t\t\t\t<div class=\"elementor-widget-container\">\n\t\t\t\t\t\t\t\t\t\t\t\t<figure class=\"wp-caption\">\n\t\t\t\t\t\t\t\t\t\t<img loading=\"lazy\" decoding=\"async\" width=\"784\" height=\"784\" src=\"https:\/\/www.gmkunstraum.de\/rg\/wp-content\/uploads\/2024\/05\/Reinhard-Gagel-Serie-Ruinen_2.jpg\" class=\"attachment-large size-large wp-image-280\" alt=\"\" srcset=\"https:\/\/www.gmkunstraum.de\/rg\/wp-content\/uploads\/2024\/05\/Reinhard-Gagel-Serie-Ruinen_2.jpg 784w, https:\/\/www.gmkunstraum.de\/rg\/wp-content\/uploads\/2024\/05\/Reinhard-Gagel-Serie-Ruinen_2-300x300.jpg 300w, https:\/\/www.gmkunstraum.de\/rg\/wp-content\/uploads\/2024\/05\/Reinhard-Gagel-Serie-Ruinen_2-150x150.jpg 150w, https:\/\/www.gmkunstraum.de\/rg\/wp-content\/uploads\/2024\/05\/Reinhard-Gagel-Serie-Ruinen_2-768x768.jpg 768w, https:\/\/www.gmkunstraum.de\/rg\/wp-content\/uploads\/2024\/05\/Reinhard-Gagel-Serie-Ruinen_2-600x600.jpg 600w\" sizes=\"(max-width: 784px) 100vw, 784px\" \/>\t\t\t\t\t\t\t\t\t\t\t<figcaption class=\"widget-image-caption wp-caption-text\">Serie: Ruinen<\/figcaption>\n\t\t\t\t\t\t\t\t\t\t<\/figure>\n\t\t\t\t\t\t\t\t\t<\/div>\n\t\t\t\t<\/div>\n\t\t\t\t\t<\/div>\n\t\t\t\t<\/div>\n\t\t\t\t\t<\/div>\n\t\t\t\t<\/div>\n\t\t\t\t<\/div>\n\t\t","protected":false},"excerpt":{"rendered":"<p>Topografien &#8211; Ausstellungsprojekt 2023 https:\/\/youtu.be\/dkrCc60Zays Ausstellungsfilm TopografienReinhard GagelBilder, digitale Grafik und Videos. Ausstellung in RWN ART Kunst.Am Hafen Neubrandenburg.1.10. &#8211; 7.10.2023 Als Topografien bezeichnet Reinhard Gagel die bildnerischen Werken, in denen Vielschichtigkeit durch \u00dcberlagerung, \u00dcbermalungen und \u00dcberblendung verschiedener Materialien und Bildebenen wesentliches Gestaltungsmerkmal ist. Die zeigt werden gro\u00dfformatige Bilder auf Leinwand, Objekte, digitale Grafik und Film arbeiten. Unschreiben eine Ausstellung im K-Salon Kreuzberg vom 17.12.21 bis 9.1.22 Unschreiben ist eine Wortsch\u00f6pfung, die der K\u00fcnstler und Musiker Reinhard Gagel f\u00fcr sein k\u00fcnstlerisches Projekt \u00fcber das Schreiben erfunden hat. Es geht um ein Schreiben, das ausufert und verl\u00e4uft, in Wiederholungen kreist, durch eine St\u00f6rung defekt wird und so zwischen Bild und Text hin und her driftet. Vernissage: 17.12.2021 um 18 UhrEr\u00f6ffnungsperformance: Conny Voss und Gudrun Doberenz, Stimme.Finissage am 9.1.2022 um 16 Uhr\u00d6ffnungszeiten:18.\/19.12.2021, 11 &#8211; 17 Uhr 8.\/9.1.2022, 11 &#8211; 17 UhrUnd nach Vereinbarung unter 0176 59974443 Projektraum K-Salon, Bergmannstr. 54, 10961 BerlinInfo unter: 017659974443 Unschreiben &#8211; Ausstellungsfilm von Reinhard Gagel (Januar 2022) https:\/\/youtu.be\/9d2mVqS3LjI Dieser Film zeigt und erl\u00e4utert die Ausstellung Unschreiben,die vom 17.12.2021 bis 9.1.2022 in der K-Galerie in Berlin Kreuzberg gezeigt wurde. Unschreiben Stimmperformance https:\/\/youtu.be\/9T1ObE7DCTU Er\u00f6ffnung der Ausstellung Unschreiben von Reinhard Gagel am 17.12.21 in K-Salon Berlin Kreuzberg Gudrun Doberenz: StimmeTatjana Bielke: StimmeBilder von Reinhard GagelHandkamera: Reinhard Gagel schreiben\/loslassen \u00d6lkreide\/Papier 60 x 40 cm 2021 2. Ebene \u00d6lkreide\/Papier 60 x 40 cm 2021 \u00dcbermalungen Tresor (2005) Sternchennudeln (2005) Fotos werden durch \u00dcbermalen neu interpretiert. Sie werden durch gezielten Einsatz von Farben und Texturen einem neuen Blick ausgesetzt. Sie werden in die Bild &#8211; Fl\u00e4che erweitert und bekommen einen neuen Raumcharakter. Ausgangspunkt der Arbeiten sind Fotos, Pressefotos und Postkarten, oft zu pers\u00f6nlichen Themen in Serien gearbeitet. Zwei Herstellungsweisen: Acryl auf Papier oder Leinwand, digitale Bearbeitung und anschlie\u00dfender Druck. Alle Arbeiten sind im quadratischen Format 40 x 40 gearbeitet. Serie: Feuerstelle\/Erinnerung Serie: Bruno Schulz Serie: Expropriation\/Enteignung (2005) Serie: Wald Serie: Bei Wagners (2017) Serie: Im Visier (2015) Serie: Ruinen Serie: Ruinen<\/p>\n","protected":false},"author":1,"featured_media":0,"parent":0,"menu_order":0,"comment_status":"closed","ping_status":"closed","template":"","meta":{"ocean_post_layout":"","ocean_both_sidebars_style":"","ocean_both_sidebars_content_width":0,"ocean_both_sidebars_sidebars_width":0,"ocean_sidebar":"0","ocean_second_sidebar":"0","ocean_disable_margins":"enable","ocean_add_body_class":"","ocean_shortcode_before_top_bar":"","ocean_shortcode_after_top_bar":"","ocean_shortcode_before_header":"","ocean_shortcode_after_header":"","ocean_has_shortcode":"","ocean_shortcode_after_title":"","ocean_shortcode_before_footer_widgets":"","ocean_shortcode_after_footer_widgets":"","ocean_shortcode_before_footer_bottom":"","ocean_shortcode_after_footer_bottom":"","ocean_display_top_bar":"default","ocean_display_header":"default","ocean_header_style":"","ocean_center_header_left_menu":"0","ocean_custom_header_template":"0","ocean_custom_logo":0,"ocean_custom_retina_logo":0,"ocean_custom_logo_max_width":0,"ocean_custom_logo_tablet_max_width":0,"ocean_custom_logo_mobile_max_width":0,"ocean_custom_logo_max_height":0,"ocean_custom_logo_tablet_max_height":0,"ocean_custom_logo_mobile_max_height":0,"ocean_header_custom_menu":"0","ocean_menu_typo_font_family":"0","ocean_menu_typo_font_subset":"","ocean_menu_typo_font_size":0,"ocean_menu_typo_font_size_tablet":0,"ocean_menu_typo_font_size_mobile":0,"ocean_menu_typo_font_size_unit":"px","ocean_menu_typo_font_weight":"","ocean_menu_typo_font_weight_tablet":"","ocean_menu_typo_font_weight_mobile":"","ocean_menu_typo_transform":"","ocean_menu_typo_transform_tablet":"","ocean_menu_typo_transform_mobile":"","ocean_menu_typo_line_height":0,"ocean_menu_typo_line_height_tablet":0,"ocean_menu_typo_line_height_mobile":0,"ocean_menu_typo_line_height_unit":"","ocean_menu_typo_spacing":0,"ocean_menu_typo_spacing_tablet":0,"ocean_menu_typo_spacing_mobile":0,"ocean_menu_typo_spacing_unit":"","ocean_menu_link_color":"","ocean_menu_link_color_hover":"","ocean_menu_link_color_active":"","ocean_menu_link_background":"","ocean_menu_link_hover_background":"","ocean_menu_link_active_background":"","ocean_menu_social_links_bg":"","ocean_menu_social_hover_links_bg":"","ocean_menu_social_links_color":"","ocean_menu_social_hover_links_color":"","ocean_disable_title":"default","ocean_disable_heading":"default","ocean_post_title":"","ocean_post_subheading":"","ocean_post_title_style":"","ocean_post_title_background_color":"","ocean_post_title_background":0,"ocean_post_title_bg_image_position":"","ocean_post_title_bg_image_attachment":"","ocean_post_title_bg_image_repeat":"","ocean_post_title_bg_image_size":"","ocean_post_title_height":0,"ocean_post_title_bg_overlay":0.5,"ocean_post_title_bg_overlay_color":"","ocean_disable_breadcrumbs":"default","ocean_breadcrumbs_color":"","ocean_breadcrumbs_separator_color":"","ocean_breadcrumbs_links_color":"","ocean_breadcrumbs_links_hover_color":"","ocean_display_footer_widgets":"default","ocean_display_footer_bottom":"default","ocean_custom_footer_template":"0","footnotes":""},"class_list":["post-141","page","type-page","status-publish","hentry","entry"],"_links":{"self":[{"href":"https:\/\/www.gmkunstraum.de\/rg\/wp-json\/wp\/v2\/pages\/141","targetHints":{"allow":["GET"]}}],"collection":[{"href":"https:\/\/www.gmkunstraum.de\/rg\/wp-json\/wp\/v2\/pages"}],"about":[{"href":"https:\/\/www.gmkunstraum.de\/rg\/wp-json\/wp\/v2\/types\/page"}],"author":[{"embeddable":true,"href":"https:\/\/www.gmkunstraum.de\/rg\/wp-json\/wp\/v2\/users\/1"}],"replies":[{"embeddable":true,"href":"https:\/\/www.gmkunstraum.de\/rg\/wp-json\/wp\/v2\/comments?post=141"}],"version-history":[{"count":123,"href":"https:\/\/www.gmkunstraum.de\/rg\/wp-json\/wp\/v2\/pages\/141\/revisions"}],"predecessor-version":[{"id":1122,"href":"https:\/\/www.gmkunstraum.de\/rg\/wp-json\/wp\/v2\/pages\/141\/revisions\/1122"}],"wp:attachment":[{"href":"https:\/\/www.gmkunstraum.de\/rg\/wp-json\/wp\/v2\/media?parent=141"}],"curies":[{"name":"wp","href":"https:\/\/api.w.org\/{rel}","templated":true}]}}