{"id":13,"date":"2024-04-04T16:29:54","date_gmt":"2024-04-04T14:29:54","guid":{"rendered":"https:\/\/www.gmkunstraum.de\/rg\/?page_id=13"},"modified":"2024-09-02T08:36:42","modified_gmt":"2024-09-02T06:36:42","slug":"biografie","status":"publish","type":"page","link":"https:\/\/www.gmkunstraum.de\/rg\/biografie\/","title":{"rendered":"Biografie"},"content":{"rendered":"\t\t<div data-elementor-type=\"wp-page\" data-elementor-id=\"13\" class=\"elementor elementor-13\">\n\t\t\t\t<div class=\"elementor-element elementor-element-4098460 e-flex e-con-boxed wpr-particle-no wpr-jarallax-no wpr-parallax-no wpr-sticky-section-no e-con e-parent\" data-id=\"4098460\" data-element_type=\"container\">\n\t\t\t\t\t<div class=\"e-con-inner\">\n\t\t\t\t<div class=\"elementor-element elementor-element-d35842c elementor-widget elementor-widget-heading\" data-id=\"d35842c\" data-element_type=\"widget\" data-widget_type=\"heading.default\">\n\t\t\t\t<div class=\"elementor-widget-container\">\n\t\t\t\t\t<h2 class=\"elementor-heading-title elementor-size-default\">BIOGRAFIE<\/h2>\t\t\t\t<\/div>\n\t\t\t\t<\/div>\n\t\t\t\t\t<\/div>\n\t\t\t\t<\/div>\n\t\t<div class=\"elementor-element elementor-element-1a56295 e-flex e-con-boxed wpr-particle-no wpr-jarallax-no wpr-parallax-no wpr-sticky-section-no e-con e-parent\" data-id=\"1a56295\" data-element_type=\"container\">\n\t\t\t\t\t<div class=\"e-con-inner\">\n\t\t\t\t<div class=\"elementor-element elementor-element-66cff7e elementor-widget elementor-widget-text-editor\" data-id=\"66cff7e\" data-element_type=\"widget\" data-widget_type=\"text-editor.default\">\n\t\t\t\t<div class=\"elementor-widget-container\">\n\t\t\t\t\t\t\t\t\t<p class=\"Stil16\">Studium Schulmusik,\u00a0 Instrumentalp\u00e4dagogikstudium mit Hauptfach Klavier an der Musikhochschule K\u00f6ln. Studium der Germanistik an der Universit\u00e4t zu K\u00f6ln. Aufbaustudium Musiktherapie \u00a0an der Universit\u00e4t Witten\/ Herdecke. <br \/><br \/>1987 \u2013 1999 Regionalschulleiter an der Rheinischen Musikschule der Stadt K\u00f6ln und Leiter des musikpraktischen Unterrichts am Musikgymnasium, K\u00f6ln. <br \/><br \/>1999 &#8211; 2012 Leiter des Fachbereichs Musiktheorie, Improvisation, Komposition und Medien (MIMKO) <br \/>an der Rheinischen Musikschule, K\u00f6ln <br \/>Musikalische Praxis als Pianist, Liedbegleiter, Kurator, Improvisator und Komponist von Theatermusik. Schwerpunkt: stiloffene musikalische Improvisation. <br \/><br \/>1987 Beginn mit Malerei als Intermedia Artist: Bilder zur Musik, visuelle thematische Projekte, Ausstellungsprojekte, Mitglied in der K\u00fcnstlergruppe K\u00f6ln Salon e.V. <br \/><br \/>1997 Gr\u00fcndung \u201eTheater Pianoforte\u201c (mit Gitta Martens): Theaterproduktionen rund um den franz\u00f6sischen Komponisten Erik Satie. Konzertprojekt \u201eFliesen f\u00fcr ein kleines schwarzes Gemach\u201c und Erik Satie-Improvisationsprojekt \u201eEinen Moment lang sichtbar sein\u201c. Theaterinszenierung \u201eDie Falle des Qualle\u201c, Regie: Gitta Martens. <br \/><br \/>Seit 1998 Workshops Theatermusik an der Akademie Remscheid f\u00fcr musische Bildung und Medienerziehung. <br \/><br \/>Gr\u00fcnder und Leiter der Musik-Ensembles <strong>ThePianoforteEnsemble und Ensemble Foliafolie. <\/strong>Entwicklung und Auff\u00fchrung verschiedener Musikprojekte: Foliafolie, Zapping Wanderer, Zapping Schostakowitsch, Zapping Silence. \u00a0Konzerttourneen, Rundfunkkonzerte und CD-Produktionen.<br \/><br \/>2002 \u2013 2007 Kurator der Konzertreihe \u201eMakromusik\u201c im Museum f\u00fcr Angewandte Kunst, K\u00f6ln. Spezielle Besetzungs- und Programmkonstellationen zwischen Improvisation und Komposition und verschiedenen Stilrichtungen.\u00a0 <br \/><br \/>Makromusik-Projekte mit Ensemble Pentapiano &#8211; F\u00fcnf Pianisten an zwei Klavieren. Konzeptionen: Reinhard Gagel, Arrangements: Wolfgang Hoyer. <br \/><br \/>1999 Teilnahme an Meister-Kursen f\u00fcr Komposition bei Bettina Skryptchak und Dieter Schnebel in Boswil, Schweiz und 2003 f\u00fcr Klavier bei Gy\u00f6rgy Kurt\u00e1g, Wiener Tage f\u00fcr zeitgen\u00f6ssische Klaviermusik.<br \/><br \/>2007 Leitung des Schulprojektes Improvisation bei der Musiktriennale K\u00f6ln. 2008 Leitung des Schulprojektes Improvisation beim Festival \u201eKlangK\u00f6rper. Neue Musik und Gender\u201c in K\u00f6ln. 2009 Leitung des Schulprojekts beim Forum Neue Musik &#8222;S\u00fcdamerika&#8220; des Deutschlandradio,\u00a0K\u00f6ln <br \/><br \/>Lektor und Dozent beim Modellversuch \u201eNeue Kammermusik an Musikschulen\u201c des Verbandes deutscher Musikschulen (VDM). <br \/><br \/>Ab 2003 Lehrbeauftragter f\u00fcr das Ensemblefach \u201emusikalische Kommunikation\u201c und f\u00fcr \u201eDidaktik der Improvisation\u201c am Institut f\u00fcr Musikp\u00e4dagogik an der Universit\u00e4t f\u00fcr Musik und darstellende Kunst, Wien. Seit 2018 auch Dozent f\u00fcr freie Improvisation am dortigen Institut f\u00fcr Kammermusik. \u00a0<br \/><br \/>2008 Abschluss der Dissertation \u201eDer sch\u00f6pferische Moment \u2013 Improvisation als soziale Kunst &#8211; \u00a0 \u00dcberlegungen zum k\u00fcnstlerischen und didaktischen Umgang mit dem Unerh\u00f6rten\u201c an der Universit\u00e4t f\u00fcr Musik und Darstellende Kunst, Wien. <br \/><br \/>2010 \u2013 2012 Mitarbeiter beim Forschungsprojekt \u201eQuo vadis, Teufelsgeiger?\u201c des FWF an der Universit\u00e4t f\u00fcr Musik und Darstellende Kunst, Wien. <br \/><br \/>2012 -2020 Leiter des Arbeitsbereiches Theorie, Forschung und Bibliothek am exploratorium berlin. J\u00e4hrliche internationale Symposien zur Improvisationsforschung, Aufbau einer Fachbibliothek, verschiedene Formate kollektiver k\u00fcnstlerischer Forschung. <br \/><br \/>Seit 2012 Entwicklung und Auff\u00fchrung des adhoc Musiktheater-Formats \u201eOffhandopera\u201c. Regelm\u00e4\u00dfige Auff\u00fchrungen in Berlin, Gastspiele in Wien, Linz und Oldenburg, K\u00f6ln. <br \/><br \/>Vorsitzender des Ring f\u00fcr Gruppenimprovisation e.V. von 2010 \u2013 2018.<br \/><br \/>2003 \u2013 2021 Redakteur der Fachzeitung Improfil, Fachzeitung f\u00fcr Theorie und Praxis improvisierter Musik.<\/p><p class=\"Stil16\">Intermedia Artist:\u00a0 <br \/>Ausstellungen in K\u00f6ln, Berlin, Budapest, Neubrandenburg, Schwerin, Pleetz.<\/p><p class=\"Stil16\">2018 Gr\u00fcndung des GM KunstRaum Pleetz, Ort f\u00fcr Kunst, Literatur und Musik (zusammen mit Gitta Martens). \u00a0Ausstellungen, Konzerte, Lesungen, Kunst- und Theaterprojekte<\/p><p class=\"Stil16\">2022 Aufnahme in den K\u00fcnstlerbund Mecklenburg und Vorpommern e.V. im BBK. Teilnahme mit einer Videoarbeit an der Landesschau 2022 in Schwerin<\/p><p class=\"Stil16\">2023 Gr\u00fcndung der emilie mayer gesellschaft f\u00fcr klassische und zeitgen\u00f6ssische Musik, Kunst und Literatur e.V. in Friedland\/Mecklenburg. Mitglied im Vorstand.<\/p>\t\t\t\t\t\t\t\t<\/div>\n\t\t\t\t<\/div>\n\t\t\t\t\t<\/div>\n\t\t\t\t<\/div>\n\t\t\t\t<\/div>\n\t\t","protected":false},"excerpt":{"rendered":"<p>BIOGRAFIE Studium Schulmusik,\u00a0 Instrumentalp\u00e4dagogikstudium mit Hauptfach Klavier an der Musikhochschule K\u00f6ln. Studium der Germanistik an der Universit\u00e4t zu K\u00f6ln. Aufbaustudium Musiktherapie \u00a0an der Universit\u00e4t Witten\/ Herdecke. 1987 \u2013 1999 Regionalschulleiter an der Rheinischen Musikschule der Stadt K\u00f6ln und Leiter des musikpraktischen Unterrichts am Musikgymnasium, K\u00f6ln. 1999 &#8211; 2012 Leiter des Fachbereichs Musiktheorie, Improvisation, Komposition und Medien (MIMKO) an der Rheinischen Musikschule, K\u00f6ln Musikalische Praxis als Pianist, Liedbegleiter, Kurator, Improvisator und Komponist von Theatermusik. Schwerpunkt: stiloffene musikalische Improvisation. 1987 Beginn mit Malerei als Intermedia Artist: Bilder zur Musik, visuelle thematische Projekte, Ausstellungsprojekte, Mitglied in der K\u00fcnstlergruppe K\u00f6ln Salon e.V. 1997 Gr\u00fcndung \u201eTheater Pianoforte\u201c (mit Gitta Martens): Theaterproduktionen rund um den franz\u00f6sischen Komponisten Erik Satie. Konzertprojekt \u201eFliesen f\u00fcr ein kleines schwarzes Gemach\u201c und Erik Satie-Improvisationsprojekt \u201eEinen Moment lang sichtbar sein\u201c. Theaterinszenierung \u201eDie Falle des Qualle\u201c, Regie: Gitta Martens. Seit 1998 Workshops Theatermusik an der Akademie Remscheid f\u00fcr musische Bildung und Medienerziehung. Gr\u00fcnder und Leiter der Musik-Ensembles ThePianoforteEnsemble und Ensemble Foliafolie. Entwicklung und Auff\u00fchrung verschiedener Musikprojekte: Foliafolie, Zapping Wanderer, Zapping Schostakowitsch, Zapping Silence. \u00a0Konzerttourneen, Rundfunkkonzerte und CD-Produktionen. 2002 \u2013 2007 Kurator der Konzertreihe \u201eMakromusik\u201c im Museum f\u00fcr Angewandte Kunst, K\u00f6ln. Spezielle Besetzungs- und Programmkonstellationen zwischen Improvisation und Komposition und verschiedenen Stilrichtungen.\u00a0 Makromusik-Projekte mit Ensemble Pentapiano &#8211; F\u00fcnf Pianisten an zwei Klavieren. Konzeptionen: Reinhard Gagel, Arrangements: Wolfgang Hoyer. 1999 Teilnahme an Meister-Kursen f\u00fcr Komposition bei Bettina Skryptchak und Dieter Schnebel in Boswil, Schweiz und 2003 f\u00fcr Klavier bei Gy\u00f6rgy Kurt\u00e1g, Wiener Tage f\u00fcr zeitgen\u00f6ssische Klaviermusik. 2007 Leitung des Schulprojektes Improvisation bei der Musiktriennale K\u00f6ln. 2008 Leitung des Schulprojektes Improvisation beim Festival \u201eKlangK\u00f6rper. Neue Musik und Gender\u201c in K\u00f6ln. 2009 Leitung des Schulprojekts beim Forum Neue Musik &#8222;S\u00fcdamerika&#8220; des Deutschlandradio,\u00a0K\u00f6ln Lektor und Dozent beim Modellversuch \u201eNeue Kammermusik an Musikschulen\u201c des Verbandes deutscher Musikschulen (VDM). Ab 2003 Lehrbeauftragter f\u00fcr das Ensemblefach \u201emusikalische Kommunikation\u201c und f\u00fcr \u201eDidaktik der Improvisation\u201c am Institut f\u00fcr Musikp\u00e4dagogik an der Universit\u00e4t f\u00fcr Musik und darstellende Kunst, Wien. Seit 2018 auch Dozent f\u00fcr freie Improvisation am dortigen Institut f\u00fcr Kammermusik. \u00a0 2008 Abschluss der Dissertation \u201eDer sch\u00f6pferische Moment \u2013 Improvisation als soziale Kunst &#8211; \u00a0 \u00dcberlegungen zum k\u00fcnstlerischen und didaktischen Umgang mit dem Unerh\u00f6rten\u201c an der Universit\u00e4t f\u00fcr Musik und Darstellende Kunst, Wien. 2010 \u2013 2012 Mitarbeiter beim Forschungsprojekt \u201eQuo vadis, Teufelsgeiger?\u201c des FWF an der Universit\u00e4t f\u00fcr Musik und Darstellende Kunst, Wien. 2012 -2020 Leiter des Arbeitsbereiches Theorie, Forschung und Bibliothek am exploratorium berlin. J\u00e4hrliche internationale Symposien zur Improvisationsforschung, Aufbau einer Fachbibliothek, verschiedene Formate kollektiver k\u00fcnstlerischer Forschung. Seit 2012 Entwicklung und Auff\u00fchrung des adhoc Musiktheater-Formats \u201eOffhandopera\u201c. Regelm\u00e4\u00dfige Auff\u00fchrungen in Berlin, Gastspiele in Wien, Linz und Oldenburg, K\u00f6ln. Vorsitzender des Ring f\u00fcr Gruppenimprovisation e.V. von 2010 \u2013 2018. 2003 \u2013 2021 Redakteur der Fachzeitung Improfil, Fachzeitung f\u00fcr Theorie und Praxis improvisierter Musik. Intermedia Artist:\u00a0 Ausstellungen in K\u00f6ln, Berlin, Budapest, Neubrandenburg, Schwerin, Pleetz. 2018 Gr\u00fcndung des GM KunstRaum Pleetz, Ort f\u00fcr Kunst, Literatur und Musik (zusammen mit Gitta Martens). \u00a0Ausstellungen, Konzerte, Lesungen, Kunst- und Theaterprojekte 2022 Aufnahme in den K\u00fcnstlerbund Mecklenburg und Vorpommern e.V. im BBK. Teilnahme mit einer Videoarbeit an der Landesschau 2022 in Schwerin 2023 Gr\u00fcndung der emilie mayer gesellschaft f\u00fcr klassische und zeitgen\u00f6ssische Musik, Kunst und Literatur e.V. in Friedland\/Mecklenburg. Mitglied im Vorstand.<\/p>\n","protected":false},"author":1,"featured_media":0,"parent":0,"menu_order":0,"comment_status":"closed","ping_status":"closed","template":"","meta":{"ocean_post_layout":"","ocean_both_sidebars_style":"","ocean_both_sidebars_content_width":0,"ocean_both_sidebars_sidebars_width":0,"ocean_sidebar":"0","ocean_second_sidebar":"0","ocean_disable_margins":"enable","ocean_add_body_class":"","ocean_shortcode_before_top_bar":"","ocean_shortcode_after_top_bar":"","ocean_shortcode_before_header":"","ocean_shortcode_after_header":"","ocean_has_shortcode":"","ocean_shortcode_after_title":"","ocean_shortcode_before_footer_widgets":"","ocean_shortcode_after_footer_widgets":"","ocean_shortcode_before_footer_bottom":"","ocean_shortcode_after_footer_bottom":"","ocean_display_top_bar":"default","ocean_display_header":"default","ocean_header_style":"","ocean_center_header_left_menu":"0","ocean_custom_header_template":"0","ocean_custom_logo":0,"ocean_custom_retina_logo":0,"ocean_custom_logo_max_width":0,"ocean_custom_logo_tablet_max_width":0,"ocean_custom_logo_mobile_max_width":0,"ocean_custom_logo_max_height":0,"ocean_custom_logo_tablet_max_height":0,"ocean_custom_logo_mobile_max_height":0,"ocean_header_custom_menu":"0","ocean_menu_typo_font_family":"0","ocean_menu_typo_font_subset":"","ocean_menu_typo_font_size":0,"ocean_menu_typo_font_size_tablet":0,"ocean_menu_typo_font_size_mobile":0,"ocean_menu_typo_font_size_unit":"px","ocean_menu_typo_font_weight":"","ocean_menu_typo_font_weight_tablet":"","ocean_menu_typo_font_weight_mobile":"","ocean_menu_typo_transform":"","ocean_menu_typo_transform_tablet":"","ocean_menu_typo_transform_mobile":"","ocean_menu_typo_line_height":0,"ocean_menu_typo_line_height_tablet":0,"ocean_menu_typo_line_height_mobile":0,"ocean_menu_typo_line_height_unit":"","ocean_menu_typo_spacing":0,"ocean_menu_typo_spacing_tablet":0,"ocean_menu_typo_spacing_mobile":0,"ocean_menu_typo_spacing_unit":"","ocean_menu_link_color":"","ocean_menu_link_color_hover":"","ocean_menu_link_color_active":"","ocean_menu_link_background":"","ocean_menu_link_hover_background":"","ocean_menu_link_active_background":"","ocean_menu_social_links_bg":"","ocean_menu_social_hover_links_bg":"","ocean_menu_social_links_color":"","ocean_menu_social_hover_links_color":"","ocean_disable_title":"default","ocean_disable_heading":"default","ocean_post_title":"","ocean_post_subheading":"","ocean_post_title_style":"","ocean_post_title_background_color":"","ocean_post_title_background":0,"ocean_post_title_bg_image_position":"","ocean_post_title_bg_image_attachment":"","ocean_post_title_bg_image_repeat":"","ocean_post_title_bg_image_size":"","ocean_post_title_height":0,"ocean_post_title_bg_overlay":0.5,"ocean_post_title_bg_overlay_color":"","ocean_disable_breadcrumbs":"default","ocean_breadcrumbs_color":"","ocean_breadcrumbs_separator_color":"","ocean_breadcrumbs_links_color":"","ocean_breadcrumbs_links_hover_color":"","ocean_display_footer_widgets":"default","ocean_display_footer_bottom":"default","ocean_custom_footer_template":"0","footnotes":""},"class_list":["post-13","page","type-page","status-publish","hentry","entry"],"_links":{"self":[{"href":"https:\/\/www.gmkunstraum.de\/rg\/wp-json\/wp\/v2\/pages\/13","targetHints":{"allow":["GET"]}}],"collection":[{"href":"https:\/\/www.gmkunstraum.de\/rg\/wp-json\/wp\/v2\/pages"}],"about":[{"href":"https:\/\/www.gmkunstraum.de\/rg\/wp-json\/wp\/v2\/types\/page"}],"author":[{"embeddable":true,"href":"https:\/\/www.gmkunstraum.de\/rg\/wp-json\/wp\/v2\/users\/1"}],"replies":[{"embeddable":true,"href":"https:\/\/www.gmkunstraum.de\/rg\/wp-json\/wp\/v2\/comments?post=13"}],"version-history":[{"count":42,"href":"https:\/\/www.gmkunstraum.de\/rg\/wp-json\/wp\/v2\/pages\/13\/revisions"}],"predecessor-version":[{"id":1125,"href":"https:\/\/www.gmkunstraum.de\/rg\/wp-json\/wp\/v2\/pages\/13\/revisions\/1125"}],"wp:attachment":[{"href":"https:\/\/www.gmkunstraum.de\/rg\/wp-json\/wp\/v2\/media?parent=13"}],"curies":[{"name":"wp","href":"https:\/\/api.w.org\/{rel}","templated":true}]}}