{"id":1000,"date":"2024-07-26T14:16:36","date_gmt":"2024-07-26T12:16:36","guid":{"rendered":"https:\/\/www.gmkunstraum.de\/rg\/?page_id=1000"},"modified":"2024-09-17T15:47:27","modified_gmt":"2024-09-17T13:47:27","slug":"intermedia","status":"publish","type":"page","link":"https:\/\/www.gmkunstraum.de\/rg\/intermedia\/","title":{"rendered":"Intermedia"},"content":{"rendered":"\t\t<div data-elementor-type=\"wp-page\" data-elementor-id=\"1000\" class=\"elementor elementor-1000\">\n\t\t\t\t<div class=\"elementor-element elementor-element-1d00dae e-flex e-con-boxed wpr-particle-no wpr-jarallax-no wpr-parallax-no wpr-sticky-section-no e-con e-parent\" data-id=\"1d00dae\" data-element_type=\"container\">\n\t\t\t\t\t<div class=\"e-con-inner\">\n\t\t\t\t\t<\/div>\n\t\t\t\t<\/div>\n\t\t<div class=\"elementor-element elementor-element-6a370d0 e-flex e-con-boxed wpr-particle-no wpr-jarallax-no wpr-parallax-no wpr-sticky-section-no e-con e-parent\" data-id=\"6a370d0\" data-element_type=\"container\">\n\t\t\t\t\t<div class=\"e-con-inner\">\n\t\t\t\t<div class=\"elementor-element elementor-element-5178f48 elementor-widget elementor-widget-heading\" data-id=\"5178f48\" data-element_type=\"widget\" data-widget_type=\"heading.default\">\n\t\t\t\t<div class=\"elementor-widget-container\">\n\t\t\t\t\t<h2 class=\"elementor-heading-title elementor-size-default\">Intermedia<\/h2>\t\t\t\t<\/div>\n\t\t\t\t<\/div>\n\t\t\t\t\t<\/div>\n\t\t\t\t<\/div>\n\t\t<div class=\"elementor-element elementor-element-a3bbad8 e-flex e-con-boxed wpr-particle-no wpr-jarallax-no wpr-parallax-no wpr-sticky-section-no e-con e-parent\" data-id=\"a3bbad8\" data-element_type=\"container\" data-settings=\"{&quot;background_background&quot;:&quot;classic&quot;}\">\n\t\t\t\t\t<div class=\"e-con-inner\">\n\t\t<div class=\"elementor-element elementor-element-cfc5649 e-con-full e-flex wpr-particle-no wpr-jarallax-no wpr-parallax-no wpr-sticky-section-no e-con e-child\" data-id=\"cfc5649\" data-element_type=\"container\">\n\t\t\t\t<div class=\"elementor-element elementor-element-2200148 elementor-widget elementor-widget-video\" data-id=\"2200148\" data-element_type=\"widget\" data-settings=\"{&quot;youtube_url&quot;:&quot;https:\\\/\\\/youtu.be\\\/n0yAIUbCn-0&quot;,&quot;video_type&quot;:&quot;youtube&quot;,&quot;controls&quot;:&quot;yes&quot;}\" data-widget_type=\"video.default\">\n\t\t\t\t<div class=\"elementor-widget-container\">\n\t\t\t\t\t\t\t<div class=\"elementor-wrapper elementor-open-inline\">\n\t\t\t<div class=\"elementor-video\"><\/div>\t\t<\/div>\n\t\t\t\t\t\t<\/div>\n\t\t\t\t<\/div>\n\t\t\t\t<div class=\"elementor-element elementor-element-db90ce9 elementor-widget elementor-widget-text-editor\" data-id=\"db90ce9\" data-element_type=\"widget\" data-widget_type=\"text-editor.default\">\n\t\t\t\t<div class=\"elementor-widget-container\">\n\t\t\t\t\t\t\t\t\t<p><strong><em>emilie taucht auf (2023)<\/em><\/strong><\/p>\t\t\t\t\t\t\t\t<\/div>\n\t\t\t\t<\/div>\n\t\t\t\t<\/div>\n\t\t<div class=\"elementor-element elementor-element-d996f7a e-con-full e-flex wpr-particle-no wpr-jarallax-no wpr-parallax-no wpr-sticky-section-no e-con e-child\" data-id=\"d996f7a\" data-element_type=\"container\">\n\t\t\t\t<div class=\"elementor-element elementor-element-72c3ecc elementor-widget elementor-widget-text-editor\" data-id=\"72c3ecc\" data-element_type=\"widget\" data-widget_type=\"text-editor.default\">\n\t\t\t\t<div class=\"elementor-widget-container\">\n\t\t\t\t\t\t\t\t\t<p><strong>emilie taucht auf (2023)<\/strong><\/p><p>In diesem Film geht es um die Wiederentdeckung der Komponistin Emilie Mayer (1812-1883). <em>Emilie taucht auf <\/em>verschmilzt ihren Lebensweg von Friedland i.M. bis Berlin mit den wenigen existenten Portr\u00e4ts und Schriftproben der K\u00fcnstlerin. Dieser Film wurde zum Festival <em>Mayerei 2023 &#8211; 4 Tage f\u00fcr Emilie<\/em> im September 2023 in Friedland i.M. produziert.<\/p>\t\t\t\t\t\t\t\t<\/div>\n\t\t\t\t<\/div>\n\t\t\t\t<\/div>\n\t\t\t\t\t<\/div>\n\t\t\t\t<\/div>\n\t\t<div class=\"elementor-element elementor-element-5843091 e-flex e-con-boxed wpr-particle-no wpr-jarallax-no wpr-parallax-no wpr-sticky-section-no e-con e-parent\" data-id=\"5843091\" data-element_type=\"container\">\n\t\t\t\t\t<div class=\"e-con-inner\">\n\t\t<div class=\"elementor-element elementor-element-197e5b4 e-con-full e-flex wpr-particle-no wpr-jarallax-no wpr-parallax-no wpr-sticky-section-no e-con e-child\" data-id=\"197e5b4\" data-element_type=\"container\">\n\t\t\t\t<div class=\"elementor-element elementor-element-32ff026 elementor-widget elementor-widget-video\" data-id=\"32ff026\" data-element_type=\"widget\" data-settings=\"{&quot;youtube_url&quot;:&quot;https:\\\/\\\/youtu.be\\\/_-KmHbHeC-o&quot;,&quot;video_type&quot;:&quot;youtube&quot;,&quot;controls&quot;:&quot;yes&quot;}\" data-widget_type=\"video.default\">\n\t\t\t\t<div class=\"elementor-widget-container\">\n\t\t\t\t\t\t\t<div class=\"elementor-wrapper elementor-open-inline\">\n\t\t\t<div class=\"elementor-video\"><\/div>\t\t<\/div>\n\t\t\t\t\t\t<\/div>\n\t\t\t\t<\/div>\n\t\t\t\t<div class=\"elementor-element elementor-element-79a6198 elementor-widget elementor-widget-text-editor\" data-id=\"79a6198\" data-element_type=\"widget\" data-widget_type=\"text-editor.default\">\n\t\t\t\t<div class=\"elementor-widget-container\">\n\t\t\t\t\t\t\t\t\t<p><strong><em>an I ove er (2023) 6\u00b4<\/em><\/strong><\/p>\t\t\t\t\t\t\t\t<\/div>\n\t\t\t\t<\/div>\n\t\t\t\t<\/div>\n\t\t<div class=\"elementor-element elementor-element-72536a2 e-con-full e-flex wpr-particle-no wpr-jarallax-no wpr-parallax-no wpr-sticky-section-no e-con e-child\" data-id=\"72536a2\" data-element_type=\"container\">\n\t\t\t\t<div class=\"elementor-element elementor-element-e4f59f0 elementor-widget elementor-widget-text-editor\" data-id=\"e4f59f0\" data-element_type=\"widget\" data-widget_type=\"text-editor.default\">\n\t\t\t\t<div class=\"elementor-widget-container\">\n\t\t\t\t\t\t\t\t\t<p><strong>an I ove er (2023) 6\u00b4<\/strong><\/p><p>Ein Video von Reinhard Gagel <em>Verwelken &#8211; Herbst vor dem Frost<\/em> trifft auf eine Klavier-Improvisation von Klaus Riedel \u00fcber den Song <em>And I Love Her<\/em>, den Paul McCartney und John Lennon 1964 f\u00fcr die LP <em>A Hard Days Night<\/em> komponiert haben. Die Harmonik und Form der Improvisation bedient sich einer \u00dcberarbeitung f\u00fcr Gitarre von Gregor Willms.<\/p>\t\t\t\t\t\t\t\t<\/div>\n\t\t\t\t<\/div>\n\t\t\t\t<\/div>\n\t\t\t\t\t<\/div>\n\t\t\t\t<\/div>\n\t\t<div class=\"elementor-element elementor-element-1d9a4f8 e-flex e-con-boxed wpr-particle-no wpr-jarallax-no wpr-parallax-no wpr-sticky-section-no e-con e-parent\" data-id=\"1d9a4f8\" data-element_type=\"container\" data-settings=\"{&quot;background_background&quot;:&quot;classic&quot;}\">\n\t\t\t\t\t<div class=\"e-con-inner\">\n\t\t<div class=\"elementor-element elementor-element-7668a3b e-con-full e-flex wpr-particle-no wpr-jarallax-no wpr-parallax-no wpr-sticky-section-no e-con e-child\" data-id=\"7668a3b\" data-element_type=\"container\">\n\t\t\t\t<div class=\"elementor-element elementor-element-22dbe95 elementor-widget elementor-widget-video\" data-id=\"22dbe95\" data-element_type=\"widget\" data-settings=\"{&quot;youtube_url&quot;:&quot;https:\\\/\\\/www.youtube.com\\\/watch?v=d6iHJXeIF6o&quot;,&quot;video_type&quot;:&quot;youtube&quot;,&quot;controls&quot;:&quot;yes&quot;}\" data-widget_type=\"video.default\">\n\t\t\t\t<div class=\"elementor-widget-container\">\n\t\t\t\t\t\t\t<div class=\"elementor-wrapper elementor-open-inline\">\n\t\t\t<div class=\"elementor-video\"><\/div>\t\t<\/div>\n\t\t\t\t\t\t<\/div>\n\t\t\t\t<\/div>\n\t\t\t\t<div class=\"elementor-element elementor-element-05fe187 elementor-widget elementor-widget-text-editor\" data-id=\"05fe187\" data-element_type=\"widget\" data-widget_type=\"text-editor.default\">\n\t\t\t\t<div class=\"elementor-widget-container\">\n\t\t\t\t\t\t\t\t\t<p><strong>Das Taumeln der Materie (2022) 48\u00b4<\/strong><\/p><p><strong><em>\u00a0<\/em><\/strong><\/p>\t\t\t\t\t\t\t\t<\/div>\n\t\t\t\t<\/div>\n\t\t\t\t<\/div>\n\t\t<div class=\"elementor-element elementor-element-56739ab e-con-full e-flex wpr-particle-no wpr-jarallax-no wpr-parallax-no wpr-sticky-section-no e-con e-child\" data-id=\"56739ab\" data-element_type=\"container\">\n\t\t\t\t<div class=\"elementor-element elementor-element-b38aee2 elementor-widget elementor-widget-text-editor\" data-id=\"b38aee2\" data-element_type=\"widget\" data-widget_type=\"text-editor.default\">\n\t\t\t\t<div class=\"elementor-widget-container\">\n\t\t\t\t\t\t\t\t\t<p><strong>Das Taumeln der Materie (2022) 48\u00b4<\/strong><\/p><p>Der polnische Autor und Zeichner Bruno Schulz (1892-1942) fasziniert durch seine schwindelerregenden fantastischen Sprach- und Bildlabyrinthe. Er gilt in Polen als einer der wichtigsten Autoren des 20. Jahrhunderts. Mit einer Collage mit Bildern, Video, Musik und Texten reagieren der Intermedia K\u00fcnstler Reinhard Gagel, die Autorin Gitta Martens und der Komponist Sascha Dragicevic auf seine bildgewaltig melancholische Sprachwelt.<\/p><p>Reinhard Gagel: Bilder, Video.<br \/>Gitta Martens: Text-Collage und eigene Texte, Sprecherin.<br \/>Sascha Dragicevic Klavier (Innenraum), Live-Elektronik.<br \/>Reinhard Gagel: Mini Moog Synthesizer und Akkordeon.<\/p><p><strong><em>\u00a0<\/em><\/strong><\/p>\t\t\t\t\t\t\t\t<\/div>\n\t\t\t\t<\/div>\n\t\t\t\t<\/div>\n\t\t\t\t\t<\/div>\n\t\t\t\t<\/div>\n\t\t<div class=\"elementor-element elementor-element-a700e2b e-flex e-con-boxed wpr-particle-no wpr-jarallax-no wpr-parallax-no wpr-sticky-section-no e-con e-parent\" data-id=\"a700e2b\" data-element_type=\"container\">\n\t\t\t\t\t<div class=\"e-con-inner\">\n\t\t<div class=\"elementor-element elementor-element-324090b e-con-full e-flex wpr-particle-no wpr-jarallax-no wpr-parallax-no wpr-sticky-section-no e-con e-child\" data-id=\"324090b\" data-element_type=\"container\">\n\t\t\t\t<div class=\"elementor-element elementor-element-4c9312d elementor-widget elementor-widget-video\" data-id=\"4c9312d\" data-element_type=\"widget\" data-settings=\"{&quot;youtube_url&quot;:&quot;https:\\\/\\\/youtu.be\\\/gYwlgV2JYt4&quot;,&quot;video_type&quot;:&quot;youtube&quot;,&quot;controls&quot;:&quot;yes&quot;}\" data-widget_type=\"video.default\">\n\t\t\t\t<div class=\"elementor-widget-container\">\n\t\t\t\t\t\t\t<div class=\"elementor-wrapper elementor-open-inline\">\n\t\t\t<div class=\"elementor-video\"><\/div>\t\t<\/div>\n\t\t\t\t\t\t<\/div>\n\t\t\t\t<\/div>\n\t\t\t\t<div class=\"elementor-element elementor-element-e512931 elementor-widget elementor-widget-text-editor\" data-id=\"e512931\" data-element_type=\"widget\" data-widget_type=\"text-editor.default\">\n\t\t\t\t<div class=\"elementor-widget-container\">\n\t\t\t\t\t\t\t\t\t<p><strong><em>Feuerstelle Performance (2021) 35\u00b4<\/em><\/strong><\/p>\t\t\t\t\t\t\t\t<\/div>\n\t\t\t\t<\/div>\n\t\t\t\t<\/div>\n\t\t<div class=\"elementor-element elementor-element-152ad98 e-con-full e-flex wpr-particle-no wpr-jarallax-no wpr-parallax-no wpr-sticky-section-no e-con e-child\" data-id=\"152ad98\" data-element_type=\"container\">\n\t\t\t\t<div class=\"elementor-element elementor-element-ed5c674 elementor-widget elementor-widget-text-editor\" data-id=\"ed5c674\" data-element_type=\"widget\" data-widget_type=\"text-editor.default\">\n\t\t\t\t<div class=\"elementor-widget-container\">\n\t\t\t\t\t\t\t\t\t<p><strong>Feuerstelle Performance (2021) 35\u00b4<br \/><\/strong>2.10.2021 GM KunstRaum Pleetz<\/p><p><strong>Lyrik-Video-Musik-Performance<\/strong><br \/>Texte von Gitta Martens, Bilder von Reinhard Gagel.<br \/>Musik von Ulrike Brand und Reinhard Gagel.<br \/>Gitta Martens, Texte, Sprecherin.<br \/>Reinhard Gagel, Bilder, Film.<br \/>Ulrike Brand, Violoncello.<br \/>Reinhard Gagel, Klavier Minimoog Synthesizer.<br \/>Poetry-Video-Music-Performance.<\/p><p>Das Video <em>Feuerstelle 2<\/em> von Reinhard Gagel zeigt einen Ort, der zerst\u00f6rt ist, an dem Postkarten, Texte, Materialien, Souvenirs verbrannt sind und f\u00fcr die Nachwelt nur noch von etwas Gewesenem zeugen.<br \/>Gitta Martens umkreist in ihren Gedichten diese Feuerstelle, setzt sich poetisch mit deren konkreter und abstrakter Materialit\u00e4t auseinander, bezieht sich auf die bildnerischen Arbeitsverfahren wie vergr\u00f6\u00dfern, verkleinern und \u00fcberblenden. Dabei streift sie Politisches, indem sie geschichtliche Ereignisse und aktuelle Bez\u00fcge herstellt, sich aber auch auf Naturerlebnisse, Gef\u00fchlslagen und das allt\u00e4gliche Leben bezieht.<\/p><p>F\u00fcr die Pr\u00e4sentation w\u00e4hlen wir, die offene Form einer Performance als nicht vorfixierter Begegnung.\u00a0 Video\/Bild und Text\/Stimme finden sich aus dem Moment, im Nebeneinander mit improvisierter Musik, so dass sich sowohl f\u00fcr uns K\u00fcnstler wie auch f\u00fcr die anwesenden Zuschauer einmalige Bez\u00fcge ergeben.<\/p>\t\t\t\t\t\t\t\t<\/div>\n\t\t\t\t<\/div>\n\t\t\t\t<\/div>\n\t\t\t\t\t<\/div>\n\t\t\t\t<\/div>\n\t\t<div class=\"elementor-element elementor-element-44d4ed0 e-flex e-con-boxed wpr-particle-no wpr-jarallax-no wpr-parallax-no wpr-sticky-section-no e-con e-parent\" data-id=\"44d4ed0\" data-element_type=\"container\" data-settings=\"{&quot;background_background&quot;:&quot;classic&quot;}\">\n\t\t\t\t\t<div class=\"e-con-inner\">\n\t\t<div class=\"elementor-element elementor-element-27e2b08 e-con-full e-flex wpr-particle-no wpr-jarallax-no wpr-parallax-no wpr-sticky-section-no e-con e-child\" data-id=\"27e2b08\" data-element_type=\"container\">\n\t\t\t\t<div class=\"elementor-element elementor-element-dc416c8 elementor-widget elementor-widget-video\" data-id=\"dc416c8\" data-element_type=\"widget\" data-settings=\"{&quot;youtube_url&quot;:&quot;https:\\\/\\\/youtu.be\\\/aOpg7PcIbBU&quot;,&quot;video_type&quot;:&quot;youtube&quot;,&quot;controls&quot;:&quot;yes&quot;}\" data-widget_type=\"video.default\">\n\t\t\t\t<div class=\"elementor-widget-container\">\n\t\t\t\t\t\t\t<div class=\"elementor-wrapper elementor-open-inline\">\n\t\t\t<div class=\"elementor-video\"><\/div>\t\t<\/div>\n\t\t\t\t\t\t<\/div>\n\t\t\t\t<\/div>\n\t\t\t\t<div class=\"elementor-element elementor-element-14373eb elementor-widget elementor-widget-text-editor\" data-id=\"14373eb\" data-element_type=\"widget\" data-widget_type=\"text-editor.default\">\n\t\t\t\t<div class=\"elementor-widget-container\">\n\t\t\t\t\t\t\t\t\t<p><strong><em>Wei\u00dfRaum 2 (Skulptur am Rande des Wei\u00df) 2019 12\u00b413\u00b4\u00b4<\/em><\/strong><\/p>\t\t\t\t\t\t\t\t<\/div>\n\t\t\t\t<\/div>\n\t\t\t\t<\/div>\n\t\t<div class=\"elementor-element elementor-element-06b0763 e-con-full e-flex wpr-particle-no wpr-jarallax-no wpr-parallax-no wpr-sticky-section-no e-con e-child\" data-id=\"06b0763\" data-element_type=\"container\">\n\t\t\t\t<div class=\"elementor-element elementor-element-c0b8de9 elementor-widget elementor-widget-text-editor\" data-id=\"c0b8de9\" data-element_type=\"widget\" data-widget_type=\"text-editor.default\">\n\t\t\t\t<div class=\"elementor-widget-container\">\n\t\t\t\t\t\t\t\t\t<p><strong>Wei\u00dfRaum 2 (Skulptur am Rande des Wei\u00df) 2019 12\u00b413\u00b4\u00b4<br \/><\/strong>Zeichnung, Videobild und Musik: Reinhard Gagel.<\/p><p>Meine Video-Arbeit <em>Wei\u00dfRaum 2 (Skulptur am Rande des Wei\u00df)<\/em> aus der Trilogie <em>Wei\u00dfRaum 1-3<\/em> zeigt das zarte, dann immer st\u00e4rkere Aufgehen, Auff\u00fcllen und Wiederfinden und das Verblassen, das Vergehen, den Verlust. Leere ist ein Raum, in den und in dem Alles verschwindet.<\/p><p>Die Leere ist aber auch ein Raum, aus dem alles wieder entsteht. Wei\u00df macht den Raum, den Erdraum orientierungslos. Ein Nirgends im grellen Licht. Elemente, die sich dem Wei\u00df erst entgegenstellen, l\u00f6sen sich auf. Die Vorg\u00e4nge sind ortlos. Es ist unmerkliches Aufbauen und Werden und Abnutzen und Zerfallen, die in einem undefinierbaren Raum stattfinden. Der Prozess geht vor- und r\u00fcckw\u00e4rts. Spuren scheinen auf, verschwinden, bauen sich wieder zusammen. Die Langsamkeit ist ganz Spannung, einzelne Partikel kommen aus dem leeren Wei\u00df zur\u00fcck, unver\u00e4ndert, setzen sich wieder zusammen. Sie widerstehen der Leere erneut und bilden wieder die alten Elemente, um sich dann erneut dem Wei\u00df zu ergeben. Dieser Vorgang ist zwanghaft, erlaubt keinen Ausweg. Es kommt nichts Neues, was geschieht und geschehen wird, ist <em>alles gewusst alles wei\u00df<\/em> (Beckett).<\/p>\t\t\t\t\t\t\t\t<\/div>\n\t\t\t\t<\/div>\n\t\t\t\t<\/div>\n\t\t\t\t\t<\/div>\n\t\t\t\t<\/div>\n\t\t<div class=\"elementor-element elementor-element-12575d0 e-flex e-con-boxed wpr-particle-no wpr-jarallax-no wpr-parallax-no wpr-sticky-section-no e-con e-parent\" data-id=\"12575d0\" data-element_type=\"container\">\n\t\t\t\t\t<div class=\"e-con-inner\">\n\t\t<div class=\"elementor-element elementor-element-8089765 e-con-full e-flex wpr-particle-no wpr-jarallax-no wpr-parallax-no wpr-sticky-section-no e-con e-child\" data-id=\"8089765\" data-element_type=\"container\">\n\t\t\t\t<div class=\"elementor-element elementor-element-f1541eb elementor-widget elementor-widget-video\" data-id=\"f1541eb\" data-element_type=\"widget\" data-settings=\"{&quot;youtube_url&quot;:&quot;https:\\\/\\\/youtu.be\\\/GGX9Ho_ri-k&quot;,&quot;video_type&quot;:&quot;youtube&quot;,&quot;controls&quot;:&quot;yes&quot;}\" data-widget_type=\"video.default\">\n\t\t\t\t<div class=\"elementor-widget-container\">\n\t\t\t\t\t\t\t<div class=\"elementor-wrapper elementor-open-inline\">\n\t\t\t<div class=\"elementor-video\"><\/div>\t\t<\/div>\n\t\t\t\t\t\t<\/div>\n\t\t\t\t<\/div>\n\t\t\t\t<div class=\"elementor-element elementor-element-9198214 elementor-widget elementor-widget-text-editor\" data-id=\"9198214\" data-element_type=\"widget\" data-widget_type=\"text-editor.default\">\n\t\t\t\t<div class=\"elementor-widget-container\">\n\t\t\t\t\t\t\t\t\t<p><strong><em>Hinter Z\u00e4unen &#8211; \u00fcber Grenzen (2018) 38\u00b4<\/em><\/strong><\/p>\t\t\t\t\t\t\t\t<\/div>\n\t\t\t\t<\/div>\n\t\t\t\t<\/div>\n\t\t<div class=\"elementor-element elementor-element-734fe7c e-con-full e-flex wpr-particle-no wpr-jarallax-no wpr-parallax-no wpr-sticky-section-no e-con e-child\" data-id=\"734fe7c\" data-element_type=\"container\">\n\t\t\t\t<div class=\"elementor-element elementor-element-9d3994c elementor-widget elementor-widget-text-editor\" data-id=\"9d3994c\" data-element_type=\"widget\" data-widget_type=\"text-editor.default\">\n\t\t\t\t<div class=\"elementor-widget-container\">\n\t\t\t\t\t\t\t\t\t<p><strong>Hinter Z\u00e4unen &#8211; \u00fcber Grenzen (2018) 38\u00b4<br \/><\/strong>Performance Liveaufnahme GM KunstRaum Pleetz 9.10.18<\/p><p>Klaus Holsten: Fl\u00f6ten.<br \/>Reinhard Gagel: Bilder, Video; Piano, Moog Synthesizer.<br \/>Gitta Martens: Texte, Sprecherin.<\/p><p>Ausgangspunkt dieser musikalischen Bild-Musik-Text Performance ist die Erfahrung von Enteignung und Vertreibung. Ausgrenzung erweitert sich vom individuellen Schicksal zu einer gesellschaftlichen Erfahrung, die auch Fragen von Identit\u00e4t und Kultur ber\u00fchren. Reinhard Gagel hat dazu eigene Fotografien durch \u00dcbermalung neu interpretiert. Gitta Martens hat die Bilderserie in einem Langgedicht poetisch reflektiert. Klaus Holsten und Reinhard Gagel komponieren spontan und f\u00fcgen dem Text und den Bildern eine musikalische Ebene hinzu, die sie adhoc aus der Performance selbst entwickeln.<\/p><p>Gitta Martens ist Autorin, Sprecherin und Regisseurin und schreibt Gedichte und Kurzgeschichten. Der Fl\u00f6tist Klaus Holsten und der Pianist Reinhard Gagel haben musikalisch klassische Wurzeln und improvisieren seit einigen Jahren im Duo. Reinhard Gagel arbeitet als Intermedia K\u00fcnstler und kombiniert seine Bilder mit Sprache und Klang.<\/p>\t\t\t\t\t\t\t\t<\/div>\n\t\t\t\t<\/div>\n\t\t\t\t<\/div>\n\t\t\t\t\t<\/div>\n\t\t\t\t<\/div>\n\t\t\t\t<\/div>\n\t\t","protected":false},"excerpt":{"rendered":"<p>Intermedia https:\/\/youtu.be\/n0yAIUbCn-0 emilie taucht auf (2023) emilie taucht auf (2023) In diesem Film geht es um die Wiederentdeckung der Komponistin Emilie Mayer (1812-1883). Emilie taucht auf verschmilzt ihren Lebensweg von Friedland i.M. bis Berlin mit den wenigen existenten Portr\u00e4ts und Schriftproben der K\u00fcnstlerin. Dieser Film wurde zum Festival Mayerei 2023 &#8211; 4 Tage f\u00fcr Emilie im September 2023 in Friedland i.M. produziert. https:\/\/youtu.be\/_-KmHbHeC-o an I ove er (2023) 6\u00b4 an I ove er (2023) 6\u00b4 Ein Video von Reinhard Gagel Verwelken &#8211; Herbst vor dem Frost trifft auf eine Klavier-Improvisation von Klaus Riedel \u00fcber den Song And I Love Her, den Paul McCartney und John Lennon 1964 f\u00fcr die LP A Hard Days Night komponiert haben. Die Harmonik und Form der Improvisation bedient sich einer \u00dcberarbeitung f\u00fcr Gitarre von Gregor Willms. https:\/\/www.youtube.com\/watch?v=d6iHJXeIF6o Das Taumeln der Materie (2022) 48\u00b4 \u00a0 Das Taumeln der Materie (2022) 48\u00b4 Der polnische Autor und Zeichner Bruno Schulz (1892-1942) fasziniert durch seine schwindelerregenden fantastischen Sprach- und Bildlabyrinthe. Er gilt in Polen als einer der wichtigsten Autoren des 20. Jahrhunderts. Mit einer Collage mit Bildern, Video, Musik und Texten reagieren der Intermedia K\u00fcnstler Reinhard Gagel, die Autorin Gitta Martens und der Komponist Sascha Dragicevic auf seine bildgewaltig melancholische Sprachwelt. Reinhard Gagel: Bilder, Video.Gitta Martens: Text-Collage und eigene Texte, Sprecherin.Sascha Dragicevic Klavier (Innenraum), Live-Elektronik.Reinhard Gagel: Mini Moog Synthesizer und Akkordeon. \u00a0 https:\/\/youtu.be\/gYwlgV2JYt4 Feuerstelle Performance (2021) 35\u00b4 Feuerstelle Performance (2021) 35\u00b42.10.2021 GM KunstRaum Pleetz Lyrik-Video-Musik-PerformanceTexte von Gitta Martens, Bilder von Reinhard Gagel.Musik von Ulrike Brand und Reinhard Gagel.Gitta Martens, Texte, Sprecherin.Reinhard Gagel, Bilder, Film.Ulrike Brand, Violoncello.Reinhard Gagel, Klavier Minimoog Synthesizer.Poetry-Video-Music-Performance. Das Video Feuerstelle 2 von Reinhard Gagel zeigt einen Ort, der zerst\u00f6rt ist, an dem Postkarten, Texte, Materialien, Souvenirs verbrannt sind und f\u00fcr die Nachwelt nur noch von etwas Gewesenem zeugen.Gitta Martens umkreist in ihren Gedichten diese Feuerstelle, setzt sich poetisch mit deren konkreter und abstrakter Materialit\u00e4t auseinander, bezieht sich auf die bildnerischen Arbeitsverfahren wie vergr\u00f6\u00dfern, verkleinern und \u00fcberblenden. Dabei streift sie Politisches, indem sie geschichtliche Ereignisse und aktuelle Bez\u00fcge herstellt, sich aber auch auf Naturerlebnisse, Gef\u00fchlslagen und das allt\u00e4gliche Leben bezieht. F\u00fcr die Pr\u00e4sentation w\u00e4hlen wir, die offene Form einer Performance als nicht vorfixierter Begegnung.\u00a0 Video\/Bild und Text\/Stimme finden sich aus dem Moment, im Nebeneinander mit improvisierter Musik, so dass sich sowohl f\u00fcr uns K\u00fcnstler wie auch f\u00fcr die anwesenden Zuschauer einmalige Bez\u00fcge ergeben. https:\/\/youtu.be\/aOpg7PcIbBU Wei\u00dfRaum 2 (Skulptur am Rande des Wei\u00df) 2019 12\u00b413\u00b4\u00b4 Wei\u00dfRaum 2 (Skulptur am Rande des Wei\u00df) 2019 12\u00b413\u00b4\u00b4Zeichnung, Videobild und Musik: Reinhard Gagel. Meine Video-Arbeit Wei\u00dfRaum 2 (Skulptur am Rande des Wei\u00df) aus der Trilogie Wei\u00dfRaum 1-3 zeigt das zarte, dann immer st\u00e4rkere Aufgehen, Auff\u00fcllen und Wiederfinden und das Verblassen, das Vergehen, den Verlust. Leere ist ein Raum, in den und in dem Alles verschwindet. Die Leere ist aber auch ein Raum, aus dem alles wieder entsteht. Wei\u00df macht den Raum, den Erdraum orientierungslos. Ein Nirgends im grellen Licht. Elemente, die sich dem Wei\u00df erst entgegenstellen, l\u00f6sen sich auf. Die Vorg\u00e4nge sind ortlos. Es ist unmerkliches Aufbauen und Werden und Abnutzen und Zerfallen, die in einem undefinierbaren Raum stattfinden. Der Prozess geht vor- und r\u00fcckw\u00e4rts. Spuren scheinen auf, verschwinden, bauen sich wieder zusammen. Die Langsamkeit ist ganz Spannung, einzelne Partikel kommen aus dem leeren Wei\u00df zur\u00fcck, unver\u00e4ndert, setzen sich wieder zusammen. Sie widerstehen der Leere erneut und bilden wieder die alten Elemente, um sich dann erneut dem Wei\u00df zu ergeben. Dieser Vorgang ist zwanghaft, erlaubt keinen Ausweg. Es kommt nichts Neues, was geschieht und geschehen wird, ist alles gewusst alles wei\u00df (Beckett). https:\/\/youtu.be\/GGX9Ho_ri-k Hinter Z\u00e4unen &#8211; \u00fcber Grenzen (2018) 38\u00b4 Hinter Z\u00e4unen &#8211; \u00fcber Grenzen (2018) 38\u00b4Performance Liveaufnahme GM KunstRaum Pleetz 9.10.18 Klaus Holsten: Fl\u00f6ten.Reinhard Gagel: Bilder, Video; Piano, Moog Synthesizer.Gitta Martens: Texte, Sprecherin. Ausgangspunkt dieser musikalischen Bild-Musik-Text Performance ist die Erfahrung von Enteignung und Vertreibung. Ausgrenzung erweitert sich vom individuellen Schicksal zu einer gesellschaftlichen Erfahrung, die auch Fragen von Identit\u00e4t und Kultur ber\u00fchren. Reinhard Gagel hat dazu eigene Fotografien durch \u00dcbermalung neu interpretiert. Gitta Martens hat die Bilderserie in einem Langgedicht poetisch reflektiert. Klaus Holsten und Reinhard Gagel komponieren spontan und f\u00fcgen dem Text und den Bildern eine musikalische Ebene hinzu, die sie adhoc aus der Performance selbst entwickeln. Gitta Martens ist Autorin, Sprecherin und Regisseurin und schreibt Gedichte und Kurzgeschichten. Der Fl\u00f6tist Klaus Holsten und der Pianist Reinhard Gagel haben musikalisch klassische Wurzeln und improvisieren seit einigen Jahren im Duo. Reinhard Gagel arbeitet als Intermedia K\u00fcnstler und kombiniert seine Bilder mit Sprache und Klang.<\/p>\n","protected":false},"author":1,"featured_media":0,"parent":0,"menu_order":0,"comment_status":"closed","ping_status":"closed","template":"","meta":{"ocean_post_layout":"","ocean_both_sidebars_style":"","ocean_both_sidebars_content_width":0,"ocean_both_sidebars_sidebars_width":0,"ocean_sidebar":"0","ocean_second_sidebar":"0","ocean_disable_margins":"on","ocean_add_body_class":"","ocean_shortcode_before_top_bar":"","ocean_shortcode_after_top_bar":"","ocean_shortcode_before_header":"","ocean_shortcode_after_header":"","ocean_has_shortcode":"","ocean_shortcode_after_title":"","ocean_shortcode_before_footer_widgets":"","ocean_shortcode_after_footer_widgets":"","ocean_shortcode_before_footer_bottom":"","ocean_shortcode_after_footer_bottom":"","ocean_display_top_bar":"default","ocean_display_header":"default","ocean_header_style":"","ocean_center_header_left_menu":"0","ocean_custom_header_template":"0","ocean_custom_logo":0,"ocean_custom_retina_logo":0,"ocean_custom_logo_max_width":0,"ocean_custom_logo_tablet_max_width":0,"ocean_custom_logo_mobile_max_width":0,"ocean_custom_logo_max_height":0,"ocean_custom_logo_tablet_max_height":0,"ocean_custom_logo_mobile_max_height":0,"ocean_header_custom_menu":"0","ocean_menu_typo_font_family":"0","ocean_menu_typo_font_subset":"","ocean_menu_typo_font_size":0,"ocean_menu_typo_font_size_tablet":0,"ocean_menu_typo_font_size_mobile":0,"ocean_menu_typo_font_size_unit":"px","ocean_menu_typo_font_weight":"","ocean_menu_typo_font_weight_tablet":"","ocean_menu_typo_font_weight_mobile":"","ocean_menu_typo_transform":"","ocean_menu_typo_transform_tablet":"","ocean_menu_typo_transform_mobile":"","ocean_menu_typo_line_height":0,"ocean_menu_typo_line_height_tablet":0,"ocean_menu_typo_line_height_mobile":0,"ocean_menu_typo_line_height_unit":"","ocean_menu_typo_spacing":0,"ocean_menu_typo_spacing_tablet":0,"ocean_menu_typo_spacing_mobile":0,"ocean_menu_typo_spacing_unit":"","ocean_menu_link_color":"","ocean_menu_link_color_hover":"","ocean_menu_link_color_active":"","ocean_menu_link_background":"","ocean_menu_link_hover_background":"","ocean_menu_link_active_background":"","ocean_menu_social_links_bg":"","ocean_menu_social_hover_links_bg":"","ocean_menu_social_links_color":"","ocean_menu_social_hover_links_color":"","ocean_disable_title":"default","ocean_disable_heading":"default","ocean_post_title":"","ocean_post_subheading":"","ocean_post_title_style":"","ocean_post_title_background_color":"","ocean_post_title_background":0,"ocean_post_title_bg_image_position":"","ocean_post_title_bg_image_attachment":"","ocean_post_title_bg_image_repeat":"","ocean_post_title_bg_image_size":"","ocean_post_title_height":0,"ocean_post_title_bg_overlay":0.5,"ocean_post_title_bg_overlay_color":"","ocean_disable_breadcrumbs":"default","ocean_breadcrumbs_color":"","ocean_breadcrumbs_separator_color":"","ocean_breadcrumbs_links_color":"","ocean_breadcrumbs_links_hover_color":"","ocean_display_footer_widgets":"default","ocean_display_footer_bottom":"default","ocean_custom_footer_template":"0","footnotes":""},"class_list":["post-1000","page","type-page","status-publish","hentry","entry"],"_links":{"self":[{"href":"https:\/\/www.gmkunstraum.de\/rg\/wp-json\/wp\/v2\/pages\/1000","targetHints":{"allow":["GET"]}}],"collection":[{"href":"https:\/\/www.gmkunstraum.de\/rg\/wp-json\/wp\/v2\/pages"}],"about":[{"href":"https:\/\/www.gmkunstraum.de\/rg\/wp-json\/wp\/v2\/types\/page"}],"author":[{"embeddable":true,"href":"https:\/\/www.gmkunstraum.de\/rg\/wp-json\/wp\/v2\/users\/1"}],"replies":[{"embeddable":true,"href":"https:\/\/www.gmkunstraum.de\/rg\/wp-json\/wp\/v2\/comments?post=1000"}],"version-history":[{"count":47,"href":"https:\/\/www.gmkunstraum.de\/rg\/wp-json\/wp\/v2\/pages\/1000\/revisions"}],"predecessor-version":[{"id":1138,"href":"https:\/\/www.gmkunstraum.de\/rg\/wp-json\/wp\/v2\/pages\/1000\/revisions\/1138"}],"wp:attachment":[{"href":"https:\/\/www.gmkunstraum.de\/rg\/wp-json\/wp\/v2\/media?parent=1000"}],"curies":[{"name":"wp","href":"https:\/\/api.w.org\/{rel}","templated":true}]}}