{"id":20,"date":"2024-03-27T14:39:52","date_gmt":"2024-03-27T13:39:52","guid":{"rendered":"https:\/\/www.gmkunstraum.de\/gm\/?page_id=20"},"modified":"2024-08-17T08:14:09","modified_gmt":"2024-08-17T06:14:09","slug":"texte","status":"publish","type":"page","link":"https:\/\/www.gmkunstraum.de\/gm\/texte\/","title":{"rendered":"Ver\u00f6ffentlichungen"},"content":{"rendered":"\t\t<div data-elementor-type=\"wp-page\" data-elementor-id=\"20\" class=\"elementor elementor-20\">\n\t\t\t\t<div class=\"elementor-element elementor-element-b394726 e-flex e-con-boxed e-con e-parent\" data-id=\"b394726\" data-element_type=\"container\">\n\t\t\t\t\t<div class=\"e-con-inner\">\n\t\t\t\t\t<\/div>\n\t\t\t\t<\/div>\n\t\t<div class=\"elementor-element elementor-element-23001f4 e-flex e-con-boxed e-con e-parent\" data-id=\"23001f4\" data-element_type=\"container\" data-settings=\"{&quot;background_background&quot;:&quot;classic&quot;}\">\n\t\t\t\t\t<div class=\"e-con-inner\">\n\t\t\t\t<div class=\"elementor-element elementor-element-a05bcda elementor-widget elementor-widget-heading\" data-id=\"a05bcda\" data-element_type=\"widget\" data-widget_type=\"heading.default\">\n\t\t\t\t<div class=\"elementor-widget-container\">\n\t\t\t\t\t<h2 class=\"elementor-heading-title elementor-size-default\">VER\u00d6FFENTLICHUNGEN als Autorin und Herausgeberin<\/h2>\t\t\t\t<\/div>\n\t\t\t\t<\/div>\n\t\t\t\t\t<\/div>\n\t\t\t\t<\/div>\n\t\t<div class=\"elementor-element elementor-element-29f6149 e-flex e-con-boxed e-con e-parent\" data-id=\"29f6149\" data-element_type=\"container\" data-settings=\"{&quot;background_background&quot;:&quot;classic&quot;}\">\n\t\t\t\t\t<div class=\"e-con-inner\">\n\t\t<div class=\"elementor-element elementor-element-7393407 e-con-full e-flex e-con e-child\" data-id=\"7393407\" data-element_type=\"container\">\n\t\t\t\t<div class=\"elementor-element elementor-element-9386510 elementor-widget elementor-widget-image\" data-id=\"9386510\" data-element_type=\"widget\" data-widget_type=\"image.default\">\n\t\t\t\t<div class=\"elementor-widget-container\">\n\t\t\t\t\t\t\t\t\t\t\t\t\t\t\t<img fetchpriority=\"high\" decoding=\"async\" width=\"1024\" height=\"971\" src=\"https:\/\/www.gmkunstraum.de\/gm\/wp-content\/uploads\/2024\/05\/Taumeln_derMaterie.kl_-1024x971.png\" class=\"attachment-large size-large wp-image-1429\" alt=\"Das Taumeln der Materie\" srcset=\"https:\/\/www.gmkunstraum.de\/gm\/wp-content\/uploads\/2024\/05\/Taumeln_derMaterie.kl_-1024x971.png 1024w, https:\/\/www.gmkunstraum.de\/gm\/wp-content\/uploads\/2024\/05\/Taumeln_derMaterie.kl_-300x285.png 300w, https:\/\/www.gmkunstraum.de\/gm\/wp-content\/uploads\/2024\/05\/Taumeln_derMaterie.kl_-768x728.png 768w, https:\/\/www.gmkunstraum.de\/gm\/wp-content\/uploads\/2024\/05\/Taumeln_derMaterie.kl_.png 1200w\" sizes=\"(max-width: 1024px) 100vw, 1024px\" \/>\t\t\t\t\t\t\t\t\t\t\t\t\t\t\t<\/div>\n\t\t\t\t<\/div>\n\t\t\t\t<\/div>\n\t\t<div class=\"elementor-element elementor-element-00b86cf e-con-full e-flex e-con e-child\" data-id=\"00b86cf\" data-element_type=\"container\">\n\t\t\t\t<div class=\"elementor-element elementor-element-a70730f elementor-widget elementor-widget-text-editor\" data-id=\"a70730f\" data-element_type=\"widget\" data-widget_type=\"text-editor.default\">\n\t\t\t\t<div class=\"elementor-widget-container\">\n\t\t\t\t\t\t\t\t\t<p>Intermedia-Performance (Bild, Musik, Text)<br \/>zusammen mit Reinhard Gagel und G\u00e4sten:<\/p><p><em><strong>Das Taumeln der Materie<\/strong><\/em> (2022) <br \/>Texte von Bruno Schulz und Gitta Martens<\/p><p>UA 8.10.22, GMKunstRaum;<br \/><a href=\"https:\/\/www.youtube.com\/watch?v=d6iHJXeIF6o&amp;t=6s\" target=\"_blank\" rel=\"noopener\">Das Taumeln der Materie. Eine Collage zu Bruno Schulz<\/a><\/p>\t\t\t\t\t\t\t\t<\/div>\n\t\t\t\t<\/div>\n\t\t\t\t<\/div>\n\t\t\t\t\t<\/div>\n\t\t\t\t<\/div>\n\t\t<div class=\"elementor-element elementor-element-3ce9993 e-flex e-con-boxed e-con e-parent\" data-id=\"3ce9993\" data-element_type=\"container\">\n\t\t\t\t\t<div class=\"e-con-inner\">\n\t\t<div class=\"elementor-element elementor-element-72e59d5 e-con-full e-flex e-con e-child\" data-id=\"72e59d5\" data-element_type=\"container\">\n\t\t\t\t<div class=\"elementor-element elementor-element-34c052c elementor-widget elementor-widget-image\" data-id=\"34c052c\" data-element_type=\"widget\" data-widget_type=\"image.default\">\n\t\t\t\t<div class=\"elementor-widget-container\">\n\t\t\t\t\t\t\t\t\t\t\t\t\t\t\t\t<a href=\"https:\/\/www.gmkunstraum.de\/gm\/wp-content\/uploads\/2024\/05\/momentaufnahmen_kl.jpg\" data-elementor-open-lightbox=\"yes\" data-elementor-lightbox-title=\"Momentaufnahmen \u2013 Erz\u00e4hlung\" data-e-action-hash=\"#elementor-action%3Aaction%3Dlightbox%26settings%3DeyJpZCI6MTQzMCwidXJsIjoiaHR0cHM6XC9cL3d3dy5nbWt1bnN0cmF1bS5kZVwvZ21cL3dwLWNvbnRlbnRcL3VwbG9hZHNcLzIwMjRcLzA1XC9tb21lbnRhdWZuYWhtZW5fa2wuanBnIn0%3D\">\n\t\t\t\t\t\t\t<img decoding=\"async\" width=\"1024\" height=\"800\" src=\"https:\/\/www.gmkunstraum.de\/gm\/wp-content\/uploads\/2024\/05\/momentaufnahmen_kl-1024x800.jpg\" class=\"attachment-large size-large wp-image-1430\" alt=\"Momentaufnahmen\" srcset=\"https:\/\/www.gmkunstraum.de\/gm\/wp-content\/uploads\/2024\/05\/momentaufnahmen_kl-1024x800.jpg 1024w, https:\/\/www.gmkunstraum.de\/gm\/wp-content\/uploads\/2024\/05\/momentaufnahmen_kl-300x234.jpg 300w, https:\/\/www.gmkunstraum.de\/gm\/wp-content\/uploads\/2024\/05\/momentaufnahmen_kl-768x600.jpg 768w, https:\/\/www.gmkunstraum.de\/gm\/wp-content\/uploads\/2024\/05\/momentaufnahmen_kl.jpg 1200w\" sizes=\"(max-width: 1024px) 100vw, 1024px\" \/>\t\t\t\t\t\t\t\t<\/a>\n\t\t\t\t\t\t\t\t\t\t\t\t\t\t\t<\/div>\n\t\t\t\t<\/div>\n\t\t\t\t<\/div>\n\t\t<div class=\"elementor-element elementor-element-972e131 e-con-full e-flex e-con e-child\" data-id=\"972e131\" data-element_type=\"container\">\n\t\t\t\t<div class=\"elementor-element elementor-element-5095806 elementor-widget elementor-widget-text-editor\" data-id=\"5095806\" data-element_type=\"widget\" data-widget_type=\"text-editor.default\">\n\t\t\t\t<div class=\"elementor-widget-container\">\n\t\t\t\t\t\t\t\t\t<p><em><strong>Momentaufnahmen <\/strong><\/em>&#8211; Erz\u00e4hlung <br \/>Norderstedt, 2021<br \/>Ein Beitrag zur \u201eMe too\u201c Debatte.<br \/>ISBN 978-3-753-41834-6<br \/>Zu bestellen bei allen Buchhandlungen und der Autorin.<\/p>\t\t\t\t\t\t\t\t<\/div>\n\t\t\t\t<\/div>\n\t\t\t\t<div class=\"elementor-element elementor-element-1981801 elementor-widget elementor-widget-text-editor\" data-id=\"1981801\" data-element_type=\"widget\" data-widget_type=\"text-editor.default\">\n\t\t\t\t<div class=\"elementor-widget-container\">\n\t\t\t\t\t\t\t\t\t<p><em><strong>Kommentar<br \/><\/strong><\/em><em>In neun Episoden beschreibst Du Ereignisse aus dem Leben Annies, die f\u00fcr mich einen ganzen Roman ergeben. &#8230; jede bietet mir als Leserin Raum, mir vorzustellen, wie ihr Leben verlaufen ist. Das ist sehr reizvoll. In komprimierter Form eine ganze Familiensaga &#8230; (Christel H.)<\/em><\/p>\t\t\t\t\t\t\t\t<\/div>\n\t\t\t\t<\/div>\n\t\t\t\t<\/div>\n\t\t\t\t\t<\/div>\n\t\t\t\t<\/div>\n\t\t<div class=\"elementor-element elementor-element-eeaae49 e-flex e-con-boxed e-con e-parent\" data-id=\"eeaae49\" data-element_type=\"container\">\n\t\t\t\t\t<div class=\"e-con-inner\">\n\t\t\t\t<div class=\"elementor-element elementor-element-ce0ca12 elementor-widget elementor-widget-text-editor\" data-id=\"ce0ca12\" data-element_type=\"widget\" data-widget_type=\"text-editor.default\">\n\t\t\t\t<div class=\"elementor-widget-container\">\n\t\t\t\t\t\t\t\t\t<p>daraus<em><strong> Das Foto <\/strong><\/em>(H\u00f6rbsp. vom 8.06. 2021, REGIONALSENDER 88.0 Neubrandenburg; ab Minute 02:31)<\/p>\t\t\t\t\t\t\t\t<\/div>\n\t\t\t\t<\/div>\n\t\t\t\t\t<\/div>\n\t\t\t\t<\/div>\n\t\t<div class=\"elementor-element elementor-element-45a8bb8 e-flex e-con-boxed e-con e-parent\" data-id=\"45a8bb8\" data-element_type=\"container\" data-settings=\"{&quot;background_background&quot;:&quot;classic&quot;}\">\n\t\t\t\t\t<div class=\"e-con-inner\">\n\t\t<div class=\"elementor-element elementor-element-53119e4 e-con-full e-flex e-con e-child\" data-id=\"53119e4\" data-element_type=\"container\">\n\t\t\t\t<div class=\"elementor-element elementor-element-e252e9f e-transform elementor-widget elementor-widget-image\" data-id=\"e252e9f\" data-element_type=\"widget\" data-settings=\"{&quot;_transform_scaleX_effect_hover&quot;:{&quot;unit&quot;:&quot;px&quot;,&quot;size&quot;:&quot;&quot;,&quot;sizes&quot;:[]},&quot;_transform_scaleX_effect_hover_tablet&quot;:{&quot;unit&quot;:&quot;px&quot;,&quot;size&quot;:&quot;&quot;,&quot;sizes&quot;:[]},&quot;_transform_scaleX_effect_hover_mobile&quot;:{&quot;unit&quot;:&quot;px&quot;,&quot;size&quot;:&quot;&quot;,&quot;sizes&quot;:[]},&quot;_transform_scaleY_effect_hover&quot;:{&quot;unit&quot;:&quot;px&quot;,&quot;size&quot;:&quot;&quot;,&quot;sizes&quot;:[]},&quot;_transform_scaleY_effect_hover_tablet&quot;:{&quot;unit&quot;:&quot;px&quot;,&quot;size&quot;:&quot;&quot;,&quot;sizes&quot;:[]},&quot;_transform_scaleY_effect_hover_mobile&quot;:{&quot;unit&quot;:&quot;px&quot;,&quot;size&quot;:&quot;&quot;,&quot;sizes&quot;:[]}}\" data-widget_type=\"image.default\">\n\t\t\t\t<div class=\"elementor-widget-container\">\n\t\t\t\t\t\t\t\t\t\t\t\t\t\t\t<img decoding=\"async\" width=\"1011\" height=\"1024\" src=\"https:\/\/www.gmkunstraum.de\/gm\/wp-content\/uploads\/2024\/05\/lizzy_02_kl-1011x1024.jpg\" class=\"attachment-large size-large wp-image-1459\" alt=\"Mein Sommer mit Lizzy\" srcset=\"https:\/\/www.gmkunstraum.de\/gm\/wp-content\/uploads\/2024\/05\/lizzy_02_kl-1011x1024.jpg 1011w, https:\/\/www.gmkunstraum.de\/gm\/wp-content\/uploads\/2024\/05\/lizzy_02_kl-296x300.jpg 296w, https:\/\/www.gmkunstraum.de\/gm\/wp-content\/uploads\/2024\/05\/lizzy_02_kl-768x778.jpg 768w, https:\/\/www.gmkunstraum.de\/gm\/wp-content\/uploads\/2024\/05\/lizzy_02_kl.jpg 1200w\" sizes=\"(max-width: 1011px) 100vw, 1011px\" \/>\t\t\t\t\t\t\t\t\t\t\t\t\t\t\t<\/div>\n\t\t\t\t<\/div>\n\t\t\t\t<\/div>\n\t\t<div class=\"elementor-element elementor-element-cd99ae4 e-con-full e-flex e-con e-child\" data-id=\"cd99ae4\" data-element_type=\"container\">\n\t\t\t\t<div class=\"elementor-element elementor-element-c507d24 elementor-widget elementor-widget-text-editor\" data-id=\"c507d24\" data-element_type=\"widget\" data-widget_type=\"text-editor.default\">\n\t\t\t\t<div class=\"elementor-widget-container\">\n\t\t\t\t\t\t\t\t\t<p><em><strong>Mein Sommer mit Lizzy<\/strong><\/em><br \/>Kurzgeschichte (H\u00f6rbsp. vom 28.01.2021)<br \/>REGIONALSENDER 88.0 Neubrandenburg;<br \/>(ab Minute 00:18:40)<\/p>\t\t\t\t\t\t\t\t<\/div>\n\t\t\t\t<\/div>\n\t\t\t\t<\/div>\n\t\t\t\t\t<\/div>\n\t\t\t\t<\/div>\n\t\t<div class=\"elementor-element elementor-element-688b0f7 e-flex e-con-boxed e-con e-parent\" data-id=\"688b0f7\" data-element_type=\"container\">\n\t\t\t\t\t<div class=\"e-con-inner\">\n\t\t<div class=\"elementor-element elementor-element-a85a0f4 e-con-full e-flex e-con e-child\" data-id=\"a85a0f4\" data-element_type=\"container\">\n\t\t\t\t<div class=\"elementor-element elementor-element-1a47a66 elementor-widget elementor-widget-image\" data-id=\"1a47a66\" data-element_type=\"widget\" data-widget_type=\"image.default\">\n\t\t\t\t<div class=\"elementor-widget-container\">\n\t\t\t\t\t\t\t\t\t\t\t\t\t\t\t<img loading=\"lazy\" decoding=\"async\" width=\"1024\" height=\"1024\" src=\"https:\/\/www.gmkunstraum.de\/gm\/wp-content\/uploads\/2024\/05\/Feuerstelle_plakat_kl-1024x1024.jpg\" class=\"attachment-large size-large wp-image-1431\" alt=\"Feuerstelle\" srcset=\"https:\/\/www.gmkunstraum.de\/gm\/wp-content\/uploads\/2024\/05\/Feuerstelle_plakat_kl-1024x1024.jpg 1024w, https:\/\/www.gmkunstraum.de\/gm\/wp-content\/uploads\/2024\/05\/Feuerstelle_plakat_kl-300x300.jpg 300w, https:\/\/www.gmkunstraum.de\/gm\/wp-content\/uploads\/2024\/05\/Feuerstelle_plakat_kl-150x150.jpg 150w, https:\/\/www.gmkunstraum.de\/gm\/wp-content\/uploads\/2024\/05\/Feuerstelle_plakat_kl-768x768.jpg 768w, https:\/\/www.gmkunstraum.de\/gm\/wp-content\/uploads\/2024\/05\/Feuerstelle_plakat_kl-600x600.jpg 600w, https:\/\/www.gmkunstraum.de\/gm\/wp-content\/uploads\/2024\/05\/Feuerstelle_plakat_kl.jpg 1200w\" sizes=\"(max-width: 1024px) 100vw, 1024px\" \/>\t\t\t\t\t\t\t\t\t\t\t\t\t\t\t<\/div>\n\t\t\t\t<\/div>\n\t\t\t\t<\/div>\n\t\t<div class=\"elementor-element elementor-element-fec9292 e-con-full e-flex e-con e-child\" data-id=\"fec9292\" data-element_type=\"container\">\n\t\t\t\t<div class=\"elementor-element elementor-element-46ca2bd elementor-widget elementor-widget-text-editor\" data-id=\"46ca2bd\" data-element_type=\"widget\" data-widget_type=\"text-editor.default\">\n\t\t\t\t<div class=\"elementor-widget-container\">\n\t\t\t\t\t\t\t\t\t<p>Intermedia-Performance (Bild, Musik, Langgedicht)<br \/>zusammen mit Reinhard Gagel und G\u00e4sten:<\/p><p><em><strong>Feuerstelle,<\/strong><\/em> 2021 <br \/>Text von Gitta Martens<\/p><p>UA 2.10.21, GMKunstRaum; <br \/><a href=\"https:\/\/www.youtube.com\/watch?v=gYwlgV2JYt4\" target=\"_blank\" rel=\"noopener\">Feuerstelle Performance<\/a><\/p>\t\t\t\t\t\t\t\t<\/div>\n\t\t\t\t<\/div>\n\t\t\t\t<\/div>\n\t\t\t\t\t<\/div>\n\t\t\t\t<\/div>\n\t\t<div class=\"elementor-element elementor-element-3ff5030 e-flex e-con-boxed e-con e-parent\" data-id=\"3ff5030\" data-element_type=\"container\" data-settings=\"{&quot;background_background&quot;:&quot;classic&quot;}\">\n\t\t\t\t\t<div class=\"e-con-inner\">\n\t\t<div class=\"elementor-element elementor-element-0968cc6 e-con-full e-flex e-con e-child\" data-id=\"0968cc6\" data-element_type=\"container\">\n\t\t\t\t<div class=\"elementor-element elementor-element-bf80674 elementor-widget elementor-widget-text-editor\" data-id=\"bf80674\" data-element_type=\"widget\" data-widget_type=\"text-editor.default\">\n\t\t\t\t<div class=\"elementor-widget-container\">\n\t\t\t\t\t\t\t\t\t<p>Schwungvolle Schaukel<\/p><p>Verwickelt in Watte<\/p><p>Stehst Du am<\/p><p>Hohen, blassen Himmel<\/p><p>Von deiner Sichel<\/p><p>Ergl\u00e4nzt am Boden<\/p><p>Das Eis<\/p>\t\t\t\t\t\t\t\t<\/div>\n\t\t\t\t<\/div>\n\t\t\t\t<\/div>\n\t\t<div class=\"elementor-element elementor-element-3392d25 e-con-full e-flex e-con e-child\" data-id=\"3392d25\" data-element_type=\"container\">\n\t\t\t\t<div class=\"elementor-element elementor-element-d9886c5 elementor-widget elementor-widget-text-editor\" data-id=\"d9886c5\" data-element_type=\"widget\" data-widget_type=\"text-editor.default\">\n\t\t\t\t<div class=\"elementor-widget-container\">\n\t\t\t\t\t\t\t\t\t<p><em><strong>Haikus<\/strong><\/em><\/p><p>Poetische Momentaufnahmen &#8211; zu Tuschemalereien von GABO, Juli 2020,<br \/>Galerie Kaleidoskop in Usedom<\/p>\t\t\t\t\t\t\t\t<\/div>\n\t\t\t\t<\/div>\n\t\t\t\t<\/div>\n\t\t\t\t\t<\/div>\n\t\t\t\t<\/div>\n\t\t<div class=\"elementor-element elementor-element-c588978 e-flex e-con-boxed e-con e-parent\" data-id=\"c588978\" data-element_type=\"container\">\n\t\t\t\t\t<div class=\"e-con-inner\">\n\t\t<div class=\"elementor-element elementor-element-2a970e3 e-con-full e-flex e-con e-child\" data-id=\"2a970e3\" data-element_type=\"container\">\n\t\t\t\t<div class=\"elementor-element elementor-element-621f07b elementor-widget elementor-widget-image\" data-id=\"621f07b\" data-element_type=\"widget\" data-widget_type=\"image.default\">\n\t\t\t\t<div class=\"elementor-widget-container\">\n\t\t\t\t\t\t\t\t\t\t\t\t\t\t\t<img loading=\"lazy\" decoding=\"async\" width=\"1024\" height=\"1024\" src=\"https:\/\/www.gmkunstraum.de\/gm\/wp-content\/uploads\/2024\/05\/hinter_zaeunen_kl-1024x1024.jpg\" class=\"attachment-large size-large wp-image-1432\" alt=\"Hinter Z\u00e4unen\" srcset=\"https:\/\/www.gmkunstraum.de\/gm\/wp-content\/uploads\/2024\/05\/hinter_zaeunen_kl-1024x1024.jpg 1024w, https:\/\/www.gmkunstraum.de\/gm\/wp-content\/uploads\/2024\/05\/hinter_zaeunen_kl-300x300.jpg 300w, https:\/\/www.gmkunstraum.de\/gm\/wp-content\/uploads\/2024\/05\/hinter_zaeunen_kl-150x150.jpg 150w, https:\/\/www.gmkunstraum.de\/gm\/wp-content\/uploads\/2024\/05\/hinter_zaeunen_kl-768x768.jpg 768w, https:\/\/www.gmkunstraum.de\/gm\/wp-content\/uploads\/2024\/05\/hinter_zaeunen_kl-600x600.jpg 600w, https:\/\/www.gmkunstraum.de\/gm\/wp-content\/uploads\/2024\/05\/hinter_zaeunen_kl.jpg 1200w\" sizes=\"(max-width: 1024px) 100vw, 1024px\" \/>\t\t\t\t\t\t\t\t\t\t\t\t\t\t\t<\/div>\n\t\t\t\t<\/div>\n\t\t\t\t<\/div>\n\t\t<div class=\"elementor-element elementor-element-28f5ab5 e-con-full e-flex e-con e-child\" data-id=\"28f5ab5\" data-element_type=\"container\">\n\t\t\t\t<div class=\"elementor-element elementor-element-d12cf0b elementor-widget elementor-widget-text-editor\" data-id=\"d12cf0b\" data-element_type=\"widget\" data-widget_type=\"text-editor.default\">\n\t\t\t\t<div class=\"elementor-widget-container\">\n\t\t\t\t\t\t\t\t\t<p>Intermedia-Performance (Bild, Musik, Text)<br \/>zusammen mit Reinhard Gagel und G\u00e4sten:<br \/><em><strong>Hinter Z\u00e4unen \u2013 \u00fcber Grenzen,<\/strong><\/em> 2018<br \/>Text: Gitta Martens<br \/><a href=\"https:\/\/youtu.be\/GGX9Ho_ri-k\" target=\"_blank\" rel=\"noopener\">Hinter Z\u00e4unen &#8211; \u00fcber Grenzen Intermediale Performance<\/a><br \/>(Liveaufnahme GM KunstRaum Pleetz 9.10.2018)<\/p><p>Langgedicht: \u201e\u00dcber Z\u00e4une, \u00fcber Grenzen\u201e in \u201eAusmalungen\u201c,<br \/>Kunstbuch, Reinhard Gagel: Bildserie, 2019 (vergriffen)<\/p>\t\t\t\t\t\t\t\t<\/div>\n\t\t\t\t<\/div>\n\t\t\t\t<\/div>\n\t\t\t\t\t<\/div>\n\t\t\t\t<\/div>\n\t\t<div class=\"elementor-element elementor-element-de4eec3 e-flex e-con-boxed e-con e-parent\" data-id=\"de4eec3\" data-element_type=\"container\" data-settings=\"{&quot;background_background&quot;:&quot;classic&quot;}\">\n\t\t\t\t\t<div class=\"e-con-inner\">\n\t\t<div class=\"elementor-element elementor-element-b18b455 e-con-full e-flex e-con e-child\" data-id=\"b18b455\" data-element_type=\"container\">\n\t\t\t\t<div class=\"elementor-element elementor-element-f6a5360 elementor-widget elementor-widget-image\" data-id=\"f6a5360\" data-element_type=\"widget\" data-widget_type=\"image.default\">\n\t\t\t\t<div class=\"elementor-widget-container\">\n\t\t\t\t\t\t\t\t\t\t\t\t\t\t\t<img loading=\"lazy\" decoding=\"async\" width=\"725\" height=\"1024\" src=\"https:\/\/www.gmkunstraum.de\/gm\/wp-content\/uploads\/2024\/05\/ausgrenzung_kl-725x1024.jpg\" class=\"attachment-large size-large wp-image-1433\" alt=\"Ausgrenzung\" srcset=\"https:\/\/www.gmkunstraum.de\/gm\/wp-content\/uploads\/2024\/05\/ausgrenzung_kl-725x1024.jpg 725w, https:\/\/www.gmkunstraum.de\/gm\/wp-content\/uploads\/2024\/05\/ausgrenzung_kl-213x300.jpg 213w, https:\/\/www.gmkunstraum.de\/gm\/wp-content\/uploads\/2024\/05\/ausgrenzung_kl-768x1084.jpg 768w, https:\/\/www.gmkunstraum.de\/gm\/wp-content\/uploads\/2024\/05\/ausgrenzung_kl-1088x1536.jpg 1088w, https:\/\/www.gmkunstraum.de\/gm\/wp-content\/uploads\/2024\/05\/ausgrenzung_kl.jpg 1200w\" sizes=\"(max-width: 725px) 100vw, 725px\" \/>\t\t\t\t\t\t\t\t\t\t\t\t\t\t\t<\/div>\n\t\t\t\t<\/div>\n\t\t\t\t<\/div>\n\t\t<div class=\"elementor-element elementor-element-33dc215 e-con-full e-flex e-con e-child\" data-id=\"33dc215\" data-element_type=\"container\">\n\t\t\t\t<div class=\"elementor-element elementor-element-51a098e elementor-widget elementor-widget-text-editor\" data-id=\"51a098e\" data-element_type=\"widget\" data-widget_type=\"text-editor.default\">\n\t\t\t\t<div class=\"elementor-widget-container\">\n\t\t\t\t\t\t\t\t\t<p><em><strong>Ausgrenzung hat viele Gesichter,<\/strong><\/em> 2014<br \/>Mitherausgabe, Kopaed, M\u00fcnchen.<\/p>\t\t\t\t\t\t\t\t<\/div>\n\t\t\t\t<\/div>\n\t\t\t\t<\/div>\n\t\t\t\t\t<\/div>\n\t\t\t\t<\/div>\n\t\t<div class=\"elementor-element elementor-element-f011448 e-flex e-con-boxed e-con e-parent\" data-id=\"f011448\" data-element_type=\"container\">\n\t\t\t\t\t<div class=\"e-con-inner\">\n\t\t<div class=\"elementor-element elementor-element-1abb17d e-con-full e-flex e-con e-child\" data-id=\"1abb17d\" data-element_type=\"container\">\n\t\t\t\t<div class=\"elementor-element elementor-element-a037937 elementor-widget elementor-widget-image\" data-id=\"a037937\" data-element_type=\"widget\" data-widget_type=\"image.default\">\n\t\t\t\t<div class=\"elementor-widget-container\">\n\t\t\t\t\t\t\t\t\t\t\t\t\t\t\t<img loading=\"lazy\" decoding=\"async\" width=\"768\" height=\"1126\" src=\"https:\/\/www.gmkunstraum.de\/gm\/wp-content\/uploads\/2024\/05\/buch_playback_72-768x1126.png\" class=\"attachment-medium_large size-medium_large wp-image-911\" alt=\"\" srcset=\"https:\/\/www.gmkunstraum.de\/gm\/wp-content\/uploads\/2024\/05\/buch_playback_72-768x1126.png 768w, https:\/\/www.gmkunstraum.de\/gm\/wp-content\/uploads\/2024\/05\/buch_playback_72-205x300.png 205w, https:\/\/www.gmkunstraum.de\/gm\/wp-content\/uploads\/2024\/05\/buch_playback_72-699x1024.png 699w, https:\/\/www.gmkunstraum.de\/gm\/wp-content\/uploads\/2024\/05\/buch_playback_72-1048x1536.png 1048w, https:\/\/www.gmkunstraum.de\/gm\/wp-content\/uploads\/2024\/05\/buch_playback_72.png 1200w\" sizes=\"(max-width: 768px) 100vw, 768px\" \/>\t\t\t\t\t\t\t\t\t\t\t\t\t\t\t<\/div>\n\t\t\t\t<\/div>\n\t\t\t\t<\/div>\n\t\t<div class=\"elementor-element elementor-element-6339705 e-con-full e-flex e-con e-child\" data-id=\"6339705\" data-element_type=\"container\">\n\t\t\t\t<div class=\"elementor-element elementor-element-160c289 elementor-widget elementor-widget-text-editor\" data-id=\"160c289\" data-element_type=\"widget\" data-widget_type=\"text-editor.default\">\n\t\t\t\t<div class=\"elementor-widget-container\">\n\t\t\t\t\t\t\t\t\t<p><em><strong>Wisst ihr, was gestern passiert ist?,<\/strong><\/em> 2008<\/p><p>Kinder erz\u00e4hlen und spielen Playbacktheater in Grundschule und Freizeit,<br \/>Deutscher Theaterverlag, Weinheim.<br \/>(1. Auflage)<\/p>\t\t\t\t\t\t\t\t<\/div>\n\t\t\t\t<\/div>\n\t\t\t\t<\/div>\n\t\t\t\t\t<\/div>\n\t\t\t\t<\/div>\n\t\t<div class=\"elementor-element elementor-element-82895a2 e-flex e-con-boxed e-con e-parent\" data-id=\"82895a2\" data-element_type=\"container\" data-settings=\"{&quot;background_background&quot;:&quot;classic&quot;}\">\n\t\t\t\t\t<div class=\"e-con-inner\">\n\t\t<div class=\"elementor-element elementor-element-3a86444 e-con-full e-flex e-con e-child\" data-id=\"3a86444\" data-element_type=\"container\">\n\t\t\t\t<div class=\"elementor-element elementor-element-5e59a75 elementor-widget elementor-widget-image\" data-id=\"5e59a75\" data-element_type=\"widget\" data-widget_type=\"image.default\">\n\t\t\t\t<div class=\"elementor-widget-container\">\n\t\t\t\t\t\t\t\t\t\t\t\t\t\t\t<img loading=\"lazy\" decoding=\"async\" width=\"768\" height=\"1062\" src=\"https:\/\/www.gmkunstraum.de\/gm\/wp-content\/uploads\/2024\/05\/buch_playback_2_72-768x1062.png\" class=\"attachment-medium_large size-medium_large wp-image-910\" alt=\"\" srcset=\"https:\/\/www.gmkunstraum.de\/gm\/wp-content\/uploads\/2024\/05\/buch_playback_2_72-768x1062.png 768w, https:\/\/www.gmkunstraum.de\/gm\/wp-content\/uploads\/2024\/05\/buch_playback_2_72-217x300.png 217w, https:\/\/www.gmkunstraum.de\/gm\/wp-content\/uploads\/2024\/05\/buch_playback_2_72-740x1024.png 740w, https:\/\/www.gmkunstraum.de\/gm\/wp-content\/uploads\/2024\/05\/buch_playback_2_72-1110x1536.png 1110w, https:\/\/www.gmkunstraum.de\/gm\/wp-content\/uploads\/2024\/05\/buch_playback_2_72.png 1200w\" sizes=\"(max-width: 768px) 100vw, 768px\" \/>\t\t\t\t\t\t\t\t\t\t\t\t\t\t\t<\/div>\n\t\t\t\t<\/div>\n\t\t\t\t<\/div>\n\t\t<div class=\"elementor-element elementor-element-c6a9678 e-con-full e-flex e-con e-child\" data-id=\"c6a9678\" data-element_type=\"container\">\n\t\t\t\t<div class=\"elementor-element elementor-element-f6f67a3 elementor-widget elementor-widget-text-editor\" data-id=\"f6f67a3\" data-element_type=\"widget\" data-widget_type=\"text-editor.default\">\n\t\t\t\t<div class=\"elementor-widget-container\">\n\t\t\t\t\t\t\t\t\t<p><em><strong>Wisst ihr, was gestern passiert ist?,<\/strong><\/em> 2017<br \/>Kinder erz\u00e4hlen und spielen Playbacktheater in Grundschule und Freizeit,<br \/>Deutscher Theaterverlag, Weinheim.<br \/>(2. Auflage)<\/p>\t\t\t\t\t\t\t\t<\/div>\n\t\t\t\t<\/div>\n\t\t\t\t<\/div>\n\t\t\t\t\t<\/div>\n\t\t\t\t<\/div>\n\t\t<div class=\"elementor-element elementor-element-17e89b8 e-flex e-con-boxed e-con e-parent\" data-id=\"17e89b8\" data-element_type=\"container\">\n\t\t\t\t\t<div class=\"e-con-inner\">\n\t\t<div class=\"elementor-element elementor-element-ad6ace7 e-con-full e-flex e-con e-child\" data-id=\"ad6ace7\" data-element_type=\"container\">\n\t\t\t\t<\/div>\n\t\t<div class=\"elementor-element elementor-element-594a7fd e-con-full e-flex e-con e-child\" data-id=\"594a7fd\" data-element_type=\"container\">\n\t\t\t\t<div class=\"elementor-element elementor-element-8427d01 elementor-widget elementor-widget-text-editor\" data-id=\"8427d01\" data-element_type=\"widget\" data-widget_type=\"text-editor.default\">\n\t\t\t\t<div class=\"elementor-widget-container\">\n\t\t\t\t\t\t\t\t\t<p><em><strong>Feministische Musik- und Tanzp\u00e4dagogik,<\/strong><\/em> 1994<br \/>Herausgabe zusammen mit Ronit Land und Christina F\u00e4rber,<br \/>Remscheider Arbeitsmaterialien und Texte (RAT), Remscheid.<br \/>(vergriffen)<\/p>\t\t\t\t\t\t\t\t<\/div>\n\t\t\t\t<\/div>\n\t\t\t\t<\/div>\n\t\t\t\t\t<\/div>\n\t\t\t\t<\/div>\n\t\t<div class=\"elementor-element elementor-element-bdc692d e-flex e-con-boxed e-con e-parent\" data-id=\"bdc692d\" data-element_type=\"container\" data-settings=\"{&quot;background_background&quot;:&quot;classic&quot;}\">\n\t\t\t\t\t<div class=\"e-con-inner\">\n\t\t<div class=\"elementor-element elementor-element-8473d04 e-con-full e-flex e-con e-child\" data-id=\"8473d04\" data-element_type=\"container\">\n\t\t\t\t<div class=\"elementor-element elementor-element-32a1965 elementor-widget elementor-widget-image\" data-id=\"32a1965\" data-element_type=\"widget\" data-widget_type=\"image.default\">\n\t\t\t\t<div class=\"elementor-widget-container\">\n\t\t\t\t\t\t\t\t\t\t\t\t\t\t\t<img loading=\"lazy\" decoding=\"async\" width=\"768\" height=\"1102\" src=\"https:\/\/www.gmkunstraum.de\/gm\/wp-content\/uploads\/2024\/05\/Feminismus_72-768x1102.png\" class=\"attachment-medium_large size-medium_large wp-image-915\" alt=\"\" srcset=\"https:\/\/www.gmkunstraum.de\/gm\/wp-content\/uploads\/2024\/05\/Feminismus_72-768x1102.png 768w, https:\/\/www.gmkunstraum.de\/gm\/wp-content\/uploads\/2024\/05\/Feminismus_72-209x300.png 209w, https:\/\/www.gmkunstraum.de\/gm\/wp-content\/uploads\/2024\/05\/Feminismus_72-714x1024.png 714w, https:\/\/www.gmkunstraum.de\/gm\/wp-content\/uploads\/2024\/05\/Feminismus_72-1070x1536.png 1070w, https:\/\/www.gmkunstraum.de\/gm\/wp-content\/uploads\/2024\/05\/Feminismus_72.png 1200w\" sizes=\"(max-width: 768px) 100vw, 768px\" \/>\t\t\t\t\t\t\t\t\t\t\t\t\t\t\t<\/div>\n\t\t\t\t<\/div>\n\t\t\t\t<\/div>\n\t\t<div class=\"elementor-element elementor-element-61a52d1 e-con-full e-flex e-con e-child\" data-id=\"61a52d1\" data-element_type=\"container\">\n\t\t\t\t<div class=\"elementor-element elementor-element-f762652 elementor-widget elementor-widget-text-editor\" data-id=\"f762652\" data-element_type=\"widget\" data-widget_type=\"text-editor.default\">\n\t\t\t\t<div class=\"elementor-widget-container\">\n\t\t\t\t\t\t\t\t\t<p><em><strong>Feministische Theaterp\u00e4dagogik,<\/strong><\/em> 1992<br \/>Herausgabe, RAT, Remscheid.<br \/>(vergriffen)<\/p>\t\t\t\t\t\t\t\t<\/div>\n\t\t\t\t<\/div>\n\t\t\t\t<\/div>\n\t\t\t\t\t<\/div>\n\t\t\t\t<\/div>\n\t\t<div class=\"elementor-element elementor-element-0aa43e6 e-flex e-con-boxed e-con e-parent\" data-id=\"0aa43e6\" data-element_type=\"container\">\n\t\t\t\t\t<div class=\"e-con-inner\">\n\t\t<div class=\"elementor-element elementor-element-6f8c516 e-con-full e-flex e-con e-child\" data-id=\"6f8c516\" data-element_type=\"container\">\n\t\t\t\t<\/div>\n\t\t<div class=\"elementor-element elementor-element-91a7847 e-con-full e-flex e-con e-child\" data-id=\"91a7847\" data-element_type=\"container\">\n\t\t\t\t<div class=\"elementor-element elementor-element-9fa1575 elementor-widget elementor-widget-text-editor\" data-id=\"9fa1575\" data-element_type=\"widget\" data-widget_type=\"text-editor.default\">\n\t\t\t\t<div class=\"elementor-widget-container\">\n\t\t\t\t\t\t\t\t\t<p>\u00a0<em><strong>Feministische Kulturp\u00e4dagogik,<\/strong><\/em> 1989<\/p><p>Herausgabe zusammen mit Hildegard Bockhorst.<\/p><p>(vergriffen)<\/p>\t\t\t\t\t\t\t\t<\/div>\n\t\t\t\t<\/div>\n\t\t\t\t<\/div>\n\t\t\t\t\t<\/div>\n\t\t\t\t<\/div>\n\t\t<div class=\"elementor-element elementor-element-a17ff67 e-flex e-con-boxed e-con e-parent\" data-id=\"a17ff67\" data-element_type=\"container\" data-settings=\"{&quot;background_background&quot;:&quot;classic&quot;}\">\n\t\t\t\t\t<div class=\"e-con-inner\">\n\t\t<div class=\"elementor-element elementor-element-db7f818 e-con-full e-flex e-con e-child\" data-id=\"db7f818\" data-element_type=\"container\">\n\t\t\t\t<\/div>\n\t\t<div class=\"elementor-element elementor-element-6d93dee e-con-full e-flex e-con e-child\" data-id=\"6d93dee\" data-element_type=\"container\">\n\t\t\t\t<div class=\"elementor-element elementor-element-d665a27 elementor-widget elementor-widget-text-editor\" data-id=\"d665a27\" data-element_type=\"widget\" data-widget_type=\"text-editor.default\">\n\t\t\t\t<div class=\"elementor-widget-container\">\n\t\t\t\t\t\t\t\t\t<p><strong>Zahlreiche Fachartikel<\/strong> zu den Schwerpunkten<br \/>Theaterp\u00e4dagogik und Theatertherapie,<br \/>Feministische Kulturarbeit, Features,<br \/>H\u00f6rspiele f\u00fcr Kinder- und Schulfunk.<\/p>\t\t\t\t\t\t\t\t<\/div>\n\t\t\t\t<\/div>\n\t\t\t\t<\/div>\n\t\t\t\t\t<\/div>\n\t\t\t\t<\/div>\n\t\t\t\t<\/div>\n\t\t","protected":false},"excerpt":{"rendered":"<p>VER\u00d6FFENTLICHUNGEN als Autorin und Herausgeberin Intermedia-Performance (Bild, Musik, Text)zusammen mit Reinhard Gagel und G\u00e4sten: Das Taumeln der Materie (2022) Texte von Bruno Schulz und Gitta Martens UA 8.10.22, GMKunstRaum;Das Taumeln der Materie. Eine Collage zu Bruno Schulz Momentaufnahmen &#8211; Erz\u00e4hlung Norderstedt, 2021Ein Beitrag zur \u201eMe too\u201c Debatte.ISBN 978-3-753-41834-6Zu bestellen bei allen Buchhandlungen und der Autorin. [&hellip;]<\/p>\n","protected":false},"author":1,"featured_media":0,"parent":0,"menu_order":0,"comment_status":"closed","ping_status":"closed","template":"","meta":{"ocean_post_layout":"","ocean_both_sidebars_style":"","ocean_both_sidebars_content_width":0,"ocean_both_sidebars_sidebars_width":0,"ocean_sidebar":"0","ocean_second_sidebar":"0","ocean_disable_margins":"on","ocean_add_body_class":"","ocean_shortcode_before_top_bar":"","ocean_shortcode_after_top_bar":"","ocean_shortcode_before_header":"","ocean_shortcode_after_header":"","ocean_has_shortcode":"","ocean_shortcode_after_title":"","ocean_shortcode_before_footer_widgets":"","ocean_shortcode_after_footer_widgets":"","ocean_shortcode_before_footer_bottom":"","ocean_shortcode_after_footer_bottom":"","ocean_display_top_bar":"default","ocean_display_header":"default","ocean_header_style":"","ocean_center_header_left_menu":"0","ocean_custom_header_template":"0","ocean_custom_logo":0,"ocean_custom_retina_logo":0,"ocean_custom_logo_max_width":0,"ocean_custom_logo_tablet_max_width":0,"ocean_custom_logo_mobile_max_width":0,"ocean_custom_logo_max_height":0,"ocean_custom_logo_tablet_max_height":0,"ocean_custom_logo_mobile_max_height":0,"ocean_header_custom_menu":"0","ocean_menu_typo_font_family":"0","ocean_menu_typo_font_subset":"","ocean_menu_typo_font_size":0,"ocean_menu_typo_font_size_tablet":0,"ocean_menu_typo_font_size_mobile":0,"ocean_menu_typo_font_size_unit":"px","ocean_menu_typo_font_weight":"","ocean_menu_typo_font_weight_tablet":"","ocean_menu_typo_font_weight_mobile":"","ocean_menu_typo_transform":"","ocean_menu_typo_transform_tablet":"","ocean_menu_typo_transform_mobile":"","ocean_menu_typo_line_height":0,"ocean_menu_typo_line_height_tablet":0,"ocean_menu_typo_line_height_mobile":0,"ocean_menu_typo_line_height_unit":"","ocean_menu_typo_spacing":0,"ocean_menu_typo_spacing_tablet":0,"ocean_menu_typo_spacing_mobile":0,"ocean_menu_typo_spacing_unit":"","ocean_menu_link_color":"#000000","ocean_menu_link_color_hover":"#ca4ece","ocean_menu_link_color_active":"#ca4ece","ocean_menu_link_background":"","ocean_menu_link_hover_background":"","ocean_menu_link_active_background":"","ocean_menu_social_links_bg":"","ocean_menu_social_hover_links_bg":"","ocean_menu_social_links_color":"","ocean_menu_social_hover_links_color":"","ocean_disable_title":"default","ocean_disable_heading":"default","ocean_post_title":"","ocean_post_subheading":"","ocean_post_title_style":"","ocean_post_title_background_color":"","ocean_post_title_background":0,"ocean_post_title_bg_image_position":"","ocean_post_title_bg_image_attachment":"","ocean_post_title_bg_image_repeat":"","ocean_post_title_bg_image_size":"","ocean_post_title_height":0,"ocean_post_title_bg_overlay":0.5,"ocean_post_title_bg_overlay_color":"","ocean_disable_breadcrumbs":"default","ocean_breadcrumbs_color":"","ocean_breadcrumbs_separator_color":"","ocean_breadcrumbs_links_color":"","ocean_breadcrumbs_links_hover_color":"","ocean_display_footer_widgets":"default","ocean_display_footer_bottom":"default","ocean_custom_footer_template":"0","footnotes":""},"class_list":["post-20","page","type-page","status-publish","hentry","entry"],"_links":{"self":[{"href":"https:\/\/www.gmkunstraum.de\/gm\/wp-json\/wp\/v2\/pages\/20","targetHints":{"allow":["GET"]}}],"collection":[{"href":"https:\/\/www.gmkunstraum.de\/gm\/wp-json\/wp\/v2\/pages"}],"about":[{"href":"https:\/\/www.gmkunstraum.de\/gm\/wp-json\/wp\/v2\/types\/page"}],"author":[{"embeddable":true,"href":"https:\/\/www.gmkunstraum.de\/gm\/wp-json\/wp\/v2\/users\/1"}],"replies":[{"embeddable":true,"href":"https:\/\/www.gmkunstraum.de\/gm\/wp-json\/wp\/v2\/comments?post=20"}],"version-history":[{"count":318,"href":"https:\/\/www.gmkunstraum.de\/gm\/wp-json\/wp\/v2\/pages\/20\/revisions"}],"predecessor-version":[{"id":2166,"href":"https:\/\/www.gmkunstraum.de\/gm\/wp-json\/wp\/v2\/pages\/20\/revisions\/2166"}],"wp:attachment":[{"href":"https:\/\/www.gmkunstraum.de\/gm\/wp-json\/wp\/v2\/media?parent=20"}],"curies":[{"name":"wp","href":"https:\/\/api.w.org\/{rel}","templated":true}]}}