{"id":18,"date":"2024-03-27T14:39:08","date_gmt":"2024-03-27T13:39:08","guid":{"rendered":"https:\/\/www.gmkunstraum.de\/gm\/?page_id=18"},"modified":"2024-08-16T15:50:41","modified_gmt":"2024-08-16T13:50:41","slug":"biografie","status":"publish","type":"page","link":"https:\/\/www.gmkunstraum.de\/gm\/biografie\/","title":{"rendered":"Biografie"},"content":{"rendered":"\t\t<div data-elementor-type=\"wp-page\" data-elementor-id=\"18\" class=\"elementor elementor-18\">\n\t\t\t\t<div class=\"elementor-element elementor-element-b1bfa0a e-flex e-con-boxed e-con e-parent\" data-id=\"b1bfa0a\" data-element_type=\"container\">\n\t\t\t\t\t<div class=\"e-con-inner\">\n\t\t\t\t\t<\/div>\n\t\t\t\t<\/div>\n\t\t<div class=\"elementor-element elementor-element-9ebfd31 e-flex e-con-boxed e-con e-parent\" data-id=\"9ebfd31\" data-element_type=\"container\" data-settings=\"{&quot;background_background&quot;:&quot;classic&quot;}\">\n\t\t\t\t\t<div class=\"e-con-inner\">\n\t\t\t\t<div class=\"elementor-element elementor-element-40bc7c3 elementor-widget elementor-widget-heading\" data-id=\"40bc7c3\" data-element_type=\"widget\" data-widget_type=\"heading.default\">\n\t\t\t\t<div class=\"elementor-widget-container\">\n\t\t\t\t\t<h2 class=\"elementor-heading-title elementor-size-default\">BIOGRAFIE<\/h2>\t\t\t\t<\/div>\n\t\t\t\t<\/div>\n\t\t\t\t\t<\/div>\n\t\t\t\t<\/div>\n\t\t<div class=\"elementor-element elementor-element-044acfd e-flex e-con-boxed e-con e-parent\" data-id=\"044acfd\" data-element_type=\"container\">\n\t\t\t\t\t<div class=\"e-con-inner\">\n\t\t<div class=\"elementor-element elementor-element-555d7e4 e-con-full e-flex e-con e-child\" data-id=\"555d7e4\" data-element_type=\"container\">\n\t\t\t\t<div class=\"elementor-element elementor-element-058ec7e elementor-widget elementor-widget-text-editor\" data-id=\"058ec7e\" data-element_type=\"widget\" data-widget_type=\"text-editor.default\">\n\t\t\t\t<div class=\"elementor-widget-container\">\n\t\t\t\t\t\t\t\t\t<p>In Bremen wurde ich als Handwerkertochter geboren; studierte Politik- und\u00a0 Theaterwissenschaft, Germanistik und machte eine Zusatzausbildung zur Psychodramaleiterin. Ich arbeitete am Theater, in der kulturellen und politischen Bildung als Theaterp\u00e4dagogin, in der Schule, f\u00fcr den Rundfunk Radio Bremen\/ SFB\/WDR, in der beruflichen Fortbildung.<\/p>\t\t\t\t\t\t\t\t<\/div>\n\t\t\t\t<\/div>\n\t\t\t\t<\/div>\n\t\t\t\t\t<\/div>\n\t\t\t\t<\/div>\n\t\t<div class=\"elementor-element elementor-element-65be9b5 e-flex e-con-boxed e-con e-parent\" data-id=\"65be9b5\" data-element_type=\"container\" data-settings=\"{&quot;background_background&quot;:&quot;classic&quot;}\">\n\t\t\t\t\t<div class=\"e-con-inner\">\n\t\t<div class=\"elementor-element elementor-element-1adc501 e-con-full e-flex e-con e-child\" data-id=\"1adc501\" data-element_type=\"container\">\n\t\t\t\t<div class=\"elementor-element elementor-element-5a971ab elementor-widget elementor-widget-text-editor\" data-id=\"5a971ab\" data-element_type=\"widget\" data-widget_type=\"text-editor.default\">\n\t\t\t\t<div class=\"elementor-widget-container\">\n\t\t\t\t\t\t\t\t\t<p>35 Jahre leitete ich den Fachbereich Theater, lehrte als Dozentin f\u00fcr Theater und Theaterp\u00e4dagogik der Akademie Remscheid f\u00fcr musische Bildung und Medienerziehung (Akademie der kulturellen Bildung des Bundes und des Landes NRW).<\/p>\t\t\t\t\t\t\t\t<\/div>\n\t\t\t\t<\/div>\n\t\t\t\t<\/div>\n\t\t\t\t\t<\/div>\n\t\t\t\t<\/div>\n\t\t<div class=\"elementor-element elementor-element-67a0d11 e-flex e-con-boxed e-con e-parent\" data-id=\"67a0d11\" data-element_type=\"container\">\n\t\t\t\t\t<div class=\"e-con-inner\">\n\t\t<div class=\"elementor-element elementor-element-c8b2d3a e-con-full e-flex e-con e-child\" data-id=\"c8b2d3a\" data-element_type=\"container\">\n\t\t\t\t<div class=\"elementor-element elementor-element-6627157 elementor-widget elementor-widget-text-editor\" data-id=\"6627157\" data-element_type=\"widget\" data-widget_type=\"text-editor.default\">\n\t\t\t\t<div class=\"elementor-widget-container\">\n\t\t\t\t\t\t\t\t\t<p>Ich war als Schauspielerin und bin als Sprecherin t\u00e4tig.<\/p>\t\t\t\t\t\t\t\t<\/div>\n\t\t\t\t<\/div>\n\t\t\t\t<\/div>\n\t\t\t\t\t<\/div>\n\t\t\t\t<\/div>\n\t\t<div class=\"elementor-element elementor-element-b109679 e-flex e-con-boxed e-con e-parent\" data-id=\"b109679\" data-element_type=\"container\" data-settings=\"{&quot;background_background&quot;:&quot;classic&quot;}\">\n\t\t\t\t\t<div class=\"e-con-inner\">\n\t\t<div class=\"elementor-element elementor-element-4c79a77 e-con-full e-flex e-con e-child\" data-id=\"4c79a77\" data-element_type=\"container\">\n\t\t\t\t<div class=\"elementor-element elementor-element-d2cb7c3 elementor-widget elementor-widget-image\" data-id=\"d2cb7c3\" data-element_type=\"widget\" data-widget_type=\"image.default\">\n\t\t\t\t<div class=\"elementor-widget-container\">\n\t\t\t\t\t\t\t\t\t\t\t\t\t\t\t\t<a href=\"https:\/\/www.gmkunstraum.de\/gm\/wp-content\/uploads\/2024\/05\/Falle_des_qualle_kl.jpg\" data-elementor-open-lightbox=\"yes\" data-elementor-lightbox-title=\"Theater Pianoforte, Musiktheater rund ums Klavier\" data-e-action-hash=\"#elementor-action%3Aaction%3Dlightbox%26settings%3DeyJpZCI6MTQ0OSwidXJsIjoiaHR0cHM6XC9cL3d3dy5nbWt1bnN0cmF1bS5kZVwvZ21cL3dwLWNvbnRlbnRcL3VwbG9hZHNcLzIwMjRcLzA1XC9GYWxsZV9kZXNfcXVhbGxlX2tsLmpwZyJ9\">\n\t\t\t\t\t\t\t<img fetchpriority=\"high\" decoding=\"async\" width=\"768\" height=\"1024\" src=\"https:\/\/www.gmkunstraum.de\/gm\/wp-content\/uploads\/2024\/05\/Falle_des_qualle_kl-768x1024.jpg\" class=\"attachment-large size-large wp-image-1449\" alt=\"Die Falle des Qualle, Plakat\" srcset=\"https:\/\/www.gmkunstraum.de\/gm\/wp-content\/uploads\/2024\/05\/Falle_des_qualle_kl-768x1024.jpg 768w, https:\/\/www.gmkunstraum.de\/gm\/wp-content\/uploads\/2024\/05\/Falle_des_qualle_kl-225x300.jpg 225w, https:\/\/www.gmkunstraum.de\/gm\/wp-content\/uploads\/2024\/05\/Falle_des_qualle_kl-1152x1536.jpg 1152w, https:\/\/www.gmkunstraum.de\/gm\/wp-content\/uploads\/2024\/05\/Falle_des_qualle_kl.jpg 1200w\" sizes=\"(max-width: 768px) 100vw, 768px\" \/>\t\t\t\t\t\t\t\t<\/a>\n\t\t\t\t\t\t\t\t\t\t\t\t\t\t\t<\/div>\n\t\t\t\t<\/div>\n\t\t\t\t<\/div>\n\t\t<div class=\"elementor-element elementor-element-c43f99f e-con-full e-flex e-con e-child\" data-id=\"c43f99f\" data-element_type=\"container\">\n\t\t\t\t<div class=\"elementor-element elementor-element-706a363 elementor-widget elementor-widget-text-editor\" data-id=\"706a363\" data-element_type=\"widget\" data-widget_type=\"text-editor.default\">\n\t\t\t\t<div class=\"elementor-widget-container\">\n\t\t\t\t\t\t\t\t\t<p>1995 gr\u00fcndete ich zusammen mit Reinhard Gagel<\/p><p>das \u201eTheater Pianoforte, Musiktheater rund ums Klavier\u201c, K\u00f6ln.<\/p>\t\t\t\t\t\t\t\t<\/div>\n\t\t\t\t<\/div>\n\t\t\t\t<\/div>\n\t\t\t\t\t<\/div>\n\t\t\t\t<\/div>\n\t\t<div class=\"elementor-element elementor-element-965fc67 e-flex e-con-boxed e-con e-parent\" data-id=\"965fc67\" data-element_type=\"container\">\n\t\t\t\t\t<div class=\"e-con-inner\">\n\t\t<div class=\"elementor-element elementor-element-7741cff e-con-full e-flex e-con e-child\" data-id=\"7741cff\" data-element_type=\"container\">\n\t\t\t\t<div class=\"elementor-element elementor-element-772b8a8 elementor-widget elementor-widget-text-editor\" data-id=\"772b8a8\" data-element_type=\"widget\" data-widget_type=\"text-editor.default\">\n\t\t\t\t<div class=\"elementor-widget-container\">\n\t\t\t\t\t\t\t\t\t<p>\u00dcber K\u00f6ln, Wien, Berlin zogen wir 2015 ins Datzetal, Gemeinde Friedland, wo wir eine Scheune zu einem Atelier und kleinen Veranstaltungsort umbauten.<\/p>\t\t\t\t\t\t\t\t<\/div>\n\t\t\t\t<\/div>\n\t\t\t\t<\/div>\n\t\t\t\t\t<\/div>\n\t\t\t\t<\/div>\n\t\t<div class=\"elementor-element elementor-element-3d3d7b6 e-flex e-con-boxed e-con e-parent\" data-id=\"3d3d7b6\" data-element_type=\"container\" data-settings=\"{&quot;background_background&quot;:&quot;classic&quot;}\">\n\t\t\t\t\t<div class=\"e-con-inner\">\n\t\t<div class=\"elementor-element elementor-element-db94819 e-con-full e-flex e-con e-child\" data-id=\"db94819\" data-element_type=\"container\">\n\t\t\t\t<div class=\"elementor-element elementor-element-a167722 elementor-widget elementor-widget-image\" data-id=\"a167722\" data-element_type=\"widget\" data-widget_type=\"image.default\">\n\t\t\t\t<div class=\"elementor-widget-container\">\n\t\t\t\t\t\t\t\t\t\t\t\t\t\t\t<img decoding=\"async\" width=\"750\" height=\"750\" src=\"https:\/\/www.gmkunstraum.de\/gm\/wp-content\/uploads\/2024\/05\/landscapeGMKunstrLogo_kl_750.png\" class=\"attachment-large size-large wp-image-875\" alt=\"GMKunstRaum Pleetz Logo\" srcset=\"https:\/\/www.gmkunstraum.de\/gm\/wp-content\/uploads\/2024\/05\/landscapeGMKunstrLogo_kl_750.png 750w, https:\/\/www.gmkunstraum.de\/gm\/wp-content\/uploads\/2024\/05\/landscapeGMKunstrLogo_kl_750-300x300.png 300w, https:\/\/www.gmkunstraum.de\/gm\/wp-content\/uploads\/2024\/05\/landscapeGMKunstrLogo_kl_750-150x150.png 150w, https:\/\/www.gmkunstraum.de\/gm\/wp-content\/uploads\/2024\/05\/landscapeGMKunstrLogo_kl_750-600x600.png 600w\" sizes=\"(max-width: 750px) 100vw, 750px\" \/>\t\t\t\t\t\t\t\t\t\t\t\t\t\t\t<\/div>\n\t\t\t\t<\/div>\n\t\t\t\t<\/div>\n\t\t<div class=\"elementor-element elementor-element-72d2bd1 e-con-full e-flex e-con e-child\" data-id=\"72d2bd1\" data-element_type=\"container\">\n\t\t\t\t<div class=\"elementor-element elementor-element-6a9ee43 elementor-widget elementor-widget-text-editor\" data-id=\"6a9ee43\" data-element_type=\"widget\" data-widget_type=\"text-editor.default\">\n\t\t\t\t<div class=\"elementor-widget-container\">\n\t\t\t\t\t\t\t\t\t<p>2018 gr\u00fcndete ich zusammen mit Reinhard Gagel<br \/>den GMKunstRaum Pleetz:<br \/>Ausstellungen, Konzerte, Lesungen, Performances, Veranstaltungen.<br \/>Seitdem konzentriere ich mich aufs literarische Schreiben.<\/p>\t\t\t\t\t\t\t\t<\/div>\n\t\t\t\t<\/div>\n\t\t\t\t<\/div>\n\t\t\t\t\t<\/div>\n\t\t\t\t<\/div>\n\t\t<div class=\"elementor-element elementor-element-5bcb30a e-flex e-con-boxed e-con e-parent\" data-id=\"5bcb30a\" data-element_type=\"container\">\n\t\t\t\t\t<div class=\"e-con-inner\">\n\t\t<div class=\"elementor-element elementor-element-fb91a44 e-con-full e-flex e-con e-child\" data-id=\"fb91a44\" data-element_type=\"container\">\n\t\t\t\t<div class=\"elementor-element elementor-element-ddc5a0b elementor-widget elementor-widget-text-editor\" data-id=\"ddc5a0b\" data-element_type=\"widget\" data-widget_type=\"text-editor.default\">\n\t\t\t\t<div class=\"elementor-widget-container\">\n\t\t\t\t\t\t\t\t\t<p>Seit 2020 bin ich im <a href=\"https:\/\/www.vs-mv.de\" target=\"_blank\" rel=\"noopener\">Vorstand des VS-MV<\/a>, Verband der SchriftstellerInnen in verdi.<\/p>\t\t\t\t\t\t\t\t<\/div>\n\t\t\t\t<\/div>\n\t\t\t\t<\/div>\n\t\t\t\t\t<\/div>\n\t\t\t\t<\/div>\n\t\t<div class=\"elementor-element elementor-element-33abe8a e-flex e-con-boxed e-con e-parent\" data-id=\"33abe8a\" data-element_type=\"container\" data-settings=\"{&quot;background_background&quot;:&quot;classic&quot;}\">\n\t\t\t\t\t<div class=\"e-con-inner\">\n\t\t<div class=\"elementor-element elementor-element-4f3e064 e-con-full e-flex e-con e-child\" data-id=\"4f3e064\" data-element_type=\"container\">\n\t\t\t\t<div class=\"elementor-element elementor-element-03d3e2f elementor-widget elementor-widget-text-editor\" data-id=\"03d3e2f\" data-element_type=\"widget\" data-widget_type=\"text-editor.default\">\n\t\t\t\t<div class=\"elementor-widget-container\">\n\t\t\t\t\t\t\t\t\t<p>Lesungen in Remscheid, K\u00f6ln, Frankfurt\/Main, M\u00fcnchen, Wien, Budapest, Berlin, Schwerin, G\u00fcstrow, Neubrandenburg.<\/p>\t\t\t\t\t\t\t\t<\/div>\n\t\t\t\t<\/div>\n\t\t\t\t<\/div>\n\t\t\t\t\t<\/div>\n\t\t\t\t<\/div>\n\t\t<div class=\"elementor-element elementor-element-ace63bb e-flex e-con-boxed e-con e-parent\" data-id=\"ace63bb\" data-element_type=\"container\">\n\t\t\t\t\t<div class=\"e-con-inner\">\n\t\t<div class=\"elementor-element elementor-element-0c61d5e e-con-full e-flex e-con e-child\" data-id=\"0c61d5e\" data-element_type=\"container\">\n\t\t\t\t<div class=\"elementor-element elementor-element-b3827bf elementor-widget elementor-widget-image\" data-id=\"b3827bf\" data-element_type=\"widget\" data-widget_type=\"image.default\">\n\t\t\t\t<div class=\"elementor-widget-container\">\n\t\t\t\t\t\t\t\t\t\t\t\t\t\t\t\t<a href=\"https:\/\/www.gmkunstraum.de\/gm\/wp-content\/uploads\/2024\/05\/LogoEmilieMayerGes_1200.png\" data-elementor-open-lightbox=\"yes\" data-elementor-lightbox-title=\"Emilie Mayer Gesellschaft Friedland\" data-e-action-hash=\"#elementor-action%3Aaction%3Dlightbox%26settings%3DeyJpZCI6ODcwLCJ1cmwiOiJodHRwczpcL1wvd3d3Lmdta3Vuc3RyYXVtLmRlXC9nbVwvd3AtY29udGVudFwvdXBsb2Fkc1wvMjAyNFwvMDVcL0xvZ29FbWlsaWVNYXllckdlc18xMjAwLnBuZyJ9\">\n\t\t\t\t\t\t\t<img decoding=\"async\" width=\"1024\" height=\"489\" src=\"https:\/\/www.gmkunstraum.de\/gm\/wp-content\/uploads\/2024\/05\/LogoEmilieMayerGes_1200-1024x489.png\" class=\"attachment-large size-large wp-image-870\" alt=\"Emilie Mayer Gesellschaft - Logo\" srcset=\"https:\/\/www.gmkunstraum.de\/gm\/wp-content\/uploads\/2024\/05\/LogoEmilieMayerGes_1200-1024x489.png 1024w, https:\/\/www.gmkunstraum.de\/gm\/wp-content\/uploads\/2024\/05\/LogoEmilieMayerGes_1200-300x143.png 300w, https:\/\/www.gmkunstraum.de\/gm\/wp-content\/uploads\/2024\/05\/LogoEmilieMayerGes_1200-768x367.png 768w, https:\/\/www.gmkunstraum.de\/gm\/wp-content\/uploads\/2024\/05\/LogoEmilieMayerGes_1200.png 1200w\" sizes=\"(max-width: 1024px) 100vw, 1024px\" \/>\t\t\t\t\t\t\t\t<\/a>\n\t\t\t\t\t\t\t\t\t\t\t\t\t\t\t<\/div>\n\t\t\t\t<\/div>\n\t\t\t\t<\/div>\n\t\t<div class=\"elementor-element elementor-element-3a7774e e-con-full e-flex e-con e-child\" data-id=\"3a7774e\" data-element_type=\"container\">\n\t\t\t\t<div class=\"elementor-element elementor-element-314556a elementor-widget elementor-widget-text-editor\" data-id=\"314556a\" data-element_type=\"widget\" data-widget_type=\"text-editor.default\">\n\t\t\t\t<div class=\"elementor-widget-container\">\n\t\t\t\t\t\t\t\t\t<p>Seit 2022 bin ich Gr\u00fcndungsmitglied der <a href=\"https:\/\/emiliemayer.de\" target=\"_blank\" rel=\"noopener\">Emilie Mayer Gesellschaft, Friedland,<\/a><br \/>und in deren Vorstand.<\/p>\t\t\t\t\t\t\t\t<\/div>\n\t\t\t\t<\/div>\n\t\t\t\t<\/div>\n\t\t\t\t\t<\/div>\n\t\t\t\t<\/div>\n\t\t\t\t<\/div>\n\t\t","protected":false},"excerpt":{"rendered":"<p>BIOGRAFIE In Bremen wurde ich als Handwerkertochter geboren; studierte Politik- und\u00a0 Theaterwissenschaft, Germanistik und machte eine Zusatzausbildung zur Psychodramaleiterin. Ich arbeitete am Theater, in der kulturellen und politischen Bildung als Theaterp\u00e4dagogin, in der Schule, f\u00fcr den Rundfunk Radio Bremen\/ SFB\/WDR, in der beruflichen Fortbildung. 35 Jahre leitete ich den Fachbereich Theater, lehrte als Dozentin f\u00fcr [&hellip;]<\/p>\n","protected":false},"author":1,"featured_media":0,"parent":0,"menu_order":0,"comment_status":"closed","ping_status":"closed","template":"","meta":{"ocean_post_layout":"","ocean_both_sidebars_style":"","ocean_both_sidebars_content_width":0,"ocean_both_sidebars_sidebars_width":0,"ocean_sidebar":"0","ocean_second_sidebar":"0","ocean_disable_margins":"on","ocean_add_body_class":"","ocean_shortcode_before_top_bar":"","ocean_shortcode_after_top_bar":"","ocean_shortcode_before_header":"","ocean_shortcode_after_header":"","ocean_has_shortcode":"","ocean_shortcode_after_title":"","ocean_shortcode_before_footer_widgets":"","ocean_shortcode_after_footer_widgets":"","ocean_shortcode_before_footer_bottom":"","ocean_shortcode_after_footer_bottom":"","ocean_display_top_bar":"default","ocean_display_header":"default","ocean_header_style":"","ocean_center_header_left_menu":"0","ocean_custom_header_template":"0","ocean_custom_logo":0,"ocean_custom_retina_logo":0,"ocean_custom_logo_max_width":0,"ocean_custom_logo_tablet_max_width":0,"ocean_custom_logo_mobile_max_width":0,"ocean_custom_logo_max_height":0,"ocean_custom_logo_tablet_max_height":0,"ocean_custom_logo_mobile_max_height":0,"ocean_header_custom_menu":"0","ocean_menu_typo_font_family":"0","ocean_menu_typo_font_subset":"","ocean_menu_typo_font_size":0,"ocean_menu_typo_font_size_tablet":0,"ocean_menu_typo_font_size_mobile":0,"ocean_menu_typo_font_size_unit":"px","ocean_menu_typo_font_weight":"","ocean_menu_typo_font_weight_tablet":"","ocean_menu_typo_font_weight_mobile":"","ocean_menu_typo_transform":"","ocean_menu_typo_transform_tablet":"","ocean_menu_typo_transform_mobile":"","ocean_menu_typo_line_height":0,"ocean_menu_typo_line_height_tablet":0,"ocean_menu_typo_line_height_mobile":0,"ocean_menu_typo_line_height_unit":"","ocean_menu_typo_spacing":0,"ocean_menu_typo_spacing_tablet":0,"ocean_menu_typo_spacing_mobile":0,"ocean_menu_typo_spacing_unit":"","ocean_menu_link_color":"#000000","ocean_menu_link_color_hover":"#ca4ece","ocean_menu_link_color_active":"#ca4ece","ocean_menu_link_background":"","ocean_menu_link_hover_background":"","ocean_menu_link_active_background":"","ocean_menu_social_links_bg":"","ocean_menu_social_hover_links_bg":"","ocean_menu_social_links_color":"","ocean_menu_social_hover_links_color":"","ocean_disable_title":"default","ocean_disable_heading":"default","ocean_post_title":"","ocean_post_subheading":"","ocean_post_title_style":"","ocean_post_title_background_color":"","ocean_post_title_background":0,"ocean_post_title_bg_image_position":"","ocean_post_title_bg_image_attachment":"","ocean_post_title_bg_image_repeat":"","ocean_post_title_bg_image_size":"","ocean_post_title_height":0,"ocean_post_title_bg_overlay":0.5,"ocean_post_title_bg_overlay_color":"","ocean_disable_breadcrumbs":"default","ocean_breadcrumbs_color":"","ocean_breadcrumbs_separator_color":"","ocean_breadcrumbs_links_color":"","ocean_breadcrumbs_links_hover_color":"","ocean_display_footer_widgets":"default","ocean_display_footer_bottom":"default","ocean_custom_footer_template":"0","footnotes":""},"class_list":["post-18","page","type-page","status-publish","hentry","entry"],"_links":{"self":[{"href":"https:\/\/www.gmkunstraum.de\/gm\/wp-json\/wp\/v2\/pages\/18","targetHints":{"allow":["GET"]}}],"collection":[{"href":"https:\/\/www.gmkunstraum.de\/gm\/wp-json\/wp\/v2\/pages"}],"about":[{"href":"https:\/\/www.gmkunstraum.de\/gm\/wp-json\/wp\/v2\/types\/page"}],"author":[{"embeddable":true,"href":"https:\/\/www.gmkunstraum.de\/gm\/wp-json\/wp\/v2\/users\/1"}],"replies":[{"embeddable":true,"href":"https:\/\/www.gmkunstraum.de\/gm\/wp-json\/wp\/v2\/comments?post=18"}],"version-history":[{"count":156,"href":"https:\/\/www.gmkunstraum.de\/gm\/wp-json\/wp\/v2\/pages\/18\/revisions"}],"predecessor-version":[{"id":2157,"href":"https:\/\/www.gmkunstraum.de\/gm\/wp-json\/wp\/v2\/pages\/18\/revisions\/2157"}],"wp:attachment":[{"href":"https:\/\/www.gmkunstraum.de\/gm\/wp-json\/wp\/v2\/media?parent=18"}],"curies":[{"name":"wp","href":"https:\/\/api.w.org\/{rel}","templated":true}]}}